{"id":100,"date":"2016-02-04T14:22:47","date_gmt":"2016-02-04T14:22:47","guid":{"rendered":"http:\/\/sorocaba.sp.gov.br\/planodeformacao\/?page_id=100"},"modified":"2016-02-04T14:22:47","modified_gmt":"2016-02-04T14:22:47","slug":"curso-5-o-bebe-e-sua-relacao-com-o-entorno","status":"publish","type":"page","link":"https:\/\/sorocaba.sp.gov.br\/catalogodecursos\/curso-5-o-bebe-e-sua-relacao-com-o-entorno\/","title":{"rendered":"Curso 5: o beb\u00ea e sua rela\u00e7\u00e3o com o entorno"},"content":{"rendered":"<p class=\"western\" lang=\"en-US\" align=\"left\"><span style=\"color: #000000;\"><span style=\"font-family: Arial, sans-serif;\"><span style=\"font-size: small;\"><span lang=\"pt-PT\"><b>Ementa<\/b><\/span><span lang=\"pt-PT\">:<\/span> <span lang=\"pt-BR\">A entrada do beb\u00ea no ambiente escolar \u00e9 extremamente delicada para a vida de todos os envolvidos \u2013 beb\u00ea, pais, familiares, profissionais da escola \u2013 e mobiliza um conjunto de sentimentos decorrentes de d\u00favidas e incertezas intr\u00ednsecas a esse processo educativo. Sabe-se que os adultos s\u00e3o fundamentais na media\u00e7\u00e3o das rela\u00e7\u00f5es que se estabelecem entre a crian\u00e7a e o mundo, resultando na constitui\u00e7\u00e3o do sujeito. <\/span><\/span><\/span><\/span><\/p>\n<p class=\"western\" lang=\"en-US\" align=\"left\"><span style=\"color: #000000;\"><span style=\"font-family: Arial, sans-serif;\"><span style=\"font-size: small;\"><span lang=\"pt-BR\">Assim, ser\u00e3o desenvolvidos encontros com o objetivo de refletir sobre a import\u00e2ncia do educador e do contexto escolar na constru\u00e7\u00e3o de significados, conhecimentos e sentimentos que favorecem o desenvolvimento biopsicossocial e a promo\u00e7\u00e3o da sa\u00fade mental do beb\u00ea.<\/span><\/span><\/span><\/span><\/p>\n<p class=\"western\" lang=\"en-US\" align=\"left\"><span style=\"color: #000000;\"><span style=\"font-family: Arial, sans-serif;\"><span style=\"font-size: small;\"><span lang=\"pt-PT\"><b>Formadora : Psic\u00f3loga V\u00e2nia de F\u00e1tima Cavalleiro Singh<\/b><\/span><\/span><\/span><\/span><\/p>\n<p class=\"western\" lang=\"en-US\" align=\"left\"><span style=\"color: #000000;\"> <span style=\"font-family: Arial, sans-serif;\"><span style=\"font-size: small;\"><span lang=\"pt-PT\">(Equipe de especialistas do CRE- DEE )<\/span><\/span><\/span><\/span><\/p>\n<p class=\"western\" lang=\"en-US\" align=\"left\"><span style=\"color: #000000;\"><span style=\"font-family: Arial, sans-serif;\"><span style=\"font-size: small;\"><span lang=\"pt-BR\"><b>Respons\u00e1vel T\u00e9cnico<\/b><\/span><span lang=\"pt-BR\">: Prof\u00aa Me Patricia Rom\u00e3o <\/span><\/span><\/span><\/span><\/p>\n<p class=\"western\" lang=\"en-US\" align=\"left\"><span style=\"color: #000000;\"> <span style=\"font-family: Arial, sans-serif;\"><span style=\"font-size: small;\"><span lang=\"pt-BR\">Gestora de Desenvolvimento Educacional <\/span><\/span><\/span><\/span><\/p>\n<p class=\"western\" lang=\"en-US\" align=\"left\"><span style=\"color: #000000;\"><span style=\"font-family: Arial, sans-serif;\"><span style=\"font-size: small;\"><span lang=\"pt-PT\"><b>P\u00fablico Alvo: <\/b><\/span><span lang=\"pt-PT\">Auxiliares de Educa\u00e7\u00e3o, Professores, Supervisores de Ensino , Gestores e demais interessados<\/span><b> <\/b><\/span><\/span><\/span><\/p>\n<p class=\"western\" lang=\"en-US\" align=\"left\"><span style=\"color: #000000;\"><span style=\"font-family: Arial, sans-serif;\"><span style=\"font-size: small;\"><span lang=\"pt-PT\"><b>Vagas: 60 vagas ( 30 vagas por turma)<\/b><\/span><\/span><\/span><\/span><\/p>\n<p class=\"western\" lang=\"en-US\" align=\"left\"><span style=\"color: #000000;\"><span style=\"font-family: Arial, sans-serif;\"><span style=\"font-size: small;\"><span lang=\"pt-PT\"><b>Per\u00edodo de realiza\u00e7\u00e3o:<\/b><\/span><span lang=\"pt-PT\">Mar\u00e7o a julho de 2016 <\/span><\/span><\/span><\/span><\/p>\n<p class=\"western\" lang=\"en-US\" align=\"left\"><span style=\"color: #000000;\"><span style=\"font-family: Arial, sans-serif;\"><span style=\"font-size: small;\"><span lang=\"pt-PT\"><b>Per\u00edodo de inscri\u00e7\u00e3o : <\/b><\/span><span lang=\"pt-PT\">22 a 29 de fevereiro de 2016<\/span><\/span><\/span><\/span><\/p>\n<p class=\"western\" lang=\"en-US\" align=\"left\"><span style=\"color: #000000;\"><span style=\"font-family: Arial, sans-serif;\"><span style=\"font-size: small;\"><span lang=\"pt-PT\"><b>Link para inscri\u00e7\u00e3o:<\/b><\/span><\/span><\/span><\/span> <span style=\"color: #000080;\"><span lang=\"zxx\"><a href=\"https:\/\/goo.gl\/XlnJBs\"><span style=\"color: #000000;\"><span style=\"font-family: Arial, sans-serif;\"><span style=\"font-size: small;\"><span lang=\"pt-PT\">https:\/\/goo.gl\/XlnJBs<\/span><\/span><\/span><\/span><\/a><\/span><\/span><\/p>\n<p class=\"western\" lang=\"en-US\" align=\"left\"><span style=\"color: #000000;\"><span style=\"font-family: Arial, sans-serif;\"><span style=\"font-size: small;\"><span lang=\"pt-BR\"><b>*As vagas ser\u00e3o preenchidas por ordem de inscri\u00e7\u00e3o<\/b><\/span><\/span><\/span><\/span><\/p>\n<p class=\"western\" lang=\"en-US\" align=\"left\"><span style=\"color: #000000;\"><span style=\"font-family: Arial, sans-serif;\"><span style=\"font-size: small;\"><span lang=\"pt-BR\"><b>Divulga\u00e7\u00e3o dos inscritos<\/b><\/span><\/span><\/span><\/span><span style=\"color: #000000;\"><span style=\"font-family: Arial, sans-serif;\"><span style=\"font-size: small;\"><span lang=\"pt-BR\">: 04 de mar\u00e7o de 2016 (<\/span><\/span><\/span><\/span><span style=\"color: #000080;\"><span lang=\"zxx\"><a href=\"http:\/\/www.educacao.sorocaba.sp.gov.br\/\"><span style=\"color: #000000;\"><span style=\"font-family: Arial, sans-serif;\"><span style=\"font-size: small;\"><span lang=\"pt-BR\">www.educacao.sorocaba.sp.gov.br<\/span><\/span><\/span><\/span><\/a><\/span><\/span><span style=\"color: #000000;\"><span style=\"font-family: Arial, sans-serif;\"><span style=\"font-size: small;\"><span lang=\"pt-BR\">)<\/span><\/span><\/span><\/span><\/p>\n<p class=\"western\" lang=\"en-US\" align=\"left\"><span style=\"color: #000000;\"><span style=\"font-family: Arial, sans-serif;\"><span style=\"font-size: small;\"><span lang=\"pt-PT\"><b>Carga hor\u00e1ria:<\/b><\/span><span lang=\"pt-PT\"> 10 horas <\/span><\/span><\/span><\/span><\/p>\n<p class=\"western\" lang=\"en-US\" align=\"left\"><span style=\"color: #000000;\"><span style=\"font-family: Arial, sans-serif;\"><span style=\"font-size: small;\"><span lang=\"pt-BR\"><b>Hor\u00e1rio:<\/b><\/span> <\/span><\/span><\/span><\/p>\n<p class=\"western\" lang=\"en-US\" align=\"left\"><span style=\"color: #000000;\"><span style=\"font-family: Arial, sans-serif;\"><span style=\"font-size: small;\"><span lang=\"pt-BR\">Turma A : 8 \u00e0s 10 h<\/span><\/span><\/span><\/span><\/p>\n<p class=\"western\" lang=\"en-US\" align=\"left\"><span style=\"color: #000000;\"><span style=\"font-family: Arial, sans-serif;\"><span style=\"font-size: small;\"><span lang=\"pt-BR\">Turma B : 14 \u00e0s 16 h<\/span><\/span><\/span><\/span><\/p>\n<p class=\"western\" lang=\"en-US\" align=\"left\"><span style=\"color: #000000;\"><span style=\"font-family: Arial, sans-serif;\"><span style=\"font-size: small;\"><span lang=\"pt-PT\"><b>Local:<\/b><\/span><span lang=\"pt-PT\"> Centro de Refer\u00eancia em Educa\u00e7\u00e3o <\/span><\/span><\/span><\/span><\/p>\n<p class=\"western\" lang=\"en-US\" align=\"left\"><span style=\"color: #000000;\"> <span style=\"font-family: Arial, sans-serif;\"><span style=\"font-size: small;\"><span lang=\"pt-PT\">Rua : Arthur Caldini, 211<\/span><\/span><\/span><\/span><\/p>\n<p class=\"western\" lang=\"en-US\" align=\"left\"><span style=\"color: #000000;\"> <span style=\"font-family: Arial, sans-serif;\"><span style=\"font-size: small;\"><span lang=\"pt-PT\">Jardim Saira \u2013 Sorocaba <\/span><\/span><\/span><\/span><\/p>\n<p class=\"western\" lang=\"en-US\" align=\"left\"><span style=\"color: #000000;\"><span style=\"font-family: Arial, sans-serif;\"><span style=\"font-size: small;\"><span lang=\"pt-PT\"><b>Conte\u00fado program\u00e1tico : <\/b><\/span><\/span><\/span><\/span><\/p>\n<table width=\"661\" cellspacing=\"0\" cellpadding=\"7\">\n<colgroup>\n<col width=\"88\" \/>\n<col width=\"543\" \/> <\/colgroup>\n<tbody>\n<tr valign=\"top\">\n<td bgcolor=\"#ffffff\" width=\"88\">\n<p class=\"western\" lang=\"en-US\" align=\"left\"><span style=\"color: #000000;\"><span style=\"font-family: Arial, sans-serif;\"><span style=\"font-size: small;\"><span lang=\"pt-BR\"><b>Datas<\/b><\/span><\/span><\/span><\/span><\/p>\n<\/td>\n<td bgcolor=\"#ffffff\" width=\"543\">\n<p class=\"western\" lang=\"en-US\" align=\"left\"><span style=\"color: #000000;\"><span style=\"font-family: Arial, sans-serif;\"><span style=\"font-size: small;\"><span lang=\"pt-BR\"><b>Conte\u00fado Program\u00e1tico ( 5 encontros de 2h )<\/b><\/span><\/span><\/span><\/span><\/p>\n<\/td>\n<\/tr>\n<tr valign=\"top\">\n<td bgcolor=\"#ffffff\" width=\"88\" height=\"15\">\n<p class=\"western\" lang=\"en-US\" align=\"left\"><span style=\"color: #000000;\"><span style=\"font-family: Arial, sans-serif;\"><span style=\"font-size: small;\"><span lang=\"pt-BR\">09\/03\/2016<\/span><\/span><\/span><\/span><\/p>\n<\/td>\n<td bgcolor=\"#ffffff\" width=\"543\">\n<p class=\"western\" lang=\"en-US\" align=\"left\"><span style=\"color: #000000;\"><span style=\"font-family: Arial, sans-serif;\"><span style=\"font-size: small;\"><span lang=\"pt-BR\">Hist\u00f3rias Colaborativas X Papel Profissional e o Contexto Familiar<\/span><\/span><\/span><\/span><\/p>\n<\/td>\n<\/tr>\n<tr valign=\"top\">\n<td bgcolor=\"#ffffff\" width=\"88\" height=\"1\">\n<p class=\"western\" lang=\"en-US\" align=\"left\"><span style=\"color: #000000;\"><span style=\"font-family: Arial, sans-serif;\"><span style=\"font-size: small;\"><span lang=\"pt-BR\">13\/04\/2016<\/span><\/span><\/span><\/span><\/p>\n<\/td>\n<td bgcolor=\"#ffffff\" width=\"543\">\n<p class=\"western\" lang=\"en-US\" align=\"left\"><span style=\"color: #000000;\"><span style=\"font-family: Arial, sans-serif;\"><span style=\"font-size: small;\"><span lang=\"pt-BR\">O Beb\u00ea e o Contexto Escolar<\/span><\/span><\/span><\/span><\/p>\n<\/td>\n<\/tr>\n<tr valign=\"top\">\n<td bgcolor=\"#ffffff\" width=\"88\" height=\"1\">\n<p class=\"western\" lang=\"en-US\" align=\"left\"><span style=\"color: #000000;\"><span style=\"font-family: Arial, sans-serif;\"><span style=\"font-size: small;\"><span lang=\"pt-BR\">11\/05\/2016<\/span><\/span><\/span><\/span><\/p>\n<\/td>\n<td bgcolor=\"#ffffff\" width=\"543\">\n<p class=\"western\" lang=\"en-US\" align=\"left\"><span style=\"color: #000000;\"><span style=\"font-family: Arial, sans-serif;\"><span style=\"font-size: small;\"><span lang=\"pt-BR\">Cuidar, Brincar e Prevenir<\/span><\/span><\/span><\/span><\/p>\n<\/td>\n<\/tr>\n<tr valign=\"top\">\n<td bgcolor=\"#ffffff\" width=\"88\" height=\"15\">\n<p class=\"western\" lang=\"en-US\" align=\"left\"><span style=\"color: #000000;\"><span style=\"font-family: Arial, sans-serif;\"><span style=\"font-size: small;\"><span lang=\"pt-BR\">08\/06\/2016<\/span><\/span><\/span><\/span><\/p>\n<\/td>\n<td bgcolor=\"#ffffff\" width=\"543\">\n<p class=\"western\" lang=\"en-US\" align=\"left\"><span style=\"color: #000000;\"><span style=\"font-family: Arial, sans-serif;\"><span style=\"font-size: small;\"><span lang=\"pt-BR\">Desenvolvimento do brincar \/ Autonomia, Independ\u00eancia e Movimento<\/span><\/span><\/span><\/span><\/p>\n<\/td>\n<\/tr>\n<tr valign=\"top\">\n<td bgcolor=\"#ffffff\" width=\"88\" height=\"1\">\n<p class=\"western\" lang=\"en-US\" align=\"left\"><span style=\"color: #000000;\"><span style=\"font-family: Arial, sans-serif;\"><span style=\"font-size: small;\"><span lang=\"pt-BR\">06\/07\/2016<\/span><\/span><\/span><\/span><\/p>\n<\/td>\n<td bgcolor=\"#ffffff\" width=\"543\">\n<p class=\"western\" lang=\"en-US\" align=\"left\"><span style=\"color: #000000;\"><span style=\"font-family: Arial, sans-serif;\"><span style=\"font-size: small;\"><span lang=\"pt-BR\">Compartilhar: Roda de ideias e experi\u00eancias<\/span><\/span><\/span><\/span><\/p>\n<\/td>\n<\/tr>\n<\/tbody>\n<\/table>\n","protected":false},"excerpt":{"rendered":"<p>Ementa: A entrada do beb\u00ea no ambiente escolar \u00e9 extremamente delicada para a vida de todos os envolvidos \u2013 beb\u00ea, pais, familiares, profissionais da escola \u2013 e mobiliza um conjunto de sentimentos decorrentes de d\u00favidas e incertezas intr\u00ednsecas a esse processo educativo. Sabe-se que os adultos s\u00e3o fundamentais na media\u00e7\u00e3o das rela\u00e7\u00f5es que se estabelecem&nbsp; <a href=\"https:\/\/sorocaba.sp.gov.br\/catalogodecursos\/curso-5-o-bebe-e-sua-relacao-com-o-entorno\/\">&hellip; Leia mais<\/a><\/p>\n","protected":false},"author":12,"featured_media":0,"parent":0,"menu_order":0,"comment_status":"closed","ping_status":"closed","template":"","meta":{"footnotes":""},"class_list":["post-100","page","type-page","status-publish","hentry"],"_links":{"self":[{"href":"https:\/\/sorocaba.sp.gov.br\/catalogodecursos\/wp-json\/wp\/v2\/pages\/100","targetHints":{"allow":["GET"]}}],"collection":[{"href":"https:\/\/sorocaba.sp.gov.br\/catalogodecursos\/wp-json\/wp\/v2\/pages"}],"about":[{"href":"https:\/\/sorocaba.sp.gov.br\/catalogodecursos\/wp-json\/wp\/v2\/types\/page"}],"author":[{"embeddable":true,"href":"https:\/\/sorocaba.sp.gov.br\/catalogodecursos\/wp-json\/wp\/v2\/users\/12"}],"replies":[{"embeddable":true,"href":"https:\/\/sorocaba.sp.gov.br\/catalogodecursos\/wp-json\/wp\/v2\/comments?post=100"}],"version-history":[{"count":1,"href":"https:\/\/sorocaba.sp.gov.br\/catalogodecursos\/wp-json\/wp\/v2\/pages\/100\/revisions"}],"predecessor-version":[{"id":102,"href":"https:\/\/sorocaba.sp.gov.br\/catalogodecursos\/wp-json\/wp\/v2\/pages\/100\/revisions\/102"}],"wp:attachment":[{"href":"https:\/\/sorocaba.sp.gov.br\/catalogodecursos\/wp-json\/wp\/v2\/media?parent=100"}],"curies":[{"name":"wp","href":"https:\/\/api.w.org\/{rel}","templated":true}]}}