{"id":112,"date":"2016-02-04T14:25:16","date_gmt":"2016-02-04T14:25:16","guid":{"rendered":"http:\/\/sorocaba.sp.gov.br\/planodeformacao\/?page_id=112"},"modified":"2016-02-04T14:25:16","modified_gmt":"2016-02-04T14:25:16","slug":"curso-8-oficina-de-primeiros-socorros-para-educadores","status":"publish","type":"page","link":"https:\/\/sorocaba.sp.gov.br\/catalogodecursos\/curso-8-oficina-de-primeiros-socorros-para-educadores\/","title":{"rendered":"Curso 8  : oficina de primeiros socorros para educadores"},"content":{"rendered":"<p class=\"western\" lang=\"en-US\" align=\"left\"><span style=\"color: #000000;\"><span style=\"font-family: Arial, sans-serif;\"><span style=\"font-size: small;\"><span lang=\"pt-PT\"><b>Ementa: <\/b><\/span> <span lang=\"pt-PT\">Desenvolvimento de atividades preventivas educativas do Corpo de Bombeiros nas Institui\u00e7\u00f5es Educacionais, de modo a oferecer aos educadores estrat\u00e9gias para que possam gerenciar situa\u00e7\u00f5es de emerg\u00eancia e prestar atendimento a v\u00edtimas no contexto escolar<\/span><\/span><\/span><\/span><\/p>\n<p class=\"western\" lang=\"en-US\" align=\"left\"><span style=\"color: #000000;\"><span style=\"font-family: Arial, sans-serif;\"><span style=\"font-size: small;\"><span lang=\"pt-PT\"><b>Formador : CB PM Rog\u00e9rio Rosa<\/b><\/span><\/span><\/span><\/span><\/p>\n<p class=\"western\" lang=\"en-US\" align=\"left\"><span style=\"color: #000000;\"><span style=\"font-family: Arial, sans-serif;\"><span style=\"font-size: small;\"><span lang=\"pt-PT\"><b>Respons\u00e1vel T\u00e9cnico: <\/b><\/span><span lang=\"pt-PT\">Luis Gustavo Maganhato<\/span><\/span><\/span><\/span><\/p>\n<p class=\"western\" lang=\"en-US\" align=\"left\"><span style=\"color: #000000;\"> <span style=\"font-family: Arial, sans-serif;\"><span style=\"font-size: small;\"><span lang=\"pt-PT\"><b>Gestor de Desenvolvimento Educacional <\/b><\/span><\/span><\/span><\/span><\/p>\n<p class=\"western\" lang=\"en-US\" align=\"left\"><span style=\"color: #000000;\"><span style=\"font-family: Arial, sans-serif;\"><span style=\"font-size: small;\"><span lang=\"pt-PT\"><b>P\u00fablico Alvo: <\/b><\/span><span lang=\"pt-PT\">Auxiliares de Educa\u00e7\u00e3o, Equipe Gestora, Professores, Supervisores de Ensino, Inspetores de Alunos <\/span><b> <\/b><span lang=\"pt-PT\">e demais interessados.<\/span><\/span><\/span><\/span><\/p>\n<p class=\"western\" lang=\"en-US\" align=\"left\"><span style=\"color: #000000;\"><span style=\"font-family: Arial, sans-serif;\"><span style=\"font-size: small;\"><span lang=\"pt-PT\"><b>Vagas: 60 <\/b><\/span><\/span><\/span><\/span><\/p>\n<p class=\"western\" lang=\"en-US\" align=\"left\"><span style=\"color: #000000;\"><span style=\"font-family: Arial, sans-serif;\"><span style=\"font-size: small;\"><span lang=\"pt-PT\"><b>Per\u00edodo de realiza\u00e7\u00e3o <\/b><\/span><span lang=\"pt-PT\">: mar\u00e7o a outubro de 2016 <\/span><\/span><\/span><\/span><\/p>\n<p class=\"western\" lang=\"en-US\" align=\"left\"><span style=\"color: #000000;\"><span style=\"font-family: Arial, sans-serif;\"><span style=\"font-size: small;\"><span lang=\"pt-PT\"><b>Per\u00edodo de inscri\u00e7\u00e3o<\/b><\/span><span lang=\"pt-PT\">: 01 a 08 de mar\u00e7o de 2016 <\/span><\/span><\/span><\/span><\/p>\n<p class=\"western\" lang=\"en-US\" align=\"left\"><span style=\"color: #000000;\"><span style=\"font-family: Arial, sans-serif;\"><span style=\"font-size: small;\"><span lang=\"pt-PT\"><b>Link para inscri\u00e7\u00e3o<\/b><\/span><\/span><\/span><\/span><span style=\"color: #000000;\"><span style=\"font-family: Arial, sans-serif;\"><span style=\"font-size: small;\"><span lang=\"pt-PT\">: <\/span><\/span><\/span><\/span><span style=\"color: #000080;\"><span lang=\"zxx\"><a href=\"https:\/\/goo.gl\/GE9tgB\"><span style=\"color: #000000;\"><span style=\"font-family: Arial, sans-serif;\"><span style=\"font-size: small;\"><span lang=\"pt-PT\">https:\/\/goo.gl\/GE9tgB<\/span><\/span><\/span><\/span><\/a><\/span><\/span><\/p>\n<p class=\"western\" lang=\"en-US\" align=\"left\"><span style=\"color: #000000;\"><span style=\"font-family: Arial, sans-serif;\"><span style=\"font-size: small;\"><span lang=\"pt-PT\"><b>Divulga\u00e7\u00e3o <\/b><\/span><span lang=\"pt-PT\">: 14 de mar\u00e7o ( site da Sedu )<\/span><\/span><\/span><\/span><\/p>\n<p class=\"western\" lang=\"en-US\" align=\"left\"><span style=\"color: #000000;\"><span style=\"font-family: Arial, sans-serif;\"><span style=\"font-size: small;\"><span lang=\"pt-PT\"><b>Carga hor\u00e1ria:<\/b><\/span><span lang=\"pt-PT\"> 1h 30mim<\/span><\/span><\/span><\/span><\/p>\n<p class=\"western\" lang=\"en-US\" align=\"left\"><span style=\"color: #000000;\"> <span style=\"font-family: Arial, sans-serif;\"><span style=\"font-size: small;\"><span lang=\"pt-PT\"><b>Hor\u00e1rio<\/b><\/span><\/span><\/span><span style=\"font-family: Arial, sans-serif;\"><span style=\"font-size: small;\"><span lang=\"pt-PT\">: 18 \u00e0s 19h 30 mim<\/span><\/span><\/span><\/span><\/p>\n<p class=\"western\" lang=\"en-US\" align=\"left\"><span style=\"color: #000000;\"><span style=\"font-family: Arial, sans-serif;\"><span style=\"font-size: small;\"><span lang=\"pt-PT\"><b>Local: <\/b><\/span><span lang=\"pt-PT\">Centro de Refer\u00eancia em Educa\u00e7\u00e3o <\/span><\/span><\/span><\/span><\/p>\n<p class=\"western\" lang=\"en-US\" align=\"left\"><span style=\"color: #000000;\"> <span style=\"font-family: Arial, sans-serif;\"><span style=\"font-size: small;\"><span lang=\"pt-PT\">Rua : Arthur Caldini, 211<\/span><\/span><\/span><\/span><\/p>\n<p class=\"western\" lang=\"en-US\" align=\"left\"><span style=\"color: #000000;\"> <span style=\"font-family: Arial, sans-serif;\"><span style=\"font-size: small;\"><span lang=\"pt-PT\">Jardim Saira \u2013 Sorocaba<\/span><\/span><\/span><\/span><\/p>\n<table dir=\"ltr\" width=\"322\" cellspacing=\"0\" cellpadding=\"7\">\n<colgroup>\n<col width=\"54\" \/>\n<col width=\"239\" \/> <\/colgroup>\n<tbody>\n<tr valign=\"top\">\n<td bgcolor=\"#ffffff\" width=\"54\" height=\"3\">\n<p class=\"western\" lang=\"en-US\" align=\"justify\"><span style=\"color: #000000;\"><span style=\"font-family: 'Times New Roman', serif;\"><span style=\"font-size: medium;\"><span lang=\"pt-PT\"><b>Turmas <\/b><\/span><\/span><\/span><\/span><\/p>\n<\/td>\n<td bgcolor=\"#ffffff\" width=\"239\">\n<p class=\"western\" lang=\"en-US\" align=\"justify\"><span style=\"color: #000000;\"><span style=\"font-family: 'Times New Roman', serif;\"><span style=\"font-size: medium;\"><span lang=\"pt-PT\"><b>Datas<\/b><\/span><\/span><\/span><\/span><\/p>\n<\/td>\n<\/tr>\n<tr valign=\"top\">\n<td bgcolor=\"#ffffff\" width=\"54\" height=\"4\">\n<p class=\"western\" lang=\"en-US\" align=\"justify\"><span style=\"color: #000000;\"><span style=\"font-family: 'Times New Roman', serif;\"><span style=\"font-size: medium;\"><span lang=\"pt-PT\"><b>A<\/b><\/span><\/span><\/span><\/span><\/p>\n<\/td>\n<td bgcolor=\"#ffffff\" width=\"239\">\n<p class=\"western\" lang=\"en-US\" align=\"justify\"><span style=\"color: #000000;\"><span style=\"font-family: 'Times New Roman', serif;\"><span style=\"font-size: medium;\"><span lang=\"pt-PT\">22 de mar\u00e7o<\/span><\/span><\/span><\/span><\/p>\n<\/td>\n<\/tr>\n<tr valign=\"top\">\n<td bgcolor=\"#ffffff\" width=\"54\" height=\"4\">\n<p class=\"western\" lang=\"en-US\" align=\"justify\"><span style=\"color: #000000;\"><span style=\"font-family: 'Times New Roman', serif;\"><span style=\"font-size: medium;\"><span lang=\"pt-PT\"><b>B<\/b><\/span><\/span><\/span><\/span><\/p>\n<\/td>\n<td bgcolor=\"#ffffff\" width=\"239\">\n<p class=\"western\" lang=\"en-US\" align=\"justify\"><span style=\"color: #000000;\"><span style=\"font-family: 'Times New Roman', serif;\"><span style=\"font-size: medium;\"><span lang=\"pt-PT\">18 de maio<\/span><\/span><\/span><\/span><\/p>\n<\/td>\n<\/tr>\n<tr valign=\"top\">\n<td bgcolor=\"#ffffff\" width=\"54\" height=\"4\">\n<p class=\"western\" lang=\"en-US\" align=\"justify\"><span style=\"color: #000000;\"><span style=\"font-family: 'Times New Roman', serif;\"><span style=\"font-size: medium;\"><span lang=\"pt-PT\"><b>C<\/b><\/span><\/span><\/span><\/span><\/p>\n<\/td>\n<td bgcolor=\"#ffffff\" width=\"239\">\n<p class=\"western\" lang=\"en-US\" align=\"justify\"><span style=\"color: #000000;\"><span style=\"font-family: 'Times New Roman', serif;\"><span style=\"font-size: medium;\"><span lang=\"pt-PT\">30 de agosto<\/span><\/span><\/span><\/span><\/p>\n<\/td>\n<\/tr>\n<tr valign=\"top\">\n<td bgcolor=\"#ffffff\" width=\"54\" height=\"3\">\n<p class=\"western\" lang=\"en-US\" align=\"justify\"><span style=\"color: #000000;\"><span style=\"font-family: 'Times New Roman', serif;\"><span style=\"font-size: medium;\"><span lang=\"pt-PT\"><b>D<\/b><\/span><\/span><\/span><\/span><\/p>\n<\/td>\n<td bgcolor=\"#ffffff\" width=\"239\">\n<p class=\"western\" lang=\"en-US\" align=\"justify\"><span style=\"color: #000000;\"><span style=\"font-family: 'Times New Roman', serif;\"><span style=\"font-size: medium;\"><span lang=\"pt-PT\">18 de outubro<\/span><\/span><\/span><\/span><\/p>\n<\/td>\n<\/tr>\n<\/tbody>\n<\/table>\n<p lang=\"en-US\">\n<p>&nbsp;<\/p>\n","protected":false},"excerpt":{"rendered":"<p>Ementa: Desenvolvimento de atividades preventivas educativas do Corpo de Bombeiros nas Institui\u00e7\u00f5es Educacionais, de modo a oferecer aos educadores estrat\u00e9gias para que possam gerenciar situa\u00e7\u00f5es de emerg\u00eancia e prestar atendimento a v\u00edtimas no contexto escolar Formador : CB PM Rog\u00e9rio Rosa Respons\u00e1vel T\u00e9cnico: Luis Gustavo Maganhato Gestor de Desenvolvimento Educacional P\u00fablico Alvo: Auxiliares de Educa\u00e7\u00e3o,&nbsp; <a href=\"https:\/\/sorocaba.sp.gov.br\/catalogodecursos\/curso-8-oficina-de-primeiros-socorros-para-educadores\/\">&hellip; Leia mais<\/a><\/p>\n","protected":false},"author":12,"featured_media":0,"parent":0,"menu_order":0,"comment_status":"closed","ping_status":"closed","template":"","meta":{"footnotes":""},"class_list":["post-112","page","type-page","status-publish","hentry"],"_links":{"self":[{"href":"https:\/\/sorocaba.sp.gov.br\/catalogodecursos\/wp-json\/wp\/v2\/pages\/112","targetHints":{"allow":["GET"]}}],"collection":[{"href":"https:\/\/sorocaba.sp.gov.br\/catalogodecursos\/wp-json\/wp\/v2\/pages"}],"about":[{"href":"https:\/\/sorocaba.sp.gov.br\/catalogodecursos\/wp-json\/wp\/v2\/types\/page"}],"author":[{"embeddable":true,"href":"https:\/\/sorocaba.sp.gov.br\/catalogodecursos\/wp-json\/wp\/v2\/users\/12"}],"replies":[{"embeddable":true,"href":"https:\/\/sorocaba.sp.gov.br\/catalogodecursos\/wp-json\/wp\/v2\/comments?post=112"}],"version-history":[{"count":1,"href":"https:\/\/sorocaba.sp.gov.br\/catalogodecursos\/wp-json\/wp\/v2\/pages\/112\/revisions"}],"predecessor-version":[{"id":114,"href":"https:\/\/sorocaba.sp.gov.br\/catalogodecursos\/wp-json\/wp\/v2\/pages\/112\/revisions\/114"}],"wp:attachment":[{"href":"https:\/\/sorocaba.sp.gov.br\/catalogodecursos\/wp-json\/wp\/v2\/media?parent=112"}],"curies":[{"name":"wp","href":"https:\/\/api.w.org\/{rel}","templated":true}]}}