{"id":118,"date":"2016-02-04T14:26:38","date_gmt":"2016-02-04T14:26:38","guid":{"rendered":"http:\/\/sorocaba.sp.gov.br\/planodeformacao\/?page_id=118"},"modified":"2016-02-04T14:26:38","modified_gmt":"2016-02-04T14:26:38","slug":"curso-10-educacao-especial-em-debate","status":"publish","type":"page","link":"https:\/\/sorocaba.sp.gov.br\/catalogodecursos\/curso-10-educacao-especial-em-debate\/","title":{"rendered":"Curso 10 : educa\u00e7\u00e3o especial em debate"},"content":{"rendered":"<p class=\"western\" lang=\"en-US\" align=\"left\"><span style=\"color: #000000;\"><span style=\"font-family: Arial, sans-serif;\"><span style=\"font-size: small;\"><span lang=\"pt-PT\"><b>Ementa<\/b><\/span><span lang=\"pt-PT\">:O conceito de inclus\u00e3o prev\u00ea a adapta\u00e7\u00e3o das escolas e qualifica\u00e7\u00e3o dos profissionais para atender \u00e0s necessidades de todos. Para muitos, o impacto dessa mudan\u00e7a ainda \u00e9 grande. Com objetivo de fomentar as discuss\u00f5es a cerca da tem\u00e1tica , se prop\u00f5e a <\/span><span lang=\"pt-PT\"><i><b>S\u00e9rie Educa\u00e7\u00e3o Especial Em Debate<\/b><\/i><\/span><span lang=\"pt-PT\"> , a fim de contribuir para o fazer educativo e desenvolvimento profissisonal dos participantes.<\/span><\/span><\/span><\/span><\/p>\n<p class=\"western\" lang=\"en-US\" align=\"left\"><span style=\"color: #000000;\"><span style=\"font-family: Arial, sans-serif;\"><span style=\"font-size: small;\"><span lang=\"pt-PT\"><b>Formadores : <\/b><\/span><span lang=\"pt-PT\"> Prof\u00aa Patricia Lopes Ramos P\u00fablio,<\/span> <span lang=\"pt-PT\">Ana\u00ed Stelmachuk,<\/span> <span lang=\"pt-PT\">Prof\u00ba Me Alexandre Henrique Elias dos Santos,<\/span> <span lang=\"pt-PT\">Prof\u00ba Luis Gustavo Maganhato,<\/span> <span lang=\"pt-PT\">Prof. Laureen Camargo,<\/span> <span lang=\"pt-PT\">Prof. M\u00e9rcia Santana Mathias e Prof\u00ba Jos\u00e9 Geraldo Goldoni Vestena<\/span><\/span><\/span><\/span><\/p>\n<p class=\"western\" lang=\"en-US\" align=\"left\"><span style=\"color: #000000;\"><span style=\"font-family: Arial, sans-serif;\"><span style=\"font-size: small;\"><span lang=\"pt-PT\"><b>Respons\u00e1vel T\u00e9cnico :<\/b><\/span> <span lang=\"pt-PT\">S\u00edlvia Souza Elias dos Santos ( Divis\u00e3o de Educa\u00e7\u00e3o Especial)<\/span><\/span><\/span><\/span><\/p>\n<p class=\"western\" lang=\"en-US\" align=\"left\"><span style=\"color: #000000;\"><span style=\"font-family: Arial, sans-serif;\"><span style=\"font-size: small;\"><span lang=\"pt-PT\"><b>P\u00fablico Alvo: <\/b><\/span><span lang=\"pt-PT\">Auxiliares de Educa\u00e7\u00e3o, Equipe Gestora, Professores, Supervisores de Ensino , Estudantes e demais interessados.<\/span><\/span><\/span><\/span><\/p>\n<p class=\"western\" lang=\"en-US\" align=\"left\"><span style=\"color: #000000;\"><span style=\"font-family: Arial, sans-serif;\"><span style=\"font-size: small;\"><span lang=\"pt-PT\"><b>Vagas: <\/b><\/span><span lang=\"pt-PT\">90<\/span><\/span><\/span><\/span><\/p>\n<p class=\"western\" lang=\"en-US\" align=\"left\"><span style=\"color: #000000;\"><span style=\"font-family: Arial, sans-serif;\"><span style=\"font-size: small;\"><span lang=\"pt-PT\"><b>Per\u00edodo de realiza\u00e7\u00e3o : <\/b><\/span><span lang=\"pt-PT\">mar\u00e7o a outubro de 2016<\/span><b> <\/b><\/span><\/span><\/span><\/p>\n<p class=\"western\" lang=\"en-US\" align=\"left\"><span style=\"color: #000000;\"><span style=\"font-family: Arial, sans-serif;\"><span style=\"font-size: small;\"><span lang=\"pt-PT\"><b>Per\u00edodo de inscri\u00e7\u00e3o: <\/b><\/span><span lang=\"pt-PT\">16 a 23 de fevereiro de 2016<\/span><b> <\/b><\/span><\/span><\/span><\/p>\n<p class=\"western\" lang=\"en-US\" align=\"left\"><span style=\"color: #000000;\"><span style=\"font-family: Arial, sans-serif;\"><span style=\"font-size: small;\"><span lang=\"pt-PT\"><b>Link para inscri\u00e7\u00e3o: <\/b><\/span><\/span><\/span><\/span><span style=\"color: #000080;\"><span lang=\"zxx\"><a href=\"https:\/\/goo.gl\/nhYV7P\"><span style=\"color: #000000;\"><span style=\"font-family: Arial, sans-serif;\"><span style=\"font-size: small;\"><span lang=\"pt-PT\"><b>https:\/\/goo.gl\/nhYV7P<\/b><\/span><\/span><\/span><\/span><\/a><\/span><\/span><\/p>\n<p class=\"western\" lang=\"en-US\" align=\"left\"><span style=\"color: #000000;\"><span style=\"font-family: Arial, sans-serif;\"><span style=\"font-size: small;\"><span lang=\"pt-PT\"><b>*A divulga\u00e7\u00e3o dos inscritos estar\u00e1 dispon\u00edvel no no site ( <\/b><\/span><\/span><\/span><\/span><a href=\"http:\/\/www.educacao.sorocaba.sp.gov.br\/\"><span style=\"color: #000080;\"><span lang=\"zxx\"><span style=\"color: #000000;\"><span style=\"font-family: Arial, sans-serif;\"><span style=\"font-size: small;\"><span lang=\"pt-PT\"><b>www.<\/b><\/span><\/span><\/span><\/span><\/span><\/span><span style=\"color: #000080;\"><span lang=\"zxx\"><u><span style=\"color: #000000;\"><span style=\"font-family: Arial, sans-serif;\"><span style=\"font-size: small;\"><span lang=\"pt-BR\">educacao.sorocaba.sp.gov.br<\/span><\/span><\/span><\/span><\/u><\/span><\/span><\/a><span style=\"color: #000000;\"><span style=\"font-family: Arial, sans-serif;\"><span style=\"font-size: small;\"><span lang=\"pt-BR\">) , <\/span><\/span><\/span><\/span><span style=\"color: #000000;\"><span style=\"font-family: Arial, sans-serif;\"><span style=\"font-size: small;\"><span lang=\"pt-BR\"><b>na semana que antecede os eventos .<\/b><\/span><\/span><\/span><\/span><\/p>\n<p class=\"western\" lang=\"en-US\" align=\"left\"><span style=\"color: #000000;\"><span style=\"font-family: Arial, sans-serif;\"><span style=\"font-size: small;\"><span lang=\"pt-PT\"><b>Carga hor\u00e1ria: 18h <\/b><\/span> <\/span><\/span><\/span><\/p>\n<p class=\"western\" lang=\"en-US\" align=\"left\"><span style=\"color: #000000;\"> <span style=\"font-family: Arial, sans-serif;\"><span style=\"font-size: small;\"><span lang=\"pt-PT\"><b>Hor\u00e1rio:<\/b><\/span><\/span><\/span><span style=\"font-family: Arial, sans-serif;\"><span style=\"font-size: small;\"><span lang=\"pt-PT\">18 \u00e0s 20h <\/span><\/span><\/span><\/span><\/p>\n<p class=\"western\" lang=\"en-US\" align=\"left\"><span style=\"color: #000000;\"> <span style=\"font-family: Arial, sans-serif;\"><span style=\"font-size: small;\"><span lang=\"pt-PT\"><b>Local<\/b><\/span><\/span><\/span><span style=\"font-family: Arial, sans-serif;\"><span style=\"font-size: small;\"><span lang=\"pt-PT\">: Centro de Refer\u00eancia em Educa\u00e7\u00e3o <\/span><\/span><\/span><\/span><\/p>\n<p class=\"western\" lang=\"en-US\" align=\"left\"><span style=\"color: #000000;\"> <span style=\"font-family: Arial, sans-serif;\"><span style=\"font-size: small;\"><span lang=\"pt-PT\">Rua : Arthur Caldini, 211<\/span><\/span><\/span><\/span><\/p>\n<p class=\"western\" lang=\"en-US\" align=\"left\"><span style=\"color: #000000;\"> <span style=\"font-family: Arial, sans-serif;\"><span style=\"font-size: small;\"><span lang=\"pt-PT\">Jardim Saira \u2013 Sorocaba<\/span><\/span><\/span><\/span><\/p>\n<table width=\"714\" cellspacing=\"0\" cellpadding=\"7\">\n<colgroup>\n<col width=\"62\" \/>\n<col width=\"622\" \/> <\/colgroup>\n<tbody>\n<tr valign=\"top\">\n<td bgcolor=\"#ffffff\" width=\"62\" height=\"8\">\n<p class=\"western\" lang=\"en-US\" align=\"left\"><span style=\"color: #000000;\"><span style=\"font-family: Arial, sans-serif;\"><span style=\"font-size: small;\"><span lang=\"pt-PT\"><b>Datas<\/b><\/span><\/span><\/span><\/span><\/p>\n<\/td>\n<td bgcolor=\"#ffffff\" width=\"622\">\n<p class=\"western\" lang=\"en-US\" align=\"left\"><span style=\"color: #000000;\"><span style=\"font-family: Arial, sans-serif;\"><span style=\"font-size: small;\"><span lang=\"pt-PT\"><b>Conte\u00fado Program\u00e1tico \u2013 9 h ( 2h )<\/b><\/span><\/span><\/span><\/span><\/p>\n<\/td>\n<\/tr>\n<tr valign=\"top\">\n<td bgcolor=\"#ffffff\" width=\"62\" height=\"8\">\n<p class=\"western\" lang=\"en-US\" align=\"left\"><span style=\"color: #000000;\"><span style=\"font-family: Arial, sans-serif;\"><span style=\"font-size: small;\"><span lang=\"pt-PT\"><b>21\/03<\/b><\/span><\/span><\/span><\/span><\/p>\n<\/td>\n<td bgcolor=\"#ffffff\" width=\"622\">\n<p class=\"western\" lang=\"en-US\" align=\"left\"><span style=\"color: #000000;\"><span style=\"font-family: Arial, sans-serif;\"><span style=\"font-size: small;\"><span lang=\"pt-BR\"><b>Palestra: <\/b><\/span><span lang=\"pt-BR\"><b>Pol\u00edticas P\u00fablicas: Aspectos hist\u00f3ricos e normativos da Educa\u00e7\u00e3o Especial e o Direito \u00e0 Educa\u00e7\u00e3o<\/b><\/span><\/span><\/span><\/span><\/p>\n<p class=\"western\" lang=\"en-US\" align=\"left\"><span style=\"color: #000000;\"><span style=\"font-family: Arial, sans-serif;\"><span style=\"font-size: small;\"><span lang=\"pt-BR\">Prof\u00aa Patricia Lopes Ramos P\u00fablio <\/span><\/span><\/span><\/span><\/p>\n<\/td>\n<\/tr>\n<tr valign=\"top\">\n<td bgcolor=\"#ffffff\" width=\"62\" height=\"9\">\n<p class=\"western\" lang=\"en-US\" align=\"left\"><span style=\"color: #000000;\"><span style=\"font-family: Arial, sans-serif;\"><span style=\"font-size: small;\"><span lang=\"pt-PT\"><b>01\/04<\/b><\/span><\/span><\/span><\/span><\/p>\n<\/td>\n<td bgcolor=\"#ffffff\" width=\"622\">\n<p class=\"western\" lang=\"en-US\" align=\"left\"><span style=\"color: #000000;\"><span style=\"font-family: Arial, sans-serif;\"><span style=\"font-size: small;\"><span lang=\"pt-PT\"><b>Avalia\u00e7\u00e3o pedag\u00f3gica na escola inclusiva (modelos e concep\u00e7\u00f5es<\/b><\/span><span lang=\"pt-PT\">)<\/span><\/span><\/span><\/span><\/p>\n<p class=\"western\" lang=\"en-US\" align=\"left\"><span style=\"color: #000000;\"><span style=\"font-family: Arial, sans-serif;\"><span style=\"font-size: small;\"><span lang=\"pt-PT\">Ana\u00ed Stelmachuk<\/span><\/span><\/span><\/span><\/p>\n<\/td>\n<\/tr>\n<tr valign=\"top\">\n<td bgcolor=\"#ffffff\" width=\"62\" height=\"9\">\n<p class=\"western\" lang=\"en-US\" align=\"left\"><span style=\"color: #000000;\"><span style=\"font-family: Arial, sans-serif;\"><span style=\"font-size: small;\"><span lang=\"pt-PT\"><b>22\/04<\/b><\/span><\/span><\/span><\/span><\/p>\n<\/td>\n<td bgcolor=\"#ffffff\" width=\"622\">\n<p class=\"western\" lang=\"en-US\" align=\"left\"><span style=\"color: #000000;\"><span style=\"font-family: Arial, sans-serif;\"><span style=\"font-size: small;\"><span lang=\"pt-PT\"><b>Palestra: Educa\u00e7\u00e3o Inclusiva: Surdez\/Libras \u2013 T\u00e9cnicas e Jogos Adaptados<\/b><\/span><\/span><\/span><\/span><\/p>\n<p class=\"western\" lang=\"en-US\" align=\"left\"><span style=\"color: #000000;\"><span style=\"font-family: Arial, sans-serif;\"><span style=\"font-size: small;\"><span lang=\"pt-PT\">Prof\u00ba Me Alexandre Henrique Elias dos Santos<\/span><\/span><\/span><\/span><\/p>\n<\/td>\n<\/tr>\n<tr valign=\"top\">\n<td bgcolor=\"#ffffff\" width=\"62\" height=\"9\">\n<p class=\"western\" lang=\"en-US\" align=\"left\"><span style=\"color: #000000;\"><span style=\"font-family: Arial, sans-serif;\"><span style=\"font-size: small;\"><span lang=\"pt-PT\"><b>11\/05<\/b><\/span><\/span><\/span><\/span><\/p>\n<\/td>\n<td bgcolor=\"#ffffff\" width=\"622\">\n<p class=\"western\" lang=\"en-US\" align=\"left\"><span style=\"color: #000000;\"><span style=\"font-family: Arial, sans-serif;\"><span style=\"font-size: small;\"><span lang=\"pt-PT\"><b>Palestra: Orienta\u00e7\u00e3o e Mobilidade para Deficientes Visuais<\/b><\/span><\/span><\/span><\/span><\/p>\n<p class=\"western\" lang=\"en-US\" align=\"left\"><span style=\"color: #000000;\"><span style=\"font-family: Arial, sans-serif;\"><span style=\"font-size: small;\"><span lang=\"pt-PT\">Prof\u00ba Luis Gustavo Maganhato<\/span><\/span><\/span><\/span><\/p>\n<\/td>\n<\/tr>\n<tr valign=\"top\">\n<td bgcolor=\"#ffffff\" width=\"62\" height=\"9\">\n<p class=\"western\" lang=\"en-US\" align=\"left\"><span style=\"color: #000000;\"><span style=\"font-family: Arial, sans-serif;\"><span style=\"font-size: small;\"><span lang=\"pt-PT\"><b>19\/08<\/b><\/span><\/span><\/span><\/span><\/p>\n<p class=\"western\" lang=\"en-US\" align=\"left\"><span style=\"color: #000000;\"><span style=\"font-family: Arial, sans-serif;\"><span style=\"font-size: small;\"><span lang=\"pt-PT\"><b>26\/08<\/b><\/span><\/span><\/span><\/span><\/p>\n<\/td>\n<td bgcolor=\"#ffffff\" width=\"622\">\n<p class=\"western\" lang=\"en-US\" align=\"left\"><span style=\"color: #000000;\"><span style=\"font-family: Arial, sans-serif;\"><span style=\"font-size: small;\"><span lang=\"pt-PT\"><b>Palestra: O direito \u00e0 Educa\u00e7\u00e3o F\u00edsica aos alunos com necessidades educacionais especiais<\/b><\/span><\/span><\/span><\/span><\/p>\n<p class=\"western\" lang=\"en-US\" align=\"left\"><span style=\"color: #000000;\"><span style=\"font-family: Arial, sans-serif;\"><span style=\"font-size: small;\"><span lang=\"pt-PT\"><b>Oficina:<\/b><\/span> <span lang=\"pt-PT\"><b>&#8211; Possibilidades de pr\u00e1ticas pedag\u00f3gicas <\/b><\/span><\/span><\/span><\/span><\/p>\n<p class=\"western\" lang=\"en-US\" align=\"left\"><span style=\"color: #000000;\"><span style=\"font-family: Arial, sans-serif;\"><span style=\"font-size: small;\"><span lang=\"pt-PT\">Prof. Laureen Camargo <\/span><\/span><\/span><\/span><\/p>\n<\/td>\n<\/tr>\n<tr valign=\"top\">\n<td bgcolor=\"#ffffff\" width=\"62\" height=\"9\">\n<p class=\"western\" lang=\"en-US\" align=\"left\"><span style=\"color: #000000;\"><span style=\"font-family: Arial, sans-serif;\"><span style=\"font-size: small;\"><span lang=\"pt-PT\"><b>16\/09<\/b><\/span><\/span><\/span><\/span><\/p>\n<p class=\"western\" lang=\"en-US\" align=\"left\"><span style=\"color: #000000;\"><span style=\"font-family: Arial, sans-serif;\"><span style=\"font-size: small;\"><span lang=\"pt-PT\"><b>23\/09<\/b><\/span><\/span><\/span><\/span><\/p>\n<\/td>\n<td bgcolor=\"#ffffff\" width=\"622\">\n<p class=\"western\" lang=\"en-US\" align=\"left\"><span style=\"color: #000000;\"><span style=\"font-family: Arial, sans-serif;\"><span style=\"font-size: small;\"><span lang=\"pt-PT\"><b>M\u00fasica para Surdos ( 2 encontros )<\/b><\/span><\/span><\/span><\/span><\/p>\n<p class=\"western\" lang=\"en-US\" align=\"left\"><span style=\"color: #000000;\"><span style=\"font-family: Arial, sans-serif;\"><span style=\"font-size: small;\"><span lang=\"pt-PT\">Prof. M\u00e9rcia Santana Mathias <\/span><\/span><\/span><\/span><\/p>\n<\/td>\n<\/tr>\n<tr valign=\"top\">\n<td bgcolor=\"#ffffff\" width=\"62\" height=\"9\">\n<p class=\"western\" lang=\"en-US\" align=\"left\"><span style=\"color: #000000;\"><span style=\"font-family: Arial, sans-serif;\"><span style=\"font-size: small;\"><span lang=\"pt-PT\"><b>7\/10 <\/b><\/span><\/span><\/span><\/span><\/p>\n<\/td>\n<td bgcolor=\"#ffffff\" width=\"622\">\n<p class=\"western\" lang=\"en-US\" align=\"left\"><span style=\"color: #000000;\"><span style=\"font-family: Arial, sans-serif;\"><span style=\"font-size: small;\"><span lang=\"pt-PT\"><b>A import\u00e2ncia do brincar no desenvolvimento psicomotor da crian\u00e7a.<\/b><\/span><\/span><\/span><\/span><\/p>\n<p class=\"western\" lang=\"en-US\" align=\"left\"><span style=\"color: #000000;\"><span style=\"font-family: Arial, sans-serif;\"><span style=\"font-size: small;\"><span lang=\"pt-PT\">Prof\u00ba Jos\u00e9 Geraldo Goldoni Vestena<\/span><\/span><\/span><\/span><\/p>\n<\/td>\n<\/tr>\n<\/tbody>\n<\/table>\n","protected":false},"excerpt":{"rendered":"<p>Ementa:O conceito de inclus\u00e3o prev\u00ea a adapta\u00e7\u00e3o das escolas e qualifica\u00e7\u00e3o dos profissionais para atender \u00e0s necessidades de todos. Para muitos, o impacto dessa mudan\u00e7a ainda \u00e9 grande. Com objetivo de fomentar as discuss\u00f5es a cerca da tem\u00e1tica , se prop\u00f5e a S\u00e9rie Educa\u00e7\u00e3o Especial Em Debate , a fim de contribuir para o fazer&nbsp; <a href=\"https:\/\/sorocaba.sp.gov.br\/catalogodecursos\/curso-10-educacao-especial-em-debate\/\">&hellip; Leia mais<\/a><\/p>\n","protected":false},"author":12,"featured_media":0,"parent":0,"menu_order":0,"comment_status":"closed","ping_status":"closed","template":"","meta":{"footnotes":""},"class_list":["post-118","page","type-page","status-publish","hentry"],"_links":{"self":[{"href":"https:\/\/sorocaba.sp.gov.br\/catalogodecursos\/wp-json\/wp\/v2\/pages\/118","targetHints":{"allow":["GET"]}}],"collection":[{"href":"https:\/\/sorocaba.sp.gov.br\/catalogodecursos\/wp-json\/wp\/v2\/pages"}],"about":[{"href":"https:\/\/sorocaba.sp.gov.br\/catalogodecursos\/wp-json\/wp\/v2\/types\/page"}],"author":[{"embeddable":true,"href":"https:\/\/sorocaba.sp.gov.br\/catalogodecursos\/wp-json\/wp\/v2\/users\/12"}],"replies":[{"embeddable":true,"href":"https:\/\/sorocaba.sp.gov.br\/catalogodecursos\/wp-json\/wp\/v2\/comments?post=118"}],"version-history":[{"count":1,"href":"https:\/\/sorocaba.sp.gov.br\/catalogodecursos\/wp-json\/wp\/v2\/pages\/118\/revisions"}],"predecessor-version":[{"id":120,"href":"https:\/\/sorocaba.sp.gov.br\/catalogodecursos\/wp-json\/wp\/v2\/pages\/118\/revisions\/120"}],"wp:attachment":[{"href":"https:\/\/sorocaba.sp.gov.br\/catalogodecursos\/wp-json\/wp\/v2\/media?parent=118"}],"curies":[{"name":"wp","href":"https:\/\/api.w.org\/{rel}","templated":true}]}}