{"id":131,"date":"2016-02-04T14:34:17","date_gmt":"2016-02-04T14:34:17","guid":{"rendered":"http:\/\/sorocaba.sp.gov.br\/planodeformacao\/?page_id=131"},"modified":"2016-02-04T14:34:17","modified_gmt":"2016-02-04T14:34:17","slug":"curso-14-olhares-inovadores-face-a-insercao-da-tecnologia-no-cotidiano-escolar","status":"publish","type":"page","link":"https:\/\/sorocaba.sp.gov.br\/catalogodecursos\/curso-14-olhares-inovadores-face-a-insercao-da-tecnologia-no-cotidiano-escolar\/","title":{"rendered":"Curso 14 &#8211; olhares inovadores face a inser\u00e7\u00e3o da tecnologia no cotidiano escolar"},"content":{"rendered":"<p class=\"western\" lang=\"en-US\" align=\"left\"><span style=\"color: #000000;\"><span style=\"font-family: Arial, sans-serif;\"><span style=\"font-size: small;\"><span lang=\"pt-BR\"><b>Ementa: <\/b><\/span><span lang=\"pt-BR\">Na era da informa\u00e7\u00e3o, n\u00e3o h\u00e1 d\u00favida de que computadores, smartphones e tablets fazem parte do dia a dia da maior parte da popula\u00e7\u00e3o dos centros urbanos. A escola do futuro, com lousas digitais, banco de dados integrado aos tablets, smartphones e notebooks come\u00e7a a ser a escola do presente em algumas institui\u00e7\u00f5es. No entanto, muito mais do que aliar tecnologia e educa\u00e7\u00e3o, \u00e9 preciso um novo Fazer. A proposta possui como objetivo discutir nos encontros quest\u00f5es relacionadas ao fazer educativo e a pratica profissional dos participantes .<\/span><\/span><\/span><\/span><\/p>\n<p class=\"western\" lang=\"en-US\" align=\"left\"><span style=\"color: #000000;\"><span style=\"font-family: Arial, sans-serif;\"><span style=\"font-size: small;\"><span lang=\"pt-BR\"><b>Formador:<\/b><\/span><span lang=\"pt-BR\"> Prof. Dr . S\u00e9rgio Ferreira do Amaral<\/span><\/span><\/span><\/span><\/p>\n<p class=\"western\" lang=\"en-US\" align=\"left\"><span style=\"color: #000000;\"><span style=\"font-family: Arial, sans-serif;\"><span style=\"font-size: small;\"><span lang=\"pt-BR\"><b>Respons\u00e1vel T\u00e9cnico<\/b><\/span><span lang=\"pt-BR\">: Prof\u00aa Andr\u00e9ia Ign\u00e1cio Pinto Rolim<\/span><\/span><\/span><\/span><\/p>\n<p class=\"western\" lang=\"en-US\" align=\"left\"><span style=\"color: #000000;\"> <span style=\"font-family: Arial, sans-serif;\"><span style=\"font-size: small;\"><span lang=\"pt-BR\">Gestora de desenvolvimento Educa\u00e7\u00e3o <\/span><\/span><\/span><\/span><\/p>\n<p class=\"western\" lang=\"en-US\" align=\"left\"><span style=\"color: #000000;\"><span style=\"font-family: Arial, sans-serif;\"><span style=\"font-size: small;\"><span lang=\"pt-BR\"><b>P\u00fablico Alvo<\/b><\/span><span lang=\"pt-BR\">: <\/span><span lang=\"pt-BR\">Orientadores Pedag\u00f3gicos, diretores e Vice-diretores e demais interessados <\/span><\/span><\/span><\/span><\/p>\n<p class=\"western\" lang=\"en-US\" align=\"left\"><span style=\"color: #000000;\"><span style=\"font-family: Arial, sans-serif;\"><span style=\"font-size: small;\"><span lang=\"pt-BR\"><b>Vagas<\/b><\/span><span lang=\"pt-BR\">: 292 vagas <\/span><\/span><\/span><\/span><\/p>\n<p class=\"western\" lang=\"en-US\" align=\"left\"><span style=\"color: #000000;\"><span style=\"font-family: Arial, sans-serif;\"><span style=\"font-size: small;\"><span lang=\"pt-BR\"><b>Per\u00edodo de realiza\u00e7\u00e3o<\/b><\/span><span lang=\"pt-BR\">: mar\u00e7o a junho de 2016<\/span><\/span><\/span><\/span><\/p>\n<p class=\"western\" lang=\"en-US\" align=\"left\"><span style=\"color: #000000;\"><span style=\"font-family: Arial, sans-serif;\"><span style=\"font-size: small;\"><span lang=\"pt-BR\"><b>Per\u00edodo de inscri\u00e7\u00e3o<\/b><\/span><span lang=\"pt-BR\">: 16 a 23 de fevereiro <\/span><\/span><\/span><\/span><\/p>\n<p class=\"western\" lang=\"en-US\" align=\"left\"><span style=\"color: #000000;\"><span style=\"font-family: Arial, sans-serif;\"><span style=\"font-size: small;\"><span lang=\"pt-BR\"><b>Link de inscri\u00e7\u00e3o<\/b><\/span><\/span><\/span><\/span><span style=\"color: #000000;\"><span style=\"font-family: Arial, sans-serif;\"><span style=\"font-size: small;\"><span lang=\"pt-BR\">: <\/span><\/span><\/span><\/span><span style=\"color: #000080;\"><span lang=\"zxx\"><a href=\"https:\/\/goo.gl\/BVGi3W\"><span style=\"color: #000000;\"><span style=\"font-family: Arial, sans-serif;\"><span style=\"font-size: small;\"><span lang=\"pt-BR\">https:\/\/goo.gl\/BVGi3W<\/span><\/span><\/span><\/span><\/a><\/span><\/span><\/p>\n<p class=\"western\" lang=\"en-US\" align=\"left\"><span style=\"color: #000000;\"><span style=\"font-family: Arial, sans-serif;\"><span style=\"font-size: small;\"><span lang=\"pt-BR\"><b>Carga hor\u00e1ria<\/b><\/span><span lang=\"pt-BR\">: 8 h<\/span><\/span><\/span><\/span><\/p>\n<p class=\"western\" lang=\"en-US\" align=\"left\"><span style=\"color: #000000;\"> <span style=\"font-family: Arial, sans-serif;\"><span style=\"font-size: small;\"><span lang=\"pt-BR\"><b>Hor\u00e1rio<\/b><\/span><span lang=\"pt-BR\">: Das 14 \u00e0s 16h<\/span><\/span><\/span><\/span><\/p>\n<p class=\"western\" lang=\"en-US\" align=\"left\"><span style=\"color: #000000;\"><span style=\"font-family: Arial, sans-serif;\"><span style=\"font-size: small;\"><span lang=\"pt-BR\"><b>Local<\/b><\/span><span lang=\"pt-BR\"> : Audit\u00f3rio do Bloco D &#8211; UNIP <\/span><\/span><\/span><\/span><\/p>\n<p class=\"western\" lang=\"en-US\" align=\"left\"><span style=\"color: #000000;\"> <span style=\"font-family: Arial, sans-serif;\"><span style=\"font-size: small;\"><span lang=\"pt-BR\">Av. Independ\u00eancia, 210 &#8211; \u00c9den, Sorocaba<\/span><\/span><\/span><\/span><\/p>\n<p class=\"western\" lang=\"en-US\" align=\"left\"><span style=\"color: #000000;\"><span style=\"font-family: Arial, sans-serif;\"><span style=\"font-size: small;\"><span lang=\"pt-BR\"><b>Conte\u00fado Program\u00e1tico:<\/b><\/span><\/span><\/span><\/span><\/p>\n<table width=\"712\" cellspacing=\"0\" cellpadding=\"7\">\n<colgroup>\n<col width=\"38\" \/>\n<col width=\"393\" \/>\n<col width=\"236\" \/> <\/colgroup>\n<tbody>\n<tr valign=\"top\">\n<td bgcolor=\"#ffffff\" width=\"38\" height=\"8\">\n<p class=\"western\" lang=\"en-US\" align=\"left\"><span style=\"color: #000000;\"><span style=\"font-family: Arial, sans-serif;\"><span style=\"font-size: small;\"><span lang=\"pt-BR\"><b>Datas<\/b><\/span><\/span><\/span><\/span><\/p>\n<\/td>\n<td colspan=\"2\" bgcolor=\"#ffffff\" width=\"643\">\n<p class=\"western\" lang=\"en-US\" align=\"left\"><span style=\"color: #000000;\"><span style=\"font-family: Arial, sans-serif;\"><span style=\"font-size: small;\"><span lang=\"pt-BR\"><b>Conte\u00fado Program\u00e1tico \u2013 4 encontros ( 2 h ) <\/b><\/span><\/span><\/span><\/span><\/p>\n<\/td>\n<\/tr>\n<tr valign=\"top\">\n<td bgcolor=\"#ffffff\" width=\"38\" height=\"30\">\n<p class=\"western\" lang=\"en-US\" align=\"left\"><span style=\"color: #000000;\"><span style=\"font-family: Arial, sans-serif;\"><span style=\"font-size: small;\"><span lang=\"pt-BR\">08\/03<\/span><\/span><\/span><\/span><\/p>\n<\/td>\n<td bgcolor=\"#ffffff\" width=\"393\">\n<p class=\"western\" lang=\"en-US\" align=\"left\"><span style=\"color: #000000;\"><span style=\"font-family: Arial, sans-serif;\"><span style=\"font-size: small;\"><span lang=\"pt-BR\">Desempenhar papel de lideran\u00e7a na cria\u00e7\u00e3o de uma vis\u00e3o de como a escola seria com as TIC integradas ao curr\u00edculo e \u00e0s pr\u00e1ticas em sala de aula<\/span><\/span><\/span><\/span><\/p>\n<\/td>\n<td rowspan=\"4\" bgcolor=\"#ffffff\" width=\"236\">\n<p class=\"western\" lang=\"en-US\" align=\"left\"><span style=\"color: #000000;\"><span style=\"font-family: Arial, sans-serif;\"><span style=\"font-size: small;\"><span lang=\"pt-BR\"><b>Palestrante: Prof. Dr . S\u00e9rgio Ferreira do Amaral<\/b><\/span><\/span><\/span><\/span><\/p>\n<p class=\"western\" lang=\"en-US\" align=\"left\"><span style=\"color: #000000;\"><span style=\"font-family: Arial, sans-serif;\"><span style=\"font-size: small;\"><span lang=\"pt-BR\">Atualmente \u00e9 Professor Livre Docente na Faculdade de Educa\u00e7\u00e3o da Universidade Estadual de Campinas. Atua na \u00e1rea de Educa\u00e7\u00e3o, especificamente com as seguintes tem\u00e1ticas: Internet, Educa\u00e7\u00e3o, Tecnologia Educacional, Ambientes Virtuais, biblioteca, Cidadania e Colabora\u00e7\u00e3o. <\/span><\/span><\/span><\/span><\/p>\n<\/td>\n<\/tr>\n<tr valign=\"top\">\n<td bgcolor=\"#ffffff\" width=\"38\" height=\"9\">\n<p class=\"western\" lang=\"en-US\" align=\"left\"><span style=\"color: #000000;\"><span style=\"font-family: Arial, sans-serif;\"><span style=\"font-size: small;\"><span lang=\"pt-BR\">12\/04<\/span><\/span><\/span><\/span><\/p>\n<\/td>\n<td bgcolor=\"#ffffff\" width=\"393\">\n<p class=\"western\" lang=\"en-US\" align=\"left\"><span style=\"color: #000000;\"><span style=\"font-family: Arial, sans-serif;\"><span style=\"font-size: small;\"><span lang=\"pt-BR\">Gest\u00e3o compartilhada \u2013 Professor e aluno, aprendizagem baseada em projetos.<\/span><\/span><\/span><\/span><\/p>\n<\/td>\n<\/tr>\n<tr valign=\"top\">\n<td bgcolor=\"#ffffff\" width=\"38\" height=\"16\">\n<p class=\"western\" lang=\"en-US\" align=\"left\"><span style=\"color: #000000;\"><span style=\"font-family: Arial, sans-serif;\"><span style=\"font-size: small;\"><span lang=\"pt-BR\">13\/05<\/span><\/span><\/span><\/span><\/p>\n<\/td>\n<td bgcolor=\"#ffffff\" width=\"393\">\n<p class=\"western\" lang=\"en-US\" align=\"left\"><span style=\"color: #000000;\"><span style=\"font-family: Arial, sans-serif;\"><span style=\"font-size: small;\"><span lang=\"pt-BR\">Integrar o uso de um laborat\u00f3rio de inform\u00e1tica \u00e0s atividades de ensino em andamento<\/span><\/span><\/span><\/span><\/p>\n<\/td>\n<\/tr>\n<tr valign=\"top\">\n<td bgcolor=\"#ffffff\" width=\"38\" height=\"32\">\n<p class=\"western\" lang=\"en-US\" align=\"left\"><span style=\"color: #000000;\"><span style=\"font-family: Arial, sans-serif;\"><span style=\"font-size: small;\"><span lang=\"pt-BR\">07\/06<\/span><\/span><\/span><\/span><\/p>\n<\/td>\n<td bgcolor=\"#ffffff\" width=\"393\">\n<p class=\"western\" lang=\"en-US\" align=\"left\"><span style=\"color: #000000;\"><span style=\"font-family: Arial, sans-serif;\"><span style=\"font-size: small;\"><span lang=\"pt-BR\">Avaliar continuamente e refletir sobre a pr\u00e1tica profissional para envolvimento na inova\u00e7\u00e3o e melhoria cont\u00ednuas.<\/span><\/span><\/span><\/span><\/p>\n<\/td>\n<\/tr>\n<\/tbody>\n<\/table>\n","protected":false},"excerpt":{"rendered":"<p>Ementa: Na era da informa\u00e7\u00e3o, n\u00e3o h\u00e1 d\u00favida de que computadores, smartphones e tablets fazem parte do dia a dia da maior parte da popula\u00e7\u00e3o dos centros urbanos. A escola do futuro, com lousas digitais, banco de dados integrado aos tablets, smartphones e notebooks come\u00e7a a ser a escola do presente em algumas institui\u00e7\u00f5es. No&nbsp; <a href=\"https:\/\/sorocaba.sp.gov.br\/catalogodecursos\/curso-14-olhares-inovadores-face-a-insercao-da-tecnologia-no-cotidiano-escolar\/\">&hellip; Leia mais<\/a><\/p>\n","protected":false},"author":12,"featured_media":0,"parent":0,"menu_order":0,"comment_status":"closed","ping_status":"closed","template":"","meta":{"footnotes":""},"class_list":["post-131","page","type-page","status-publish","hentry"],"_links":{"self":[{"href":"https:\/\/sorocaba.sp.gov.br\/catalogodecursos\/wp-json\/wp\/v2\/pages\/131","targetHints":{"allow":["GET"]}}],"collection":[{"href":"https:\/\/sorocaba.sp.gov.br\/catalogodecursos\/wp-json\/wp\/v2\/pages"}],"about":[{"href":"https:\/\/sorocaba.sp.gov.br\/catalogodecursos\/wp-json\/wp\/v2\/types\/page"}],"author":[{"embeddable":true,"href":"https:\/\/sorocaba.sp.gov.br\/catalogodecursos\/wp-json\/wp\/v2\/users\/12"}],"replies":[{"embeddable":true,"href":"https:\/\/sorocaba.sp.gov.br\/catalogodecursos\/wp-json\/wp\/v2\/comments?post=131"}],"version-history":[{"count":1,"href":"https:\/\/sorocaba.sp.gov.br\/catalogodecursos\/wp-json\/wp\/v2\/pages\/131\/revisions"}],"predecessor-version":[{"id":133,"href":"https:\/\/sorocaba.sp.gov.br\/catalogodecursos\/wp-json\/wp\/v2\/pages\/131\/revisions\/133"}],"wp:attachment":[{"href":"https:\/\/sorocaba.sp.gov.br\/catalogodecursos\/wp-json\/wp\/v2\/media?parent=131"}],"curies":[{"name":"wp","href":"https:\/\/api.w.org\/{rel}","templated":true}]}}