{"id":134,"date":"2016-02-04T14:34:40","date_gmt":"2016-02-04T14:34:40","guid":{"rendered":"http:\/\/sorocaba.sp.gov.br\/planodeformacao\/?page_id=134"},"modified":"2016-02-04T14:34:40","modified_gmt":"2016-02-04T14:34:40","slug":"curso-15-orientador-pedagogico-desafios-e-perspectivas-da-pratica-profissional","status":"publish","type":"page","link":"https:\/\/sorocaba.sp.gov.br\/catalogodecursos\/curso-15-orientador-pedagogico-desafios-e-perspectivas-da-pratica-profissional\/","title":{"rendered":"Curso 15 &#8211; orientador pedag\u00f3gico: desafios e perspectivas da pr\u00e1tica profissional"},"content":{"rendered":"<p class=\"western\" lang=\"en-US\" align=\"left\"><span style=\"color: #000000;\"><span style=\"font-family: Arial, sans-serif;\"><span style=\"font-size: small;\"><span lang=\"pt-BR\"><b>Ementa:<\/b><\/span><span lang=\"pt-BR\"> A proposta possui como objetivo aprofundar as discuss\u00f5es sobre como se caracteriza a Orienta\u00e7\u00e3o Pedag\u00f3gica, problematizando as quest\u00f5es da pr\u00e1tica profissional que oferecem indica\u00e7\u00f5es sobre a forma\u00e7\u00e3o, o desenvolvimento profissional e do acompanhamento da pr\u00e1tica educativa no contexto escolar.<\/span><\/span><\/span><\/span><\/p>\n<p class=\"western\" lang=\"en-US\" align=\"left\"><span style=\"color: #000000;\"><span style=\"font-family: Arial, sans-serif;\"><span style=\"font-size: small;\"><span lang=\"pt-BR\"><b>Formadores <\/b><\/span><span lang=\"pt-BR\">: Prof\u00aa Dr\u00aa Maria Jos\u00e9 da Silva Fernandes ,<\/span> <span lang=\"pt-BR\">Prof\u00aa Dr\u00aa Vera L\u00facia Trevisan de Souza e<\/span> <span lang=\"pt-BR\">Prof\u00ba Dr Jos\u00e9 Cerchi Fusari<\/span><\/span><\/span><\/span><\/p>\n<p class=\"western\" lang=\"en-US\" align=\"left\"><span style=\"color: #000000;\"><span style=\"font-family: Arial, sans-serif;\"><span style=\"font-size: small;\"><span lang=\"pt-BR\"><b>Respons\u00e1vel T\u00e9cnico<\/b><\/span><span lang=\"pt-BR\">: Prof\u00aa Me Patricia Rom\u00e3o (Gestora de Desenvolvimento Educacional)<\/span><\/span><\/span><\/span><\/p>\n<p class=\"western\" lang=\"en-US\" align=\"left\"><span style=\"color: #000000;\"><span style=\"font-family: Arial, sans-serif;\"><span style=\"font-size: small;\"><span lang=\"pt-BR\"><b>P\u00fablico Alvo<\/b><\/span><span lang=\"pt-BR\">: Orientadores Pedag\u00f3gicos e demais interessados <\/span><\/span><\/span><\/span><\/p>\n<p class=\"western\" lang=\"en-US\" align=\"left\"><span style=\"color: #000000;\"><span style=\"font-family: Arial, sans-serif;\"><span style=\"font-size: small;\"><span lang=\"pt-BR\"><b>Vagas<\/b><\/span><span lang=\"pt-BR\">: 95<\/span><\/span><\/span><\/span><\/p>\n<p class=\"western\" lang=\"en-US\" align=\"left\"><span style=\"color: #000000;\"><span style=\"font-family: Arial, sans-serif;\"><span style=\"font-size: small;\"><span lang=\"pt-BR\"><b>Per\u00edodo de realiza\u00e7\u00e3o<\/b><\/span><span lang=\"pt-BR\">: fevereiro a mar\u00e7o de 2016<\/span><\/span><\/span><\/span><\/p>\n<p class=\"western\" lang=\"en-US\" align=\"left\"><span style=\"color: #000000;\"><span style=\"font-family: Arial, sans-serif;\"><span style=\"font-size: small;\"><span lang=\"pt-BR\"><b>Per\u00edodo de inscri\u00e7\u00e3o<\/b><\/span><span lang=\"pt-BR\">: 04 a 18 de fevereiro de 2016<\/span><\/span><\/span><\/span><\/p>\n<p class=\"western\" lang=\"en-US\" align=\"left\"><span style=\"color: #000000;\"><span style=\"font-family: Arial, sans-serif;\"><span style=\"font-size: small;\"><span lang=\"pt-BR\"><b>Link para inscri\u00e7\u00e3o<\/b><\/span><\/span><\/span><\/span><span style=\"color: #000000;\"><span style=\"font-family: Arial, sans-serif;\"><span style=\"font-size: small;\"><span lang=\"pt-BR\">: <\/span><\/span><\/span><\/span><span style=\"color: #000080;\"><span lang=\"zxx\"><a href=\"https:\/\/goo.gl\/GKcM4a\"><span style=\"color: #000000;\"><span style=\"font-family: Arial, sans-serif;\"><span style=\"font-size: small;\"><span lang=\"pt-BR\">https:\/\/goo.gl\/GKcM4a<\/span><\/span><\/span><\/span><\/a><\/span><\/span><\/p>\n<p class=\"western\" lang=\"en-US\" align=\"left\"><span style=\"color: #000000;\"><span style=\"font-family: Arial, sans-serif;\"><span style=\"font-size: small;\"><span lang=\"pt-BR\"><b>Carga hor\u00e1ria<\/b><\/span><span lang=\"pt-BR\">: 18 h <\/span><\/span><\/span><\/span><\/p>\n<p class=\"western\" lang=\"en-US\" align=\"left\"><span style=\"color: #000000;\"><span style=\"font-family: Arial, sans-serif;\"><span style=\"font-size: small;\"><span lang=\"pt-BR\"><b>Local<\/b><\/span><span lang=\"pt-BR\"> : Centro de Refer\u00eancia em Educa\u00e7\u00e3o <\/span><\/span><\/span><\/span><\/p>\n<p class=\"western\" lang=\"en-US\" align=\"left\"><span style=\"color: #000000;\"> <span style=\"font-family: Arial, sans-serif;\"><span style=\"font-size: small;\"><span lang=\"pt-BR\">Rua : Arthur Caldini, 211 <\/span><\/span><\/span><\/span><\/p>\n<p class=\"western\" lang=\"en-US\" align=\"left\"><span style=\"color: #000000;\"> <span style=\"font-family: Arial, sans-serif;\"><span style=\"font-size: small;\"><span lang=\"pt-BR\">Jardim Saira <\/span><\/span><\/span><\/span><\/p>\n<p class=\"western\" lang=\"en-US\" align=\"left\"><span style=\"color: #000000;\"><span style=\"font-family: Arial, sans-serif;\"><span style=\"font-size: small;\"><span lang=\"pt-BR\">*Mediante inscri\u00e7\u00e3o, os interessados ser\u00e3o convocados por of\u00edcio da DAGP<\/span><\/span><\/span><\/span><\/p>\n<p class=\"western\" lang=\"en-US\" align=\"left\"><span style=\"color: #000000;\"><span style=\"font-family: Arial, sans-serif;\"><span style=\"font-size: small;\"><span lang=\"pt-BR\"><b>Conte\u00fado Program\u00e1tico :<\/b><\/span><\/span><\/span><\/span><\/p>\n<table width=\"695\" cellspacing=\"0\" cellpadding=\"7\">\n<colgroup>\n<col width=\"106\" \/>\n<col width=\"194\" \/>\n<col width=\"351\" \/> <\/colgroup>\n<tbody>\n<tr valign=\"top\">\n<td bgcolor=\"#ffffff\" width=\"106\" height=\"7\">\n<p class=\"western\" lang=\"en-US\" align=\"left\"><span style=\"color: #000000;\"><span style=\"font-family: Arial, sans-serif;\"><span style=\"font-size: small;\"><span lang=\"pt-BR\"><b>Data<\/b><\/span><\/span><\/span><\/span><\/p>\n<\/td>\n<td bgcolor=\"#ffffff\" width=\"194\">\n<p class=\"western\" lang=\"en-US\" align=\"left\"><span style=\"color: #000000;\"><span style=\"font-family: Arial, sans-serif;\"><span style=\"font-size: small;\"><span lang=\"pt-BR\"><b>Conte\u00fado Program\u00e1tico<\/b><\/span><\/span><\/span><\/span><\/p>\n<\/td>\n<td bgcolor=\"#ffffff\" width=\"351\">\n<p class=\"western\" lang=\"en-US\" align=\"left\"><span style=\"color: #000000;\"><span style=\"font-family: Arial, sans-serif;\"><span style=\"font-size: small;\"><span lang=\"pt-BR\"><b>Palestrante <\/b><\/span><\/span><\/span><\/span><\/p>\n<\/td>\n<\/tr>\n<tr valign=\"top\">\n<td bgcolor=\"#ffffff\" width=\"106\" height=\"105\">\n<p class=\"western\" lang=\"en-US\" align=\"left\"><span style=\"color: #000000;\"><span style=\"font-family: Arial, sans-serif;\"><span style=\"font-size: small;\"><span lang=\"pt-BR\"><b>24 de fevereiro<\/b><\/span><\/span><\/span><\/span><\/p>\n<p class=\"western\" lang=\"en-US\" align=\"left\"><span style=\"color: #000000;\"><span style=\"font-family: Arial, sans-serif;\"><span style=\"font-size: small;\"><span lang=\"pt-BR\"><b>Hor\u00e1rio: 8 \u00e0s 17h <\/b><\/span><\/span><\/span><\/span><\/p>\n<p class=\"western\" lang=\"en-US\" align=\"left\"><span style=\"color: #000000;\"><span style=\"font-family: Arial, sans-serif;\"><span style=\"font-size: small;\"><span lang=\"pt-BR\"><b>(8h) <\/b><\/span><\/span><\/span><\/span><\/p>\n<\/td>\n<td bgcolor=\"#ffffff\" width=\"194\">\n<p class=\"western\" lang=\"en-US\" align=\"left\"><span style=\"color: #000000;\"><span style=\"font-family: Arial, sans-serif;\"><span style=\"font-size: small;\"><span lang=\"pt-BR\"><b>Mesa redonda<\/b><\/span><span lang=\"pt-BR\">: \u201cA situa\u00e7\u00e3o da coordena\u00e7\u00e3o pedag\u00f3gica no Brasil &#8211; hist\u00f3rico, caracter\u00edsticas do trabalho, dificuldades e possibilidades\u201d<\/span><\/span><\/span><\/span><\/p>\n<p class=\"western\" lang=\"en-US\" align=\"left\"><span style=\"color: #000000;\"><span style=\"font-family: Arial, sans-serif;\"><span style=\"font-size: small;\"><span lang=\"pt-BR\"><b>Mediadores <\/b><\/span><span lang=\"pt-BR\">: Ana Paula Brito e Michel Serigato Mansano<\/span><\/span><\/span><\/span><\/p>\n<p class=\"western\" lang=\"en-US\" align=\"left\"><span style=\"color: #000000;\"><span style=\"font-family: Arial, sans-serif;\"><span style=\"font-size: small;\"><span lang=\"pt-BR\"><b>Grupos de trabalho<\/b><\/span><span lang=\"pt-BR\">;<\/span><\/span><\/span><\/span><\/p>\n<p class=\"western\" lang=\"en-US\" align=\"left\"><span style=\"color: #000000;\"><span style=\"font-family: Arial, sans-serif;\"><span style=\"font-size: small;\"><span lang=\"pt-BR\"><b>Plen\u00e1ria; <\/b><\/span><\/span><\/span><\/span><\/p>\n<\/td>\n<td bgcolor=\"#ffffff\" width=\"351\">\n<p class=\"western\" lang=\"en-US\" align=\"left\"><span style=\"color: #000000;\"><span style=\"font-family: Arial, sans-serif;\"><span style=\"font-size: small;\"><span lang=\"pt-BR\"><b>Prof\u00aa Dr\u00aa Maria Jos\u00e9 da Silva Fernandes &#8211; UNESP Bauru <\/b><\/span><\/span><\/span><\/span><\/p>\n<p class=\"western\" lang=\"en-US\" align=\"left\"><span style=\"color: #000000;\"><span style=\"font-family: Arial, sans-serif;\"><span style=\"font-size: small;\"><span lang=\"pt-BR\">Atua no cargo de Professor Assistente Doutor, no Departamento de Educa\u00e7\u00e3o da Universidade Estadual Paulista \u2013 Faculdade de Ci\u00eancias \u2013 Campus Bauru. Desde 2002 tem como foco principal de pesquisa o trabalho da coordena\u00e7\u00e3o pedag\u00f3gica na rede p\u00fablica de ensino, especialmente na rede estadual.<\/span><\/span><\/span><\/span><\/p>\n<\/td>\n<\/tr>\n<tr valign=\"top\">\n<td bgcolor=\"#ffffff\" width=\"106\" height=\"105\">\n<p class=\"western\" lang=\"en-US\" align=\"left\"><span style=\"color: #000000;\"><span style=\"font-family: Arial, sans-serif;\"><span style=\"font-size: small;\"><span lang=\"pt-BR\"><b>18 de mar\u00e7o <\/b><\/span><\/span><\/span><\/span><\/p>\n<p class=\"western\" lang=\"en-US\" align=\"left\"><span style=\"color: #000000;\"><span style=\"font-family: Arial, sans-serif;\"><span style=\"font-size: small;\"><span lang=\"pt-BR\"><b>Hor\u00e1rio: 9 \u00e0s 11h<\/b><\/span><\/span><\/span><\/span><\/p>\n<p class=\"western\" lang=\"en-US\" align=\"left\"><span style=\"color: #000000;\"><span style=\"font-family: Arial, sans-serif;\"><span style=\"font-size: small;\"><span lang=\"pt-BR\"><b>(2h)<\/b><\/span><\/span><\/span><\/span><\/p>\n<\/td>\n<td bgcolor=\"#ffffff\" width=\"194\">\n<p class=\"western\" lang=\"en-US\" align=\"left\"><span style=\"color: #000000;\"><span style=\"font-family: Arial, sans-serif;\"><span style=\"font-size: small;\"><span lang=\"pt-BR\"><b>Palestra<\/b><\/span><span lang=\"pt-BR\">: \u201cConstitui\u00e7\u00e3o do Papel de Orientador Pedag\u00f3gico\u201d<\/span><b> <\/b><\/span><\/span><\/span><\/p>\n<\/td>\n<td bgcolor=\"#ffffff\" width=\"351\">\n<p class=\"western\" lang=\"en-US\" align=\"left\"><span style=\"color: #000000;\"><span style=\"font-family: Arial, sans-serif;\"><span style=\"font-size: small;\"><span lang=\"pt-BR\"><b>Prof\u00aa Dr\u00aa Vera L\u00facia Trevisan de Souza \u2013 PUC Campinas<\/b><\/span><\/span><\/span><\/span><\/p>\n<p class=\"western\" lang=\"en-US\" align=\"left\"><span style=\"color: #000000;\"> <span style=\"font-family: Arial, sans-serif;\"><span style=\"font-size: small;\"><span lang=\"pt-BR\">Docente e pesquisadora do Programa de P\u00f3s-Gradua\u00e7\u00e3o Stricto Sensu em Psicologia e do curso de gradua\u00e7\u00e3o em Psicologia da Pontif\u00edcia Universidade Cat\u00f3lica de Campinas. <\/span><\/span><\/span><\/span><\/p>\n<\/td>\n<\/tr>\n<tr valign=\"top\">\n<td bgcolor=\"#ffffff\" width=\"106\" height=\"104\">\n<p class=\"western\" lang=\"en-US\" align=\"left\"><span style=\"color: #000000;\"><span style=\"font-family: Arial, sans-serif;\"><span style=\"font-size: small;\"><span lang=\"pt-BR\"><b>15 de abril<\/b><\/span><\/span><\/span><\/span><\/p>\n<p class=\"western\" lang=\"en-US\" align=\"left\"><span style=\"color: #000000;\"><span style=\"font-family: Arial, sans-serif;\"><span style=\"font-size: small;\"><span lang=\"pt-BR\"><b>8 \u00e0s 17h <\/b><\/span><\/span><\/span><\/span><\/p>\n<p class=\"western\" lang=\"en-US\" align=\"left\"><span style=\"color: #000000;\"><span style=\"font-family: Arial, sans-serif;\"><span style=\"font-size: small;\"><span lang=\"pt-BR\"><b>(8h)<\/b><\/span><\/span><\/span><\/span><\/p>\n<\/td>\n<td bgcolor=\"#ffffff\" width=\"194\">\n<p class=\"western\" lang=\"en-US\" align=\"left\"><span style=\"color: #000000;\"><span style=\"font-family: Arial, sans-serif;\"><span style=\"font-size: small;\"><span lang=\"pt-BR\"><b>Mesa redonda: <\/b><\/span><span lang=\"pt-BR\">\u201cO Orientador Pedag\u00f3gico e o Projeto Pol\u00edtico Pedag\u00f3gico \u201d<\/span><\/span><\/span><\/span><\/p>\n<p class=\"western\" lang=\"en-US\" align=\"left\"><span style=\"color: #000000;\"><span style=\"font-family: Arial, sans-serif;\"><span style=\"font-size: small;\"><span lang=\"pt-BR\"><b>Grupos de trabalho;<\/b><\/span><\/span><\/span><\/span><\/p>\n<p class=\"western\" lang=\"en-US\" align=\"left\"><span style=\"color: #000000;\"><span style=\"font-family: Arial, sans-serif;\"><span style=\"font-size: small;\"><span lang=\"pt-BR\"><b>Plen\u00e1ria;<\/b><\/span><\/span><\/span><\/span><\/p>\n<\/td>\n<td bgcolor=\"#ffffff\" width=\"351\">\n<p class=\"western\" lang=\"en-US\" align=\"left\"><span style=\"color: #000000;\"><span style=\"font-family: Arial, sans-serif;\"><span style=\"font-size: small;\"><span lang=\"pt-BR\"><b>Prof\u00ba Dr Jos\u00e9 Cerchi Fusari \u2013 USP <\/b><\/span><\/span><\/span><\/span><\/p>\n<p class=\"western\" lang=\"en-US\" align=\"left\"><span style=\"color: #000000;\"><span style=\"font-family: Arial, sans-serif;\"><span style=\"font-size: small;\"><span lang=\"pt-BR\">Atualmente \u00e9 professor titular da Universidade de S\u00e3o Paulo. Tem experi\u00eancia na \u00e1rea de Educa\u00e7\u00e3o, com \u00eanfase em Ensino-Aprendizagem. Atuando principalmente nos seguintes temas: Forma\u00e7\u00e3o cont\u00ednua, Representa\u00e7\u00f5es de coordenadores pedag\u00f3gicos<\/span><\/span><\/span><\/span><\/p>\n<\/td>\n<\/tr>\n<\/tbody>\n<\/table>\n","protected":false},"excerpt":{"rendered":"<p>Ementa: A proposta possui como objetivo aprofundar as discuss\u00f5es sobre como se caracteriza a Orienta\u00e7\u00e3o Pedag\u00f3gica, problematizando as quest\u00f5es da pr\u00e1tica profissional que oferecem indica\u00e7\u00f5es sobre a forma\u00e7\u00e3o, o desenvolvimento profissional e do acompanhamento da pr\u00e1tica educativa no contexto escolar. Formadores : Prof\u00aa Dr\u00aa Maria Jos\u00e9 da Silva Fernandes , Prof\u00aa Dr\u00aa Vera L\u00facia Trevisan&nbsp; <a href=\"https:\/\/sorocaba.sp.gov.br\/catalogodecursos\/curso-15-orientador-pedagogico-desafios-e-perspectivas-da-pratica-profissional\/\">&hellip; Leia mais<\/a><\/p>\n","protected":false},"author":12,"featured_media":0,"parent":0,"menu_order":0,"comment_status":"closed","ping_status":"closed","template":"","meta":{"footnotes":""},"class_list":["post-134","page","type-page","status-publish","hentry"],"_links":{"self":[{"href":"https:\/\/sorocaba.sp.gov.br\/catalogodecursos\/wp-json\/wp\/v2\/pages\/134","targetHints":{"allow":["GET"]}}],"collection":[{"href":"https:\/\/sorocaba.sp.gov.br\/catalogodecursos\/wp-json\/wp\/v2\/pages"}],"about":[{"href":"https:\/\/sorocaba.sp.gov.br\/catalogodecursos\/wp-json\/wp\/v2\/types\/page"}],"author":[{"embeddable":true,"href":"https:\/\/sorocaba.sp.gov.br\/catalogodecursos\/wp-json\/wp\/v2\/users\/12"}],"replies":[{"embeddable":true,"href":"https:\/\/sorocaba.sp.gov.br\/catalogodecursos\/wp-json\/wp\/v2\/comments?post=134"}],"version-history":[{"count":1,"href":"https:\/\/sorocaba.sp.gov.br\/catalogodecursos\/wp-json\/wp\/v2\/pages\/134\/revisions"}],"predecessor-version":[{"id":136,"href":"https:\/\/sorocaba.sp.gov.br\/catalogodecursos\/wp-json\/wp\/v2\/pages\/134\/revisions\/136"}],"wp:attachment":[{"href":"https:\/\/sorocaba.sp.gov.br\/catalogodecursos\/wp-json\/wp\/v2\/media?parent=134"}],"curies":[{"name":"wp","href":"https:\/\/api.w.org\/{rel}","templated":true}]}}