{"id":140,"date":"2016-02-04T14:35:26","date_gmt":"2016-02-04T14:35:26","guid":{"rendered":"http:\/\/sorocaba.sp.gov.br\/planodeformacao\/?page_id=140"},"modified":"2016-02-04T14:35:26","modified_gmt":"2016-02-04T14:35:26","slug":"curso-17-convivencia-ajudando-a-lidar-com-conflitos","status":"publish","type":"page","link":"https:\/\/sorocaba.sp.gov.br\/catalogodecursos\/curso-17-convivencia-ajudando-a-lidar-com-conflitos\/","title":{"rendered":"Curso 17 &#8211; conviv\u00eancia: ajudando a lidar com conflitos"},"content":{"rendered":"<p class=\"western\" lang=\"en-US\" align=\"left\"><span style=\"color: #000000;\"><span style=\"font-family: Arial, sans-serif;\"><span style=\"font-size: small;\"><span lang=\"pt-BR\"><b>Ementa<\/b><\/span><span lang=\"pt-BR\">:<\/span> <span lang=\"pt-BR\">Propiciar momentos de reflex\u00e3o sobre as rela\u00e7\u00f5es interpessoais, sobre habilidades a serem desenvolvidas considerando-se os valores e princ\u00edpios: autonomia, respeito, participa\u00e7\u00e3o, envolvimento, sociabilidade.<\/span><\/span><\/span><\/span><\/p>\n<p class=\"western\" lang=\"en-US\" align=\"left\"><span style=\"color: #000000;\"><span style=\"font-family: Arial, sans-serif;\"><span style=\"font-size: small;\"><span lang=\"pt-BR\"><b>Formadora:<\/b><\/span><span lang=\"pt-BR\"> Psic\u00f3loga Janete Alher Jo\u00e3o, M\u00e1rcia de F\u00e1tima Delanholo Sturm e Paula de F\u00e1tima Soares Cosmin <\/span><\/span><\/span><\/span><\/p>\n<p class=\"western\" lang=\"en-US\" align=\"left\"><span style=\"color: #000000;\"><span style=\"font-family: Arial, sans-serif;\"><span style=\"font-size: small;\"><span lang=\"pt-BR\"><b>Respons\u00e1vel T\u00e9cnico<\/b><\/span><span lang=\"pt-BR\">: Prof\u00aa Me Patricia Rom\u00e3o <\/span><\/span><\/span><\/span><\/p>\n<p class=\"western\" lang=\"en-US\" align=\"left\"><span style=\"color: #000000;\"> <span style=\"font-family: Arial, sans-serif;\"><span style=\"font-size: small;\"><span lang=\"pt-BR\">Gestora de Desenvolvimento Educacional <\/span><\/span><\/span><\/span><\/p>\n<p class=\"western\" lang=\"en-US\" align=\"left\"><span style=\"color: #000000;\"><span style=\"font-family: Arial, sans-serif;\"><span style=\"font-size: small;\"><span lang=\"pt-BR\"><b>P\u00fablico Alvo<\/b><\/span><span lang=\"pt-BR\">: Inspetores de alunos <\/span><\/span><\/span><\/span><\/p>\n<p class=\"western\" lang=\"en-US\" align=\"left\"><span style=\"color: #000000;\"><span style=\"font-family: Arial, sans-serif;\"><span style=\"font-size: small;\"><span lang=\"pt-BR\"><b>Vagas<\/b><\/span><span lang=\"pt-BR\">: 20 vagas<\/span><\/span><\/span><\/span><\/p>\n<p class=\"western\" lang=\"en-US\" align=\"left\"><span style=\"color: #000000;\"><span style=\"font-family: Arial, sans-serif;\"><span style=\"font-size: small;\"><span lang=\"pt-BR\"><b>Per\u00edodo de realiza\u00e7\u00e3o<\/b><\/span><span lang=\"pt-BR\">: abril e maio de 2016<\/span><\/span><\/span><\/span><\/p>\n<p class=\"western\" lang=\"en-US\" align=\"left\"><span style=\"color: #000000;\"><span style=\"font-family: Arial, sans-serif;\"><span style=\"font-size: small;\"><span lang=\"pt-BR\"><b>Per\u00edodo de inscri\u00e7\u00e3o<\/b><\/span><span lang=\"pt-BR\">: 14 a 21 de mar\u00e7o de 2016<\/span><\/span><\/span><\/span><\/p>\n<p class=\"western\" lang=\"en-US\" align=\"left\"><span style=\"color: #000000;\"><span style=\"font-family: Arial, sans-serif;\"><span style=\"font-size: small;\"><span lang=\"pt-BR\"><b>Link de Inscri\u00e7\u00e3o<\/b><\/span><\/span><\/span><\/span><span style=\"color: #000000;\"><span style=\"font-family: Arial, sans-serif;\"><span style=\"font-size: small;\"><span lang=\"pt-BR\">: <\/span><\/span><\/span><\/span><span style=\"color: #000080;\"><span lang=\"zxx\"><a href=\"https:\/\/goo.gl\/kd4n4S\"><span style=\"color: #000000;\"><span style=\"font-family: Arial, sans-serif;\"><span style=\"font-size: small;\"><span lang=\"pt-BR\">https:\/\/goo.gl\/kd4n4S<\/span><\/span><\/span><\/span><\/a><\/span><\/span><\/p>\n<p class=\"western\" lang=\"en-US\" align=\"left\"><span style=\"color: #000000;\"><span style=\"font-family: Arial, sans-serif;\"><span style=\"font-size: small;\"><span lang=\"pt-BR\"><b>*As vagas ser\u00e3o preenchidas por ordem de inscri\u00e7\u00e3o<\/b><\/span><\/span><\/span><\/span><\/p>\n<p class=\"western\" lang=\"en-US\" align=\"left\"><span style=\"color: #000000;\"><span style=\"font-family: Arial, sans-serif;\"><span style=\"font-size: small;\"><span lang=\"pt-BR\"><b>Divulga\u00e7\u00e3o dos inscritos<\/b><\/span><\/span><\/span><\/span><span style=\"color: #000000;\"><span style=\"font-family: Arial, sans-serif;\"><span style=\"font-size: small;\"><span lang=\"pt-BR\">: 24 de mar\u00e7o de 2016 (<\/span><\/span><\/span><\/span><span style=\"color: #000080;\"><span lang=\"zxx\"><a href=\"http:\/\/www.educacao.sorocaba.sp.gov.br\/\"><span style=\"color: #000000;\"><span style=\"font-family: Arial, sans-serif;\"><span style=\"font-size: small;\"><span lang=\"pt-BR\">www.educacao.sorocaba.sp.gov.br<\/span><\/span><\/span><\/span><\/a><\/span><\/span><span style=\"color: #000000;\"><span style=\"font-family: Arial, sans-serif;\"><span style=\"font-size: small;\"><span lang=\"pt-BR\">)<\/span><\/span><\/span><\/span><\/p>\n<p class=\"western\" lang=\"en-US\" align=\"left\"><span style=\"color: #000000;\"><span style=\"font-family: Arial, sans-serif;\"><span style=\"font-size: small;\"><span lang=\"pt-BR\"><b>Os participantes ser\u00e3o convocados, no hor\u00e1rio do curso, por meio de of\u00edcio da DAGP\/SEDU. <\/b><\/span><\/span><\/span><\/span><\/p>\n<p class=\"western\" lang=\"en-US\" align=\"left\"><span style=\"color: #000000;\"><span style=\"font-family: Arial, sans-serif;\"><span style=\"font-size: small;\"><span lang=\"pt-BR\"><b>Carga hor\u00e1ria<\/b><\/span><span lang=\"pt-BR\">: 8h<\/span><\/span><\/span><\/span><\/p>\n<p class=\"western\" lang=\"en-US\" align=\"left\"><span style=\"color: #000000;\"><span style=\"font-family: Arial, sans-serif;\"><span style=\"font-size: small;\"><span lang=\"pt-BR\"><b>Hor\u00e1rio:<\/b><\/span><span lang=\"pt-BR\"> 13 \u00e0s 17h <\/span><\/span><\/span><\/span><\/p>\n<p class=\"western\" lang=\"en-US\" align=\"left\"><span style=\"color: #000000;\"><span style=\"font-family: Arial, sans-serif;\"><span style=\"font-size: small;\"><span lang=\"pt-BR\"><b>Local:<\/b><\/span><span lang=\"pt-BR\"> Centro de Refer\u00eancia em Educa\u00e7\u00e3o<\/span><\/span><\/span><\/span><\/p>\n<p class=\"western\" lang=\"en-US\" align=\"left\"><span style=\"color: #000000;\"> <span style=\"font-family: Arial, sans-serif;\"><span style=\"font-size: small;\"><span lang=\"pt-BR\">Rua: Arthur Caldini, 211<\/span><\/span><\/span><\/span><\/p>\n<p class=\"western\" lang=\"en-US\" align=\"left\"><span style=\"color: #000000;\"> <span style=\"font-family: Arial, sans-serif;\"><span style=\"font-size: small;\"><span lang=\"pt-BR\">Jardim Saira <\/span><\/span><\/span><\/span><\/p>\n<p class=\"western\" lang=\"en-US\" align=\"left\"><span style=\"color: #000000;\"><span style=\"font-family: Arial, sans-serif;\"><span style=\"font-size: small;\"><span lang=\"pt-BR\"><b>Conte\u00fado Program\u00e1tico <\/b><\/span><\/span><\/span><\/span><\/p>\n<p class=\"western\" lang=\"en-US\" align=\"left\"><span style=\"color: #000000;\"><span style=\"font-family: Arial, sans-serif;\"><span style=\"font-size: small;\"><span lang=\"pt-BR\"><b>Datas<\/b><\/span><b> <\/b><span lang=\"pt-BR\">11\/04\/2016 <\/span><span lang=\"pt-BR\">e 09\/05\/2016<\/span><\/span><\/span><\/span><\/p>\n<p class=\"western\" lang=\"en-US\" align=\"left\"><span style=\"color: #000000;\"><span style=\"font-family: Arial, sans-serif;\"><span style=\"font-size: small;\"><span lang=\"pt-BR\"><b>Temas<\/b><\/span><b> <\/b><span lang=\"pt-BR\">Discuss\u00e3o sobre as rela\u00e7\u00f5es interpessoais;<\/span><\/span><\/span><\/span><\/p>\n<p class=\"western\" lang=\"en-US\" align=\"left\"><span style=\"color: #000000;\"><span style=\"font-family: Arial, sans-serif;\"><span style=\"font-size: small;\"><span lang=\"pt-BR\">Habilidades a serem desenvolvidas considerando-se os valores e princ\u00edpios: autonomia, respeito, participa\u00e7\u00e3o, envolvimento e sociabilidade.<\/span><b> <\/b><\/span><\/span><\/span><\/p>\n<p class=\"western\" lang=\"en-US\" align=\"left\"><span style=\"color: #000000;\"><span style=\"font-family: Arial, sans-serif;\"><span style=\"font-size: small;\"><span lang=\"pt-BR\"><b>Hor\u00e1rio<\/b><\/span><b> <\/b><span lang=\"pt-BR\">13 \u00e0s 17h<\/span><\/span><\/span><\/span><\/p>\n","protected":false},"excerpt":{"rendered":"<p>Ementa: Propiciar momentos de reflex\u00e3o sobre as rela\u00e7\u00f5es interpessoais, sobre habilidades a serem desenvolvidas considerando-se os valores e princ\u00edpios: autonomia, respeito, participa\u00e7\u00e3o, envolvimento, sociabilidade. Formadora: Psic\u00f3loga Janete Alher Jo\u00e3o, M\u00e1rcia de F\u00e1tima Delanholo Sturm e Paula de F\u00e1tima Soares Cosmin Respons\u00e1vel T\u00e9cnico: Prof\u00aa Me Patricia Rom\u00e3o Gestora de Desenvolvimento Educacional P\u00fablico Alvo: Inspetores de alunos&nbsp; <a href=\"https:\/\/sorocaba.sp.gov.br\/catalogodecursos\/curso-17-convivencia-ajudando-a-lidar-com-conflitos\/\">&hellip; Leia mais<\/a><\/p>\n","protected":false},"author":12,"featured_media":0,"parent":0,"menu_order":0,"comment_status":"closed","ping_status":"closed","template":"","meta":{"footnotes":""},"class_list":["post-140","page","type-page","status-publish","hentry"],"_links":{"self":[{"href":"https:\/\/sorocaba.sp.gov.br\/catalogodecursos\/wp-json\/wp\/v2\/pages\/140","targetHints":{"allow":["GET"]}}],"collection":[{"href":"https:\/\/sorocaba.sp.gov.br\/catalogodecursos\/wp-json\/wp\/v2\/pages"}],"about":[{"href":"https:\/\/sorocaba.sp.gov.br\/catalogodecursos\/wp-json\/wp\/v2\/types\/page"}],"author":[{"embeddable":true,"href":"https:\/\/sorocaba.sp.gov.br\/catalogodecursos\/wp-json\/wp\/v2\/users\/12"}],"replies":[{"embeddable":true,"href":"https:\/\/sorocaba.sp.gov.br\/catalogodecursos\/wp-json\/wp\/v2\/comments?post=140"}],"version-history":[{"count":1,"href":"https:\/\/sorocaba.sp.gov.br\/catalogodecursos\/wp-json\/wp\/v2\/pages\/140\/revisions"}],"predecessor-version":[{"id":142,"href":"https:\/\/sorocaba.sp.gov.br\/catalogodecursos\/wp-json\/wp\/v2\/pages\/140\/revisions\/142"}],"wp:attachment":[{"href":"https:\/\/sorocaba.sp.gov.br\/catalogodecursos\/wp-json\/wp\/v2\/media?parent=140"}],"curies":[{"name":"wp","href":"https:\/\/api.w.org\/{rel}","templated":true}]}}