{"id":155,"date":"2016-07-19T17:48:13","date_gmt":"2016-07-19T17:48:13","guid":{"rendered":"http:\/\/sorocaba.sp.gov.br\/catalogodecursos\/?page_id=155"},"modified":"2016-07-22T14:41:02","modified_gmt":"2016-07-22T14:41:02","slug":"curso-25-literatura-na-primeira-infancia","status":"publish","type":"page","link":"https:\/\/sorocaba.sp.gov.br\/catalogodecursos\/curso-25-literatura-na-primeira-infancia\/","title":{"rendered":"CURSO 25- LITERATURA NA PRIMEIRA INF\u00c2NCIA"},"content":{"rendered":"<p class=\"western\" lang=\"en-US\" align=\"left\"><span style=\"color: #000000;\"><span style=\"font-family: 'Times New Roman', serif;\"><span style=\"font-size: medium;\"><span lang=\"pt-BR\"><b>Ementa: <\/b><\/span><span lang=\"pt-BR\">A leitura deve ser entendida como alimento, mat\u00e9ria-prima para as necessidades ps\u00edquicas que, como todas as demais necessidades b\u00e1sicas, devem ser cuidadas, sejam f\u00edsicas ou emocionais. A palavra, a voz do leitor desempenha um papel importante na forma\u00e7\u00e3o dos sujeitos na primeira inf\u00e2ncia. Constituem a porta de entrada para uma cultura, introduzem a linguagem, educam para uma determinada musicalidade e um ritmo espec\u00edficos que marcam e acompanham a crian\u00e7a para a vida toda<\/span><span lang=\"pt-BR\"><b>. <\/b><\/span><\/span><\/span><\/span><\/p>\n<p class=\"western\" lang=\"en-US\" align=\"left\"><span style=\"color: #000000;\"><span style=\"font-family: 'Times New Roman', serif;\"><span style=\"font-size: medium;\"><span lang=\"pt-BR\"><b>Formadores: <\/b><\/span><span lang=\"pt-BR\">Professor Me Pedro Luis Rodrigues, Angela Perp\u00e9tuo Vallini;Fernanda Lopes Jamas; M\u00e1rcia de Souza Sim\u00e3o Boff; Nidia Soares Dessordi; Patr\u00edcia de Lourdes Camargo Croce e Solange Gonzales Amadio<\/span><\/span><\/span><\/span><\/p>\n<p class=\"western\" lang=\"en-US\" align=\"left\"><span style=\"color: #000000;\"><span style=\"font-family: 'Times New Roman', serif;\"><span style=\"font-size: medium;\"><span lang=\"pt-BR\"><b>P\u00fablico Alvo: <\/b><\/span><span lang=\"pt-BR\">Auxiliares de Educa\u00e7\u00e3o, Professores da Educa\u00e7\u00e3o B\u00e1sica e Profissionais do Suporte pedag\u00f3gico <\/span><\/span><\/span><\/span><\/p>\n<p class=\"western\" lang=\"en-US\" align=\"left\"><span style=\"color: #000000;\"><span style=\"font-family: 'Times New Roman', serif;\"><span style=\"font-size: medium;\"><span lang=\"pt-BR\"><b>Vagas: 40 <\/b><\/span><span lang=\"pt-BR\">(20 vagas por turma)<\/span><\/span><\/span><\/span><\/p>\n<p class=\"western\" lang=\"en-US\" align=\"left\"><span style=\"color: #000000;\"><span style=\"font-family: 'Times New Roman', serif;\"><span style=\"font-size: medium;\"><span lang=\"pt-BR\"><b>*As vagas ser\u00e3o preenchidas por ordem de inscri\u00e7\u00e3o<\/b><\/span><\/span><\/span><\/span><\/p>\n<p class=\"western\" lang=\"en-US\" align=\"left\"><span style=\"color: #000000;\"><span style=\"font-family: 'Times New Roman', serif;\"><span style=\"font-size: medium;\"><span lang=\"pt-BR\"><b>Per\u00edodo de inscri\u00e7\u00e3o:<\/b><\/span> <span lang=\"pt-BR\"><b>25 de julho \u00e0 02 de agosto de 2016 <\/b><\/span><\/span><\/span><\/span><\/p>\n<p class=\"western\" lang=\"en-US\" align=\"left\"><span style=\"color: #000000;\"><span style=\"font-family: 'Times New Roman', serif;\"><span style=\"font-size: medium;\"><span lang=\"pt-BR\"><b>Divulga\u00e7\u00e3o dos inscritos: <\/b><\/span><span lang=\"pt-BR\">8 de agosto<\/span><b> <\/b><\/span><\/span><\/span><\/p>\n<p class=\"western\" lang=\"en-US\" align=\"left\"><span style=\"color: #000000;\"><span style=\"font-family: 'Times New Roman', serif;\"><span style=\"font-size: medium;\"><span lang=\"pt-BR\"><b>Hor\u00e1rio: <\/b><\/span><span lang=\"pt-BR\">Turma A (08h \u00e0s 10h)<\/span><\/span><\/span><\/span><\/p>\n<p class=\"western\" lang=\"en-US\" align=\"left\"><span style=\"color: #000000;\"> <span style=\"font-family: 'Times New Roman', serif;\"><span style=\"font-size: medium;\"><span lang=\"pt-BR\">Turma B (14h \u00e0s 16h) <\/span><\/span><\/span><\/span><\/p>\n<p class=\"western\" lang=\"en-US\" align=\"left\"><span style=\"color: #000000;\"><span style=\"font-family: 'Times New Roman', serif;\"><span style=\"font-size: medium;\"><span lang=\"pt-BR\"><b>Carga hor\u00e1ria: <\/b><\/span><span lang=\"pt-BR\">18 horas <\/span><\/span><\/span><\/span><\/p>\n<p class=\"western\" lang=\"en-US\" align=\"left\"><span style=\"color: #000000;\"><span style=\"font-family: 'Times New Roman', serif;\"><span style=\"font-size: medium;\"><span lang=\"pt-BR\"><b>Local: <\/b><\/span><span lang=\"pt-BR\">Centro de Refer\u00eancia em Educa\u00e7\u00e3o <\/span><\/span><\/span><\/span><\/p>\n<p class=\"western\" lang=\"en-US\" align=\"left\"><span style=\"color: #000000;\"> <span style=\"font-family: 'Times New Roman', serif;\"><span style=\"font-size: medium;\"><span lang=\"pt-BR\">Rua: Arthur Caldini, 211<\/span><\/span><\/span><\/span><\/p>\n<p class=\"western\" lang=\"en-US\" align=\"left\"><span style=\"color: #000000;\"> <span style=\"font-family: 'Times New Roman', serif;\"><span style=\"font-size: medium;\"><span lang=\"pt-BR\">Jardim Saira \u2013 Sorocaba <\/span><\/span><\/span><\/span><\/p>\n<table border=\"0\" width=\"100%\" cellspacing=\"2px\">\n<tbody>\n<tr>\n<th scope=\"col\" align=\"left\" width=\"59\"><b>Datas<\/b><\/th>\n<th scope=\"col\" width=\"108\"><\/th>\n<th scope=\"col\" width=\"615\"><b>Conte\u00fado program\u00e1tico<\/b><\/th>\n<\/tr>\n<tr>\n<td valign=\"top\" width=\"59\">\n<p class=\"western\" lang=\"en-US\" align=\"left\"><span style=\"color: #000000;\"><span style=\"font-family: 'Times New Roman', serif;\"><span style=\"font-size: medium;\"><span lang=\"pt-PT\"><b>10\/08<\/b><\/span><\/span><\/span><\/span><\/p>\n<\/td>\n<td valign=\"top\" bgcolor=\"#ffffff\" width=\"108\">\n<p class=\"western\" lang=\"en-US\" align=\"left\"><span style=\"color: #000000;\"><span style=\"font-family: 'Times New Roman', serif;\"><span style=\"font-size: medium;\"><span lang=\"pt-PT\">Encontro 1<\/span><\/span><\/span><\/span><\/p>\n<\/td>\n<td>&#8220;A CASA IMAGIN\u00c1RIA&#8221; &#8211; Concep\u00e7\u00f5es pedag\u00f3gicas e filos\u00f3ficas que norteiam a Literatura para a primeira inf\u00e2ncia;<\/td>\n<\/tr>\n<tr>\n<td valign=\"top\" width=\"59\">\n<p class=\"western\" lang=\"en-US\" align=\"left\"><span style=\"color: #000000;\"><span style=\"font-family: 'Times New Roman', serif;\"><span style=\"font-size: medium;\"><span lang=\"pt-BR\"><b>17\/08<\/b><\/span><\/span><\/span><\/span><\/p>\n<\/td>\n<td valign=\"top\" bgcolor=\"#ffffff\" width=\"108\">\n<p class=\"western\" lang=\"en-US\" align=\"left\"><span style=\"color: #000000;\"><span style=\"font-family: 'Times New Roman', serif;\"><span style=\"font-size: medium;\"><span lang=\"pt-PT\">Encontro 2<\/span><\/span><\/span><\/span><\/p>\n<\/td>\n<td>\n<p class=\"western\" lang=\"en-US\" align=\"left\"><span style=\"color: #000000;\"><span style=\"font-family: 'Times New Roman', serif;\"><span style=\"font-size: medium;\"><span lang=\"pt-BR\">LER E CONTAR HIST\u00d3RIAS &#8211; alguma diferen\u00e7a?<\/span><\/span><\/span><\/span><\/p>\n<\/td>\n<\/tr>\n<tr>\n<td valign=\"top\" width=\"59\">\n<p class=\"western\" lang=\"en-US\" align=\"left\"><span style=\"color: #000000;\"><span style=\"font-family: 'Times New Roman', serif;\"><span style=\"font-size: medium;\"><span lang=\"pt-PT\"><b>24\/08<\/b><\/span><\/span><\/span><\/span><\/p>\n<\/td>\n<td valign=\"top\" bgcolor=\"#ffffff\" width=\"108\">\n<p class=\"western\" lang=\"en-US\" align=\"left\"><span style=\"color: #000000;\"><span style=\"font-family: 'Times New Roman', serif;\"><span style=\"font-size: medium;\"><span lang=\"pt-PT\">Encontro 3<\/span><\/span><\/span><\/span><\/p>\n<\/td>\n<td>ESPA\u00c7OS E AMBIENTES PARA LEITURA &#8211; como organizar?<\/td>\n<\/tr>\n<tr>\n<td valign=\"top\" width=\"59\">\n<p class=\"western\" lang=\"en-US\" align=\"left\"><span style=\"color: #000000;\"><span style=\"font-family: 'Times New Roman', serif;\"><span style=\"font-size: medium;\"><span lang=\"pt-PT\"><b>31\/08<\/b><\/span><\/span><\/span><\/span><\/p>\n<\/td>\n<td valign=\"top\" bgcolor=\"#ffffff\" width=\"108\">\n<p class=\"western\" lang=\"en-US\" align=\"left\"><span style=\"color: #000000;\"><span style=\"font-family: 'Times New Roman', serif;\"><span style=\"font-size: medium;\"><span lang=\"pt-PT\">Encontro 4<\/span><\/span><\/span><\/span><\/p>\n<\/td>\n<td>O QUE SE PODE LER? &#8211; tipologia de livros para a primeira inf\u00e2ncia<\/td>\n<\/tr>\n<tr>\n<td valign=\"top\" width=\"59\">\n<p class=\"western\" lang=\"en-US\" align=\"left\"><span style=\"color: #000000;\"><span style=\"font-family: 'Times New Roman', serif;\"><span style=\"font-size: medium;\"><span lang=\"pt-PT\"><b>14\/09<\/b><\/span><\/span><\/span><\/span><\/p>\n<\/td>\n<td valign=\"top\" bgcolor=\"#ffffff\" width=\"108\">\n<p class=\"western\" lang=\"en-US\" align=\"left\"><span style=\"color: #000000;\"><span style=\"font-family: 'Times New Roman', serif;\"><span style=\"font-size: medium;\"><span lang=\"pt-PT\">Encontro 5<\/span><\/span><\/span><\/span><\/p>\n<\/td>\n<td>NARRATIVAS MARAVILHOSAS &#8211; Contos de Fadas e contos maravilhosos<\/td>\n<\/tr>\n<tr>\n<td valign=\"top\" width=\"59\">\n<p class=\"western\" lang=\"en-US\" align=\"left\"><span style=\"color: #000000;\"><span style=\"font-family: 'Times New Roman', serif;\"><span style=\"font-size: medium;\"><span lang=\"pt-PT\"><b>28\/09<\/b><\/span><\/span><\/span><\/span><\/p>\n<\/td>\n<td valign=\"top\" bgcolor=\"#ffffff\" width=\"108\">\n<p class=\"western\" lang=\"en-US\" align=\"left\"><span style=\"color: #000000;\"><span style=\"font-family: 'Times New Roman', serif;\"><span style=\"font-size: medium;\"><span lang=\"pt-PT\">Encontro 6<\/span><\/span><\/span><\/span><\/p>\n<\/td>\n<td>ENTRE PORTAS E SEGREDOS &#8211; vers\u00f5es\/recontos, adapta\u00e7\u00f5es de contos de fadas<\/td>\n<\/tr>\n<tr>\n<td valign=\"top\" width=\"59\">\n<p class=\"western\" lang=\"en-US\" align=\"left\"><span style=\"color: #000000;\"><span style=\"font-family: 'Times New Roman', serif;\"><span style=\"font-size: medium;\"><span lang=\"pt-PT\"><b>05\/10<\/b><\/span><\/span><\/span><\/span><\/p>\n<\/td>\n<td valign=\"top\" bgcolor=\"#ffffff\" width=\"108\">\n<p class=\"western\" lang=\"en-US\" align=\"left\"><span style=\"color: #000000;\"><span style=\"font-family: 'Times New Roman', serif;\"><span style=\"font-size: medium;\"><span lang=\"pt-PT\">Encontro 7<\/span><\/span><\/span><\/span><\/p>\n<\/td>\n<td>PARE NO &#8220;P&#8221; DA POESIA &#8211; recorda\u00e7\u00f5es po\u00e9ticas<\/td>\n<\/tr>\n<tr>\n<td valign=\"top\" width=\"59\">\n<p class=\"western\" lang=\"en-US\" align=\"left\"><span style=\"color: #000000;\"><span style=\"font-family: 'Times New Roman', serif;\"><span style=\"font-size: medium;\"><span lang=\"pt-PT\"><b>19\/10<\/b><\/span><\/span><\/span><\/span><\/p>\n<\/td>\n<td valign=\"top\" bgcolor=\"#ffffff\" width=\"108\">\n<p class=\"western\" lang=\"en-US\" align=\"left\"><span style=\"color: #000000;\"><span style=\"font-family: 'Times New Roman', serif;\"><span style=\"font-size: medium;\"><span lang=\"pt-PT\">Encontro 8<\/span><\/span><\/span><\/span><\/p>\n<\/td>\n<td>POEMAS INFANTIS &#8211; o que se pode ler?<\/td>\n<\/tr>\n<tr>\n<td valign=\"top\" width=\"59\">\n<p class=\"western\" lang=\"en-US\" align=\"left\"><span style=\"color: #000000;\"> <span style=\"font-family: 'Times New Roman', serif;\"><span style=\"font-size: medium;\"><span lang=\"pt-PT\"><b>09\/11<\/b><\/span><\/span><\/span><\/span><\/p>\n<\/td>\n<td valign=\"top\" bgcolor=\"#ffffff\" width=\"108\">\n<p class=\"western\" lang=\"en-US\" align=\"left\"><span style=\"color: #000000;\"><span style=\"font-family: 'Times New Roman', serif;\"><span style=\"font-size: medium;\"><span lang=\"pt-PT\">Encontro 9<\/span><\/span><\/span><\/span><\/p>\n<\/td>\n<td>MEU PROJETO DE LEITURA &#8211; como elaborar projetos de leitura para a primeira inf\u00e2ncia.<\/td>\n<\/tr>\n<\/tbody>\n<\/table>\n<p>&nbsp;<\/p>\n<p>&nbsp;<\/p>\n<p><b>Link para inscri\u00e7\u00e3o: <\/b><b><a href=\"https:\/\/goo.gl\/3wnb4q\"><span style=\"font-size: medium;\"><span lang=\"pt-BR\"><b>https:\/\/goo.gl\/3wnb4q<\/b><\/span><\/span><\/a><\/b><\/p>\n","protected":false},"excerpt":{"rendered":"<p>Ementa: A leitura deve ser entendida como alimento, mat\u00e9ria-prima para as necessidades ps\u00edquicas que, como todas as demais necessidades b\u00e1sicas, devem ser cuidadas, sejam f\u00edsicas ou emocionais. A palavra, a voz do leitor desempenha um papel importante na forma\u00e7\u00e3o dos sujeitos na primeira inf\u00e2ncia. Constituem a porta de entrada para uma cultura, introduzem a linguagem,&nbsp; <a href=\"https:\/\/sorocaba.sp.gov.br\/catalogodecursos\/curso-25-literatura-na-primeira-infancia\/\">&hellip; Leia mais<\/a><\/p>\n","protected":false},"author":12,"featured_media":0,"parent":0,"menu_order":0,"comment_status":"closed","ping_status":"closed","template":"","meta":{"footnotes":""},"class_list":["post-155","page","type-page","status-publish","hentry"],"_links":{"self":[{"href":"https:\/\/sorocaba.sp.gov.br\/catalogodecursos\/wp-json\/wp\/v2\/pages\/155","targetHints":{"allow":["GET"]}}],"collection":[{"href":"https:\/\/sorocaba.sp.gov.br\/catalogodecursos\/wp-json\/wp\/v2\/pages"}],"about":[{"href":"https:\/\/sorocaba.sp.gov.br\/catalogodecursos\/wp-json\/wp\/v2\/types\/page"}],"author":[{"embeddable":true,"href":"https:\/\/sorocaba.sp.gov.br\/catalogodecursos\/wp-json\/wp\/v2\/users\/12"}],"replies":[{"embeddable":true,"href":"https:\/\/sorocaba.sp.gov.br\/catalogodecursos\/wp-json\/wp\/v2\/comments?post=155"}],"version-history":[{"count":6,"href":"https:\/\/sorocaba.sp.gov.br\/catalogodecursos\/wp-json\/wp\/v2\/pages\/155\/revisions"}],"predecessor-version":[{"id":257,"href":"https:\/\/sorocaba.sp.gov.br\/catalogodecursos\/wp-json\/wp\/v2\/pages\/155\/revisions\/257"}],"wp:attachment":[{"href":"https:\/\/sorocaba.sp.gov.br\/catalogodecursos\/wp-json\/wp\/v2\/media?parent=155"}],"curies":[{"name":"wp","href":"https:\/\/api.w.org\/{rel}","templated":true}]}}