{"id":158,"date":"2016-07-19T17:48:29","date_gmt":"2016-07-19T17:48:29","guid":{"rendered":"http:\/\/sorocaba.sp.gov.br\/catalogodecursos\/?page_id=158"},"modified":"2016-07-21T14:28:37","modified_gmt":"2016-07-21T14:28:37","slug":"curso-26-o-bebe-e-sua-relacao-com-o-entorno","status":"publish","type":"page","link":"https:\/\/sorocaba.sp.gov.br\/catalogodecursos\/curso-26-o-bebe-e-sua-relacao-com-o-entorno\/","title":{"rendered":"CURSO 26: O BEB\u00ca E SUA RELA\u00c7\u00c3O COM O ENTORNO"},"content":{"rendered":"<p class=\"western\" lang=\"en-US\" align=\"left\"><span style=\"color: #000000;\"><span style=\"font-family: 'Times New Roman', serif;\"><span style=\"font-size: medium;\"><span lang=\"pt-PT\"><b>Ementa<\/b><\/span><span lang=\"pt-PT\">:<\/span> <span lang=\"pt-BR\">A entrada do beb\u00ea no ambiente escolar \u00e9 extremamente delicada para a vida de todos os envolvidos \u2013 beb\u00ea, pais, familiares, profissionais da escola \u2013 e mobiliza um conjunto de sentimentos decorrentes de d\u00favidas e incertezas intr\u00ednsecas a esse processo educativo. Sabe-se que os adultos s\u00e3o fundamentais na media\u00e7\u00e3o das rela\u00e7\u00f5es que se estabelecem entre a crian\u00e7a e o mundo, resultando na constitui\u00e7\u00e3o do sujeito. <\/span><\/span><\/span><\/span><\/p>\n<p class=\"western\" lang=\"en-US\" align=\"left\"><span style=\"color: #000000;\"><span style=\"font-family: 'Times New Roman', serif;\"><span style=\"font-size: medium;\"><span lang=\"pt-BR\">Assim, ser\u00e3o desenvolvidos encontros com o objetivo de refletir sobre a import\u00e2ncia do educador e do contexto escolar na constru\u00e7\u00e3o de significados, conhecimentos e sentimentos que favorecem o desenvolvimento biopsicossocial e a promo\u00e7\u00e3o da sa\u00fade mental do beb\u00ea.<\/span><\/span><\/span><\/span><\/p>\n<p class=\"western\" lang=\"en-US\" align=\"left\"><span style=\"color: #000000;\"><span style=\"font-family: 'Times New Roman', serif;\"><span style=\"font-size: medium;\"><span lang=\"pt-PT\"><b>Formadoras: <\/b><\/span><span lang=\"pt-PT\">V\u00e2nia de F\u00e1tima Cavalleiro Singh, Ana Claudia Moron , L\u00edgia Weber Pachelli e Adriana P\u00fablio <\/span><\/span><\/span><\/span><\/p>\n<p class=\"western\" lang=\"en-US\" align=\"left\"><span style=\"color: #000000;\"><span style=\"font-family: 'Times New Roman', serif;\"><span style=\"font-size: medium;\"><span lang=\"pt-PT\"><b>P\u00fablico Alvo: <\/b><\/span><span lang=\"pt-PT\">Auxiliares de Educa\u00e7\u00e3o, Professores da Educa\u00e7\u00e3o B\u00e1sica e Profissionais do Suporte pedag\u00f3gico <\/span><\/span><\/span><\/span><\/p>\n<p class=\"western\" lang=\"en-US\" align=\"left\"><span style=\"color: #000000;\"><span style=\"font-family: 'Times New Roman', serif;\"><span style=\"font-size: medium;\"><span lang=\"pt-PT\"><b>Vagas: 60 vagas ( 30 vagas por turma)<\/b><\/span><\/span><\/span><\/span><\/p>\n<p class=\"western\" lang=\"en-US\" align=\"left\"><span style=\"color: #000000;\"><span style=\"font-family: 'Times New Roman', serif;\"><span style=\"font-size: medium;\"><span lang=\"pt-BR\"><b>*As vagas ser\u00e3o preenchidas por ordem de inscri\u00e7\u00e3o<\/b><\/span><\/span><\/span><\/span><\/p>\n<p class=\"western\" lang=\"en-US\" align=\"left\"><span style=\"color: #000000;\"><span style=\"font-family: 'Times New Roman', serif;\"><span style=\"font-size: medium;\"><span lang=\"pt-PT\"><b>Per\u00edodo de inscri\u00e7\u00e3o: 15 de agosto \u00e0s 22 de agosto de 2016<\/b><\/span><\/span><\/span><\/span><\/p>\n<p class=\"western\" lang=\"en-US\" align=\"left\"><span style=\"color: #000000;\"><span style=\"font-family: 'Times New Roman', serif;\"><span style=\"font-size: medium;\"><span lang=\"pt-BR\"><b>Divulga\u00e7\u00e3o dos inscritos<\/b><\/span><span lang=\"pt-BR\">:26 de agosto de 2016 <\/span><\/span><\/span><\/span><\/p>\n<p class=\"western\" lang=\"en-US\" align=\"left\"><span style=\"color: #000000;\"><span style=\"font-family: 'Times New Roman', serif;\"><span style=\"font-size: medium;\"><span lang=\"pt-PT\"><b>Carga hor\u00e1ria:<\/b><\/span><span lang=\"pt-PT\"> 08 horas <\/span><\/span><\/span><\/span><\/p>\n<p class=\"western\" lang=\"en-US\" align=\"left\"><span style=\"color: #000000;\"><span style=\"font-family: 'Times New Roman', serif;\"><span style=\"font-size: medium;\"><span lang=\"pt-BR\"><b>Hor\u00e1rio:<\/b><\/span> <\/span><\/span><\/span><\/p>\n<p class=\"western\" lang=\"en-US\" align=\"left\"><span style=\"color: #000000;\"><span style=\"font-family: 'Times New Roman', serif;\"><span style=\"font-size: medium;\"><span lang=\"pt-BR\">Turma A: 08h \u00e0s 10 h<\/span><\/span><\/span><\/span><\/p>\n<p class=\"western\" lang=\"en-US\" align=\"left\"><span style=\"color: #000000;\"><span style=\"font-family: 'Times New Roman', serif;\"><span style=\"font-size: medium;\"><span lang=\"pt-BR\">Turma B: 14h \u00e0s 16 h<\/span><\/span><\/span><\/span><\/p>\n<p class=\"western\" lang=\"en-US\" align=\"left\"><span style=\"color: #000000;\"><span style=\"font-family: 'Times New Roman', serif;\"><span style=\"font-size: medium;\"><span lang=\"pt-PT\"><b>Local:<\/b><\/span> <span lang=\"pt-BR\">Ressig : Rua General Antunes Gurj\u00e3o, 267, no Bairro Al\u00e9m-Ponte<\/span><\/span><\/span><\/span><\/p>\n<table dir=\"ltr\" width=\"604\" cellspacing=\"0\" cellpadding=\"7\" align=\"left\">\n<colgroup>\n<col width=\"98\" \/>\n<col width=\"476\" \/> <\/colgroup>\n<tbody>\n<tr valign=\"top\">\n<td bgcolor=\"#ffffff\" width=\"98\">\n<p class=\"western\" lang=\"en-US\" align=\"center\"><span style=\"color: #00000a;\"><span style=\"font-family: 'Times New Roman', serif;\"><span style=\"font-size: medium;\"><span lang=\"pt-BR\"><b>Datas<\/b><\/span><\/span><\/span><\/span><\/p>\n<\/td>\n<td bgcolor=\"#ffffff\" width=\"476\">\n<p class=\"western\" lang=\"en-US\" align=\"center\"><span style=\"color: #00000a;\"><span style=\"font-family: 'Times New Roman', serif;\"><span style=\"font-size: medium;\"><span lang=\"pt-BR\"><b>Conte\u00fado Program\u00e1tico (5 encontros de 2h)<\/b><\/span><\/span><\/span><\/span><\/p>\n<\/td>\n<\/tr>\n<tr valign=\"top\">\n<td bgcolor=\"#ffffff\" width=\"98\" height=\"15\">\n<p class=\"western\" lang=\"en-US\" align=\"center\"><span style=\"color: #00000a;\"><span style=\"font-family: 'Times New Roman', serif;\"><span style=\"font-size: medium;\"><span lang=\"pt-BR\">14\/09<\/span><\/span><\/span><\/span><\/p>\n<\/td>\n<td bgcolor=\"#ffffff\" width=\"476\">\n<p class=\"western\" lang=\"en-US\" align=\"justify\"><span style=\"color: #00000a;\"><span style=\"font-family: 'Times New Roman', serif;\"><span style=\"font-size: medium;\"><span lang=\"pt-BR\">Hist\u00f3rias Colaborativas X Papel Profissional e o Contexto Familiar<\/span><\/span><\/span><\/span><\/p>\n<\/td>\n<\/tr>\n<tr valign=\"top\">\n<td bgcolor=\"#ffffff\" width=\"98\" height=\"1\">\n<p class=\"western\" lang=\"en-US\" align=\"center\"><span style=\"color: #00000a;\"><span style=\"font-family: 'Times New Roman', serif;\"><span style=\"font-size: medium;\"><span lang=\"pt-BR\">28\/09<\/span><\/span><\/span><\/span><\/p>\n<\/td>\n<td bgcolor=\"#ffffff\" width=\"476\">\n<p class=\"western\" lang=\"en-US\" align=\"justify\"><span style=\"color: #00000a;\"><span style=\"font-family: 'Times New Roman', serif;\"><span style=\"font-size: medium;\"><span lang=\"pt-BR\">O Beb\u00ea e o Contexto Escolar<\/span><\/span><\/span><\/span><\/p>\n<\/td>\n<\/tr>\n<tr valign=\"top\">\n<td bgcolor=\"#ffffff\" width=\"98\" height=\"1\">\n<p class=\"western\" lang=\"en-US\" align=\"center\"><span style=\"color: #00000a;\"><span style=\"font-family: 'Times New Roman', serif;\"><span style=\"font-size: medium;\"><span lang=\"pt-BR\">05\/10<\/span><\/span><\/span><\/span><\/p>\n<\/td>\n<td bgcolor=\"#ffffff\" width=\"476\">\n<p class=\"western\" lang=\"en-US\" align=\"justify\"><span style=\"color: #00000a;\"><span style=\"font-family: 'Times New Roman', serif;\"><span style=\"font-size: medium;\"><span lang=\"pt-BR\">Cuidar, Brincar e Prevenir<\/span><\/span><\/span><\/span><\/p>\n<\/td>\n<\/tr>\n<tr valign=\"top\">\n<td bgcolor=\"#ffffff\" width=\"98\" height=\"14\">\n<p class=\"western\" lang=\"en-US\" align=\"center\"><span style=\"color: #00000a;\"><span style=\"font-family: 'Times New Roman', serif;\"><span style=\"font-size: medium;\"><span lang=\"pt-BR\">19\/10<\/span><\/span><\/span><\/span><\/p>\n<\/td>\n<td bgcolor=\"#ffffff\" width=\"476\">\n<p class=\"western\" lang=\"en-US\" align=\"justify\"><span style=\"color: #00000a;\"><span style=\"font-family: 'Times New Roman', serif;\"><span style=\"font-size: medium;\"><span lang=\"pt-BR\">Desenvolvimento do brincar \/ Autonomia, Independ\u00eancia e Movimento<\/span><\/span><\/span><\/span><\/p>\n<\/td>\n<\/tr>\n<\/tbody>\n<\/table>\n<p>&nbsp;<\/p>\n<p lang=\"en-US\" align=\"center\"><span style=\"font-size: medium;\"><span lang=\"pt-PT\"><b>Link para inscri\u00e7\u00e3o: <\/b><\/span><\/span><b> <\/b><a href=\"https:\/\/goo.gl\/AGZOeG\"><span style=\"font-size: medium;\"><span lang=\"pt-PT\"><b>https:\/\/goo.gl\/AGZOeG<\/b><\/span><\/span><\/a><\/p>\n<p>&nbsp;<\/p>\n","protected":false},"excerpt":{"rendered":"<p>Ementa: A entrada do beb\u00ea no ambiente escolar \u00e9 extremamente delicada para a vida de todos os envolvidos \u2013 beb\u00ea, pais, familiares, profissionais da escola \u2013 e mobiliza um conjunto de sentimentos decorrentes de d\u00favidas e incertezas intr\u00ednsecas a esse processo educativo. Sabe-se que os adultos s\u00e3o fundamentais na media\u00e7\u00e3o das rela\u00e7\u00f5es que se estabelecem&nbsp; <a href=\"https:\/\/sorocaba.sp.gov.br\/catalogodecursos\/curso-26-o-bebe-e-sua-relacao-com-o-entorno\/\">&hellip; Leia mais<\/a><\/p>\n","protected":false},"author":12,"featured_media":0,"parent":0,"menu_order":0,"comment_status":"closed","ping_status":"closed","template":"","meta":{"footnotes":""},"class_list":["post-158","page","type-page","status-publish","hentry"],"_links":{"self":[{"href":"https:\/\/sorocaba.sp.gov.br\/catalogodecursos\/wp-json\/wp\/v2\/pages\/158","targetHints":{"allow":["GET"]}}],"collection":[{"href":"https:\/\/sorocaba.sp.gov.br\/catalogodecursos\/wp-json\/wp\/v2\/pages"}],"about":[{"href":"https:\/\/sorocaba.sp.gov.br\/catalogodecursos\/wp-json\/wp\/v2\/types\/page"}],"author":[{"embeddable":true,"href":"https:\/\/sorocaba.sp.gov.br\/catalogodecursos\/wp-json\/wp\/v2\/users\/12"}],"replies":[{"embeddable":true,"href":"https:\/\/sorocaba.sp.gov.br\/catalogodecursos\/wp-json\/wp\/v2\/comments?post=158"}],"version-history":[{"count":2,"href":"https:\/\/sorocaba.sp.gov.br\/catalogodecursos\/wp-json\/wp\/v2\/pages\/158\/revisions"}],"predecessor-version":[{"id":223,"href":"https:\/\/sorocaba.sp.gov.br\/catalogodecursos\/wp-json\/wp\/v2\/pages\/158\/revisions\/223"}],"wp:attachment":[{"href":"https:\/\/sorocaba.sp.gov.br\/catalogodecursos\/wp-json\/wp\/v2\/media?parent=158"}],"curies":[{"name":"wp","href":"https:\/\/api.w.org\/{rel}","templated":true}]}}