{"id":161,"date":"2016-07-19T17:48:45","date_gmt":"2016-07-19T17:48:45","guid":{"rendered":"http:\/\/sorocaba.sp.gov.br\/catalogodecursos\/?page_id=161"},"modified":"2016-07-21T14:28:51","modified_gmt":"2016-07-21T14:28:51","slug":"curso-27-poeticas-dono-corpo-interlocucao-entre-imagem-e-criacao","status":"publish","type":"page","link":"https:\/\/sorocaba.sp.gov.br\/catalogodecursos\/curso-27-poeticas-dono-corpo-interlocucao-entre-imagem-e-criacao\/","title":{"rendered":"CURSO 27: PO\u00c9TICAS DO\/NO CORPO, INTERLOCU\u00c7\u00c3O ENTRE IMAGEM E CRIA\u00c7\u00c3O"},"content":{"rendered":"<p class=\"western\" lang=\"en-US\" align=\"left\"><span style=\"color: #000000;\"><span style=\"font-family: 'Times New Roman', serif;\"><span style=\"font-size: medium;\"><span lang=\"pt-BR\"><b>Ementa:<\/b><\/span><b> <\/b><span lang=\"pt-BR\">As\/Os participantes entrar\u00e3o em contato com provoca\u00e7\u00f5es po\u00e9ticas do\/no Corpo nos desvios do caminho da Imagem, compreendida enquanto s\u00edmbolo no seu sentido de significa\u00e7\u00e3o imagin\u00e1ria. A experi\u00eancia est\u00e9tica na forma\u00e7\u00e3o das\/dos docentes de crian\u00e7as pequenas perfaz no pertencer-se corpo.<\/span><\/span><\/span><\/span><\/p>\n<p class=\"western\" lang=\"en-US\" align=\"left\"><span style=\"color: #000000;\"><span style=\"font-family: 'Times New Roman', serif;\"><span style=\"font-size: medium;\"><span lang=\"pt-PT\"><b>Formadora: <\/b><\/span><span lang=\"pt-BR\">Fernanda Ferreira de Oliveira <\/span><\/span><\/span><\/span><\/p>\n<p class=\"western\" lang=\"en-US\" align=\"left\"><span style=\"color: #000000;\"><span style=\"font-family: 'Times New Roman', serif;\"><span style=\"font-size: medium;\"><span lang=\"pt-PT\"><b>P\u00fablico Alvo: <\/b><\/span><span lang=\"pt-PT\">Auxiliares de Educa\u00e7\u00e3o, Professores da Educa\u00e7\u00e3o B\u00e1sica e Profissionais do Suporte Pedag\u00f3gico <\/span><\/span><\/span><\/span><\/p>\n<p class=\"western\" lang=\"en-US\" align=\"left\"><span style=\"color: #000000;\"><span style=\"font-family: 'Times New Roman', serif;\"><span style=\"font-size: medium;\"><span lang=\"pt-PT\"><b>Vagas: 30 vagas<\/b><\/span><\/span><\/span><\/span><\/p>\n<p class=\"western\" lang=\"en-US\" align=\"left\"><span style=\"color: #000000;\"><span style=\"font-family: 'Times New Roman', serif;\"><span style=\"font-size: medium;\"><span lang=\"pt-BR\"><b>*As vagas ser\u00e3o preenchidas por ordem de inscri\u00e7\u00e3o<\/b><\/span><\/span><\/span><\/span><\/p>\n<p class=\"western\" lang=\"en-US\" align=\"left\"><span style=\"color: #000000;\"><span style=\"font-family: 'Times New Roman', serif;\"><span style=\"font-size: medium;\"><span lang=\"pt-PT\"><b>Per\u00edodo de inscri\u00e7\u00e3o : 15\/08 A 22 \/08<\/b><\/span><\/span><\/span><\/span><\/p>\n<p class=\"western\" lang=\"en-US\" align=\"left\"><span style=\"color: #000000;\"><span style=\"font-family: 'Times New Roman', serif;\"><span style=\"font-size: medium;\"><span lang=\"pt-BR\"><b>Divulga\u00e7\u00e3o dos inscritos<\/b><\/span><span lang=\"pt-BR\">:26 de agosto de 2016 <\/span><\/span><\/span><\/span><\/p>\n<p class=\"western\" lang=\"en-US\" align=\"left\"><span style=\"color: #000000;\"><span style=\"font-family: 'Times New Roman', serif;\"><span style=\"font-size: medium;\"><span lang=\"pt-PT\"><b>Carga hor\u00e1ria:<\/b><\/span><span lang=\"pt-PT\"> 08 horas <\/span><\/span><\/span><\/span><\/p>\n<p class=\"western\" lang=\"en-US\" align=\"left\"><span style=\"color: #000000;\"><span style=\"font-family: 'Times New Roman', serif;\"><span style=\"font-size: medium;\"><span lang=\"pt-PT\"><b>Hor\u00e1rio:<\/b><\/span><span lang=\"pt-BR\"> 14h \u00e0s 17 h<\/span><\/span><\/span><\/span><\/p>\n<p class=\"western\" lang=\"en-US\" align=\"left\"><span style=\"color: #000000;\"><span style=\"font-family: 'Times New Roman', serif;\"><span style=\"font-size: medium;\"><span lang=\"pt-PT\"><b>Local: <\/b><\/span><span lang=\"pt-BR\"><b>\u00a0Ressig : Rua General Antunes Gurj\u00e3o, 267, no Bairro Al\u00e9m-Ponte<\/b><\/span><\/span><\/span><\/span><\/p>\n<table width=\"699\" cellspacing=\"0\" cellpadding=\"7\">\n<colgroup>\n<col width=\"108\" \/>\n<col width=\"561\" \/> <\/colgroup>\n<tbody>\n<tr valign=\"top\">\n<td width=\"108\" height=\"18\">\n<p class=\"western\" lang=\"en-US\" align=\"left\"><span style=\"color: #000000;\"><span style=\"font-family: 'Times New Roman', serif;\"><span style=\"font-size: medium;\"><span lang=\"pt-PT\"><b>Datas<\/b><\/span><\/span><\/span><\/span><\/p>\n<\/td>\n<td width=\"561\">\n<p class=\"western\" lang=\"en-US\" align=\"left\"><span style=\"color: #000000;\"><span style=\"font-family: 'Times New Roman', serif;\"><span style=\"font-size: medium;\"><span lang=\"pt-PT\"><b>Conte\u00fado Program\u00e1tico<\/b><\/span><\/span><\/span><\/span><\/p>\n<\/td>\n<\/tr>\n<tr valign=\"top\">\n<td width=\"108\" height=\"19\">\n<p class=\"western\" lang=\"en-US\" align=\"left\"><span style=\"color: #000000;\"><span style=\"font-family: 'Times New Roman', serif;\"><span style=\"font-size: medium;\"><span lang=\"pt-PT\">19\/10<\/span><\/span><\/span><\/span><\/p>\n<\/td>\n<td rowspan=\"2\" width=\"561\">\n<p class=\"western\" lang=\"en-US\" align=\"left\"><span style=\"color: #000000;\"><span style=\"font-family: 'Times New Roman', serif;\"><span style=\"font-size: medium;\"><span lang=\"pt-PT\">Contato com provoca\u00e7\u00f5es po\u00e9ticas do\/no Corpo nos desvios do caminho da Imagem, compreendida enquanto s\u00edmbolo no seu sentido de significa\u00e7\u00e3o imagin\u00e1ria. <\/span><\/span><\/span><\/span><\/p>\n<\/td>\n<\/tr>\n<tr valign=\"top\">\n<td width=\"108\" height=\"19\">\n<p class=\"western\" lang=\"en-US\" align=\"left\"><span style=\"color: #000000;\"><span style=\"font-family: 'Times New Roman', serif;\"><span style=\"font-size: medium;\"><span lang=\"pt-PT\">26\/10<\/span><\/span><\/span><\/span><\/p>\n<\/td>\n<\/tr>\n<tr valign=\"top\">\n<td width=\"108\" height=\"18\">\n<p class=\"western\" lang=\"en-US\" align=\"left\"><span style=\"color: #000000;\"><span style=\"font-family: 'Times New Roman', serif;\"><span style=\"font-size: medium;\"><span lang=\"pt-PT\">Novembro (2h ) <\/span><\/span><\/span><\/span><\/p>\n<\/td>\n<td width=\"561\">\n<p class=\"western\" lang=\"en-US\" align=\"left\"><span style=\"color: #000000;\"><span style=\"font-family: 'Times New Roman', serif;\"><span style=\"font-size: medium;\"><span lang=\"pt-PT\">Estudo e pesquisa<\/span><\/span><\/span><\/span><\/p>\n<\/td>\n<\/tr>\n<\/tbody>\n<\/table>\n<p lang=\"en-US\" align=\"center\"><span style=\"font-size: medium;\"><span lang=\"pt-PT\"><b>Link para inscri\u00e7\u00e3o: <\/b><\/span><\/span><b> <\/b><a href=\"https:\/\/goo.gl\/Vh1Vuu\"><span style=\"font-size: medium;\"><span lang=\"pt-PT\"><b>https:\/\/goo.gl\/Vh1Vuu<\/b><\/span><\/span><\/a><\/p>\n<p>&nbsp;<\/p>\n","protected":false},"excerpt":{"rendered":"<p>Ementa: As\/Os participantes entrar\u00e3o em contato com provoca\u00e7\u00f5es po\u00e9ticas do\/no Corpo nos desvios do caminho da Imagem, compreendida enquanto s\u00edmbolo no seu sentido de significa\u00e7\u00e3o imagin\u00e1ria. A experi\u00eancia est\u00e9tica na forma\u00e7\u00e3o das\/dos docentes de crian\u00e7as pequenas perfaz no pertencer-se corpo. Formadora: Fernanda Ferreira de Oliveira P\u00fablico Alvo: Auxiliares de Educa\u00e7\u00e3o, Professores da Educa\u00e7\u00e3o B\u00e1sica e&nbsp; <a href=\"https:\/\/sorocaba.sp.gov.br\/catalogodecursos\/curso-27-poeticas-dono-corpo-interlocucao-entre-imagem-e-criacao\/\">&hellip; Leia mais<\/a><\/p>\n","protected":false},"author":12,"featured_media":0,"parent":0,"menu_order":0,"comment_status":"closed","ping_status":"closed","template":"","meta":{"footnotes":""},"class_list":["post-161","page","type-page","status-publish","hentry"],"_links":{"self":[{"href":"https:\/\/sorocaba.sp.gov.br\/catalogodecursos\/wp-json\/wp\/v2\/pages\/161","targetHints":{"allow":["GET"]}}],"collection":[{"href":"https:\/\/sorocaba.sp.gov.br\/catalogodecursos\/wp-json\/wp\/v2\/pages"}],"about":[{"href":"https:\/\/sorocaba.sp.gov.br\/catalogodecursos\/wp-json\/wp\/v2\/types\/page"}],"author":[{"embeddable":true,"href":"https:\/\/sorocaba.sp.gov.br\/catalogodecursos\/wp-json\/wp\/v2\/users\/12"}],"replies":[{"embeddable":true,"href":"https:\/\/sorocaba.sp.gov.br\/catalogodecursos\/wp-json\/wp\/v2\/comments?post=161"}],"version-history":[{"count":2,"href":"https:\/\/sorocaba.sp.gov.br\/catalogodecursos\/wp-json\/wp\/v2\/pages\/161\/revisions"}],"predecessor-version":[{"id":224,"href":"https:\/\/sorocaba.sp.gov.br\/catalogodecursos\/wp-json\/wp\/v2\/pages\/161\/revisions\/224"}],"wp:attachment":[{"href":"https:\/\/sorocaba.sp.gov.br\/catalogodecursos\/wp-json\/wp\/v2\/media?parent=161"}],"curies":[{"name":"wp","href":"https:\/\/api.w.org\/{rel}","templated":true}]}}