{"id":164,"date":"2016-07-19T17:49:07","date_gmt":"2016-07-19T17:49:07","guid":{"rendered":"http:\/\/sorocaba.sp.gov.br\/catalogodecursos\/?page_id=164"},"modified":"2016-07-21T14:29:50","modified_gmt":"2016-07-21T14:29:50","slug":"curso-28-tempo-espaco-e-criacao-poeticas-dono-corpo","status":"publish","type":"page","link":"https:\/\/sorocaba.sp.gov.br\/catalogodecursos\/curso-28-tempo-espaco-e-criacao-poeticas-dono-corpo\/","title":{"rendered":"CURSO 28: TEMPO, ESPA\u00c7O E CRIA\u00c7\u00c3O: PO\u00c9TICAS DO\/NO CORPO"},"content":{"rendered":"<p class=\"western\" lang=\"en-US\" align=\"left\"><span style=\"color: #000000;\"><span style=\"font-family: 'Times New Roman', serif;\"><span style=\"font-size: medium;\"><span lang=\"pt-BR\"><b>Ementa<\/b><\/span><span lang=\"pt-BR\">: As tem\u00e1ticas centrais que oportunizam as discuss\u00f5es do curso relacionam-se com os campos da Educa\u00e7\u00e3o e Ci\u00eancias Sociais (como a Antropologia e a Sociologia), na interface com as Artes na inf\u00e2ncia, em especial, com a Dan\u00e7a e com o Teatro. Para tanto, a metodologia dialoga com a pr\u00e1tica educativa e a forma\u00e7\u00e3o docente dos profissionais da inf\u00e2ncia. <\/span><\/span><\/span><\/span><\/p>\n<p class=\"western\" lang=\"en-US\" align=\"left\"><span style=\"color: #000000;\"><span style=\"font-family: 'Times New Roman', serif;\"><span style=\"font-size: medium;\"><span lang=\"pt-BR\"><b>Formadores<\/b><\/span><span lang=\"pt-BR\">: Prof\u00aa Dra Patr\u00edcia Prado, Vanessa Lima, Vania Freire Mendon\u00e7a Brega, Jessica Katiuscia de Lima e Prof\u00ba Dr Marcos Neira <\/span><\/span><\/span><\/span><\/p>\n<p class=\"western\" lang=\"en-US\" align=\"left\"><span style=\"color: #000000;\"><span style=\"font-family: 'Times New Roman', serif;\"><span style=\"font-size: medium;\"><span lang=\"pt-BR\"><b>P\u00fablico Alvo: <\/b><\/span><span lang=\"pt-BR\">Auxiliares de Educa\u00e7\u00e3o, Professores da Educa\u00e7\u00e3o B\u00e1sica e Profissionais do Suporte Pedag\u00f3gico <\/span><\/span><\/span><\/span><\/p>\n<p class=\"western\" lang=\"en-US\" align=\"left\"><span style=\"color: #000000;\"><span style=\"font-family: 'Times New Roman', serif;\"><span style=\"font-size: medium;\"><span lang=\"pt-BR\"><b>Vagas<\/b><\/span><span lang=\"pt-BR\">: 40 vagas<\/span><\/span><\/span><\/span><\/p>\n<p class=\"western\" lang=\"en-US\" align=\"left\"><span style=\"color: #000000;\"><span style=\"font-family: 'Times New Roman', serif;\"><span style=\"font-size: medium;\"><span lang=\"pt-BR\"><b>*As vagas ser\u00e3o preenchidas por ordem de inscri\u00e7\u00e3o<\/b><\/span><\/span><\/span><\/span><\/p>\n<p class=\"western\" lang=\"en-US\" align=\"left\"><span style=\"color: #000000;\"><span style=\"font-family: 'Times New Roman', serif;\"><span style=\"font-size: medium;\"><span lang=\"pt-BR\"><b>Per\u00edodo de inscri\u00e7\u00e3o: 15 de agosto \u00e0 22 de agosto de 2016<\/b><\/span><\/span><\/span><\/span><\/p>\n<p class=\"western\" lang=\"en-US\" align=\"left\"><span style=\"color: #000000;\"><span style=\"font-family: 'Times New Roman', serif;\"><span style=\"font-size: medium;\"><span lang=\"pt-BR\"><b>Divulga\u00e7\u00e3o dos inscritos: <\/b><\/span><span lang=\"pt-BR\">26 de agosto de 2016 <\/span><\/span><\/span><\/span><\/p>\n<p class=\"western\" lang=\"en-US\" align=\"left\"><span style=\"color: #000000;\"><span style=\"font-family: 'Times New Roman', serif;\"><span style=\"font-size: medium;\"><span lang=\"pt-BR\"><b>Carga hor\u00e1ria: 8 horas <\/b><\/span><\/span><\/span><\/span><\/p>\n<p class=\"western\" lang=\"en-US\" align=\"left\"><span style=\"color: #000000;\"><span style=\"font-family: 'Times New Roman', serif;\"><span style=\"font-size: medium;\"><span lang=\"pt-BR\"><b>Local das oficinas: \u00a0<\/b><\/span><\/span><\/span><\/span><\/p>\n<p class=\"western\" lang=\"en-US\" align=\"left\"><span style=\"color: #000000;\"><span style=\"font-family: 'Times New Roman', serif;\"><span style=\"font-size: medium;\"><span lang=\"pt-BR\"><b>Ressig: Rua General Antunes Gurj\u00e3o, 267, no Bairro Al\u00e9m-Ponte<\/b><\/span><\/span><\/span><\/span><\/p>\n<p class=\"western\" lang=\"en-US\" align=\"left\"><span style=\"color: #000000;\"><span style=\"font-family: 'Times New Roman', serif;\"><span style=\"font-size: medium;\"><span lang=\"pt-BR\"><b>Palestra <\/b><\/span><\/span><\/span><\/span><\/p>\n<p class=\"western\" lang=\"en-US\" align=\"left\"><span style=\"color: #000000;\">\u201c<span style=\"font-family: 'Times New Roman', serif;\"><span style=\"font-size: medium;\"><span lang=\"pt-BR\"><b>Corpo e cultura\u201d <\/b><\/span><\/span><\/span><\/span><\/p>\n<p class=\"western\" lang=\"en-US\" align=\"left\"><span style=\"color: #000000;\"><span style=\"font-family: 'Times New Roman', serif;\"><span style=\"font-size: medium;\"><span lang=\"pt-BR\"><b>Prof\u00ba Dr Marcos Neira (USP) <\/b><\/span><\/span><\/span><\/span><\/p>\n<p class=\"western\" lang=\"en-US\" align=\"left\"><span style=\"color: #000000;\"><span style=\"font-family: 'Times New Roman', serif;\"><span style=\"font-size: medium;\"><span lang=\"pt-BR\"><b>Data: 12 de setembro de 2016 <\/b><\/span><\/span><\/span><\/span><\/p>\n<p class=\"western\" lang=\"en-US\" align=\"left\"><span style=\"color: #000000;\"><span style=\"font-family: 'Times New Roman', serif;\"><span style=\"font-size: medium;\"><span lang=\"pt-BR\"><b>Hor\u00e1rio: 19h \u00e0s 21h <\/b><\/span><\/span><\/span><\/span><\/p>\n<p class=\"western\" lang=\"en-US\" align=\"left\"><span style=\"color: #000000;\"><span style=\"font-family: 'Times New Roman', serif;\"><span style=\"font-size: medium;\"><span lang=\"pt-BR\"><b>Vagas: 140 <\/b><\/span><\/span><\/span><\/span><\/p>\n<p class=\"western\" lang=\"en-US\" align=\"left\"><span style=\"color: #000000;\"><span style=\"font-family: 'Times New Roman', serif;\"><span style=\"font-size: medium;\"><span lang=\"pt-BR\"><b>Link de inscri\u00e7\u00e3o para palestra: <a href=\"https:\/\/goo.gl\/T90q80\">https:\/\/goo.gl\/T90q80<\/a><\/b><\/span><\/span><\/span><\/span><\/p>\n<p class=\"western\" lang=\"en-US\" align=\"left\"><span style=\"color: #000000;\"><span style=\"font-family: 'Times New Roman', serif;\"><span style=\"font-size: medium;\"><span lang=\"pt-BR\"><b>Local: Centro de Refer\u00eancia em Educa\u00e7\u00e3o <\/b><\/span><\/span><\/span><\/span><\/p>\n<p class=\"western\" lang=\"en-US\" align=\"left\"><span style=\"color: #000000;\"><span style=\"font-family: 'Times New Roman', serif;\"><span style=\"font-size: medium;\"><span lang=\"pt-BR\"><b>Rua: Arthur Caldini, 211 <\/b><\/span><\/span><\/span><\/span><\/p>\n<p class=\"western\" lang=\"en-US\" align=\"left\"><span style=\"color: #000000;\"><span style=\"font-family: 'Times New Roman', serif;\"><span style=\"font-size: medium;\"><span lang=\"pt-BR\"><b>OFICINA 1: \u201cPOR UMA EDUCA\u00c7\u00c3O INFANTIL DE CORPOS INTEIROS\u201d<\/b><\/span><\/span><\/span><\/span><\/p>\n<p class=\"western\" lang=\"en-US\" align=\"left\"><span style=\"color: #000000;\"><span style=\"font-family: 'Times New Roman', serif;\"><span style=\"font-size: medium;\"><span lang=\"pt-BR\">Data: 01 de setembro <\/span><\/span><\/span><\/span><\/p>\n<p class=\"western\" lang=\"en-US\" align=\"left\"><span style=\"color: #000000;\"><span style=\"font-family: 'Times New Roman', serif;\"><span style=\"font-size: medium;\"><span lang=\"pt-BR\">Hor\u00e1rio: 14h \u00e0s 17h <\/span><\/span><\/span><\/span><\/p>\n<p class=\"western\" lang=\"en-US\" align=\"left\"><span style=\"color: #000000;\"><span style=\"font-family: 'Times New Roman', serif;\"><span style=\"font-size: medium;\"><span lang=\"pt-BR\">Vagas: 40 <\/span><\/span><\/span><\/span><\/p>\n<p class=\"western\" lang=\"en-US\" align=\"left\"><span style=\"color: #000000;\"><span style=\"font-family: 'Times New Roman', serif;\"><span style=\"font-size: medium;\"><span lang=\"pt-BR\">Formadora: Patricia Prado (USP)<\/span><\/span><\/span><\/span><\/p>\n<p class=\"western\" lang=\"en-US\" align=\"left\"><span style=\"color: #000000;\"><span style=\"font-family: 'Times New Roman', serif;\"><span style=\"font-size: medium;\"><span lang=\"pt-BR\"><b>Ementa<\/b><\/span><span lang=\"pt-BR\">: Para a consolidac\u0327a\u0303o de uma Pedagogia da Educac\u0327a\u0303o Infantil de protagonismo de meninos e meninas pequenas e bem pequenas, e de suas professoras, este mini curso pretende partir da problematizac\u0327a\u0303o das experie\u0302ncias educativas em curso e da produc\u0327a\u0303o de pesquisas com bebe\u0302s e com crianc\u0327as pequenas, em contextos coletivos e educativos, na esfera pu\u0301blica (creches e pre\u0301-escolas) e, tambe\u0301m, fora deles, como em teatros, parques, etc., assim como, com as\/os profissionais da infa\u0302ncia, professoras\/es, pesquisadoras\/es e artistas. Por meio dos estudos e discusso\u0303es dos campos da Educac\u0327a\u0303o e Cie\u0302ncias Sociais (como a Antropologia da crianc\u0327a e a Sociologia da infa\u0302ncia), na interface com as Artes na primeira infa\u0302ncia, em especial, com a Danc\u0327a e com o Teatro, em processo formativo e criativo de corpos inteiros, das mu\u0301ltiplas expresso\u0303es e dimenso\u0303es humanas, da invenc\u0327a\u0303o e da ousadia como objetivos e das Artes como fundamento, este mini curso partira\u0301 da concepc\u0327a\u0303o de que as crianc\u0327as (e suas professoras) te\u0302m direito de protagonizar uma sociedade e uma educac\u0327a\u0303o emancipato\u0301ria, pois sa\u0303o produtoras e na\u0303o somente reprodutoras de culturas, desde o nascimento \u2013 capazes de manifestac\u0327o\u0303es e expresso\u0303es culturais e arti\u0301sticas em diferentes linguagens, especialmente, as do corpo, dos gestos, do movimento e da brincadeira.<\/span><\/span><\/span><\/span><\/p>\n<p class=\"western\" lang=\"en-US\" align=\"left\"><span style=\"color: #000000;\"><span style=\"font-family: 'Times New Roman', serif;\"><span style=\"font-size: medium;\"><span lang=\"pt-BR\"><b>OFICINA 2: \u201cINVEN\u00c7\u00d5ES E TRANSGRESS\u00d5ES PO\u00c9TICAS DE CRIAN\u00c7AS PEQUENININHAS QUE (DES)ORGANIZAM OS ESPA\u00c7OS<\/b><\/span><\/span><\/span><\/span><\/p>\n<p class=\"western\" lang=\"en-US\" align=\"left\"><span style=\"color: #000000;\"><span style=\"font-family: 'Times New Roman', serif;\"><span style=\"font-size: medium;\"><span lang=\"pt-BR\">Data: 18\/10 <\/span><\/span><\/span><\/span><\/p>\n<p class=\"western\" lang=\"en-US\" align=\"left\"><span style=\"color: #000000;\"><span style=\"font-family: 'Times New Roman', serif;\"><span style=\"font-size: medium;\"><span lang=\"pt-BR\">Hor\u00e1rio: 14h \u00e0s 17h <\/span><\/span><\/span><\/span><\/p>\n<p class=\"western\" lang=\"en-US\" align=\"left\"><span style=\"color: #000000;\"><span style=\"font-family: 'Times New Roman', serif;\"><span style=\"font-size: medium;\"><span lang=\"pt-BR\">Vagas : 40 <\/span><\/span><\/span><\/span><\/p>\n<p class=\"western\" lang=\"en-US\" align=\"left\"><span style=\"color: #000000;\"><span style=\"font-family: 'Times New Roman', serif;\"><span style=\"font-size: medium;\"><span lang=\"pt-BR\"><b>Formadoras<\/b><\/span><span lang=\"pt-BR\">: Vanessa Lima (SME\/Campinas), Vania Freire Mendon\u00e7a Brega (SME\/Campinas) e Jessica Katiuscia de Lima (SME\/Campinas)<\/span><\/span><\/span><\/span><\/p>\n<p class=\"western\" lang=\"en-US\" align=\"left\"><span style=\"color: #000000;\"><span style=\"font-family: 'Times New Roman', serif;\"><span style=\"font-size: medium;\"><span lang=\"pt-BR\"><b>Ementa<\/b><\/span><span lang=\"pt-BR\">: A oficina ser\u00e1 constitu\u00edda de tr\u00eas partes: \u2013 A primeira parte tratar\u00e1 das trajet\u00f3rias, concep\u00e7\u00f5es, lugares e po\u00e9ticas dos participantes da oficina, partindo da \u201coficineira\u201d, professora de Educa\u00e7\u00e3o Infantil da rede p\u00fablica da cidade de Campinas. As concep\u00e7\u00f5es de crian\u00e7a e inf\u00e2ncia inspiradas na po\u00e9tica de Manoel de Barros; a segunda parte tratar\u00e1 de peraltagens de crian\u00e7as pequenininhas que (des) organizaram os espa\u00e7os da creche, disparando um tornar-se professora no encontro com as crian\u00e7as e suas inf\u00e2ncias, ou ainda, um planejamento pedag\u00f3gico que traga as \u201ccondi\u00e7\u00f5es per\u00e1lticas\u201d para que as crian\u00e7as pequenininhas criem; a terceira parte ser\u00e1 um convite-desafio aos participantes que, num exerc\u00edcio de ser crian\u00e7a, tentem botar os verbos em del\u00edrio como a crian\u00e7a poeta que escuta a cor do passarinhos, ouvindo a sua pr\u00f3pria pr\u00e1tica com outros olhos.<\/span><\/span><\/span><\/span><\/p>\n<p lang=\"en-US\" align=\"center\"><span style=\"font-size: medium;\"><span lang=\"pt-PT\"><b>Link para inscri\u00e7\u00e3o: <\/b><\/span><\/span><span style=\"font-size: medium;\"><span lang=\"pt-BR\"><b> <a href=\"https:\/\/goo.gl\/Z8oE4S\">https:\/\/goo.gl\/Z8oE4S<\/a><\/b><\/span><\/span><\/p>\n<p>&nbsp;<\/p>\n","protected":false},"excerpt":{"rendered":"<p>Ementa: As tem\u00e1ticas centrais que oportunizam as discuss\u00f5es do curso relacionam-se com os campos da Educa\u00e7\u00e3o e Ci\u00eancias Sociais (como a Antropologia e a Sociologia), na interface com as Artes na inf\u00e2ncia, em especial, com a Dan\u00e7a e com o Teatro. Para tanto, a metodologia dialoga com a pr\u00e1tica educativa e a forma\u00e7\u00e3o docente dos&nbsp; <a href=\"https:\/\/sorocaba.sp.gov.br\/catalogodecursos\/curso-28-tempo-espaco-e-criacao-poeticas-dono-corpo\/\">&hellip; Leia mais<\/a><\/p>\n","protected":false},"author":12,"featured_media":0,"parent":0,"menu_order":0,"comment_status":"closed","ping_status":"closed","template":"","meta":{"footnotes":""},"class_list":["post-164","page","type-page","status-publish","hentry"],"_links":{"self":[{"href":"https:\/\/sorocaba.sp.gov.br\/catalogodecursos\/wp-json\/wp\/v2\/pages\/164","targetHints":{"allow":["GET"]}}],"collection":[{"href":"https:\/\/sorocaba.sp.gov.br\/catalogodecursos\/wp-json\/wp\/v2\/pages"}],"about":[{"href":"https:\/\/sorocaba.sp.gov.br\/catalogodecursos\/wp-json\/wp\/v2\/types\/page"}],"author":[{"embeddable":true,"href":"https:\/\/sorocaba.sp.gov.br\/catalogodecursos\/wp-json\/wp\/v2\/users\/12"}],"replies":[{"embeddable":true,"href":"https:\/\/sorocaba.sp.gov.br\/catalogodecursos\/wp-json\/wp\/v2\/comments?post=164"}],"version-history":[{"count":3,"href":"https:\/\/sorocaba.sp.gov.br\/catalogodecursos\/wp-json\/wp\/v2\/pages\/164\/revisions"}],"predecessor-version":[{"id":226,"href":"https:\/\/sorocaba.sp.gov.br\/catalogodecursos\/wp-json\/wp\/v2\/pages\/164\/revisions\/226"}],"wp:attachment":[{"href":"https:\/\/sorocaba.sp.gov.br\/catalogodecursos\/wp-json\/wp\/v2\/media?parent=164"}],"curies":[{"name":"wp","href":"https:\/\/api.w.org\/{rel}","templated":true}]}}