{"id":167,"date":"2016-07-19T17:49:28","date_gmt":"2016-07-19T17:49:28","guid":{"rendered":"http:\/\/sorocaba.sp.gov.br\/catalogodecursos\/?page_id=167"},"modified":"2016-07-21T14:30:07","modified_gmt":"2016-07-21T14:30:07","slug":"curso-29-musica-e-infancia","status":"publish","type":"page","link":"https:\/\/sorocaba.sp.gov.br\/catalogodecursos\/curso-29-musica-e-infancia\/","title":{"rendered":"CURSO 29: M\u00daSICA E INF\u00c2NCIA"},"content":{"rendered":"<p class=\"western\" lang=\"en-US\" align=\"left\"><span style=\"color: #000000;\"><span style=\"font-family: 'Times New Roman', serif;\"><span style=\"font-size: medium;\"><span lang=\"pt-BR\"><b>Ementa: <\/b><\/span><span lang=\"pt-BR\">O curso pretende<\/span><span lang=\"pt-BR\"><b> c<\/b><\/span><span lang=\"pt-BR\">ontribuir para discuss\u00e3o cr\u00edtica do trabalho com a M\u00fasica na Educa\u00e7\u00e3o, questionando e ampliando os conhecimentos sobre pr\u00e1ticas educativas.<\/span><b> <\/b><\/span><\/span><\/span><\/p>\n<p class=\"western\" lang=\"en-US\" align=\"left\"><span style=\"color: #000000;\"><span style=\"font-family: 'Times New Roman', serif;\"><span style=\"font-size: medium;\"><span lang=\"pt-BR\"><b>Formadores: Wlad Matos, Jane Borges , Marili Cruz e<\/b><\/span> <span lang=\"pt-BR\"><b>Michele Eufr\u00e1sio Sanches<\/b><\/span><\/span><\/span><\/span><\/p>\n<p class=\"western\" lang=\"en-US\" align=\"left\"><span style=\"color: #000000;\"><span style=\"font-family: 'Times New Roman', serif;\"><span style=\"font-size: medium;\"><span lang=\"pt-BR\"><b>Respons\u00e1vel T\u00e9cnico: <\/b><\/span><span lang=\"pt-BR\">Prof\u00aa Me Patricia Rom\u00e3o <\/span><\/span><\/span><\/span><\/p>\n<p class=\"western\" lang=\"en-US\" align=\"left\"><span style=\"color: #000000;\"><span style=\"font-family: 'Times New Roman', serif;\"><span style=\"font-size: medium;\"><span lang=\"pt-BR\"><b>P\u00fablico Alvo: <\/b><\/span><span lang=\"pt-BR\">Auxiliares de Educa\u00e7\u00e3o, Professores da Educa\u00e7\u00e3o B\u00e1sica e Profissionais do Suporte Pedag\u00f3gico <\/span><\/span><\/span><\/span><\/p>\n<p class=\"western\" lang=\"en-US\" align=\"left\"><span style=\"color: #000000;\"><span style=\"font-family: 'Times New Roman', serif;\"><span style=\"font-size: medium;\"><span lang=\"pt-BR\"><b>Vagas: <\/b><\/span><span lang=\"pt-BR\">40 vagas<\/span><\/span><\/span><\/span><\/p>\n<p class=\"western\" lang=\"en-US\" align=\"left\"><span style=\"color: #000000;\"><span style=\"font-family: 'Times New Roman', serif;\"><span style=\"font-size: medium;\"><span lang=\"pt-BR\"><b>*As vagas ser\u00e3o preenchidas por ordem de inscri\u00e7\u00e3o<\/b><\/span><\/span><\/span><\/span><\/p>\n<p class=\"western\" lang=\"en-US\" align=\"left\"><span style=\"color: #000000;\"><span style=\"font-family: 'Times New Roman', serif;\"><span style=\"font-size: medium;\"><span lang=\"pt-BR\"><b>Per\u00edodo de inscri\u00e7\u00e3o: 25 de julho \u00e0 02 de agosto de 2016<\/b><\/span><\/span><\/span><\/span><\/p>\n<p class=\"western\" lang=\"en-US\" align=\"left\"><span style=\"color: #000000;\"><span style=\"font-family: 'Times New Roman', serif;\"><span style=\"font-size: medium;\"><span lang=\"pt-BR\"><b>Divulga\u00e7\u00e3o dos inscritos: 8 de agosto de 2016 <\/b><\/span><\/span><\/span><\/span><\/p>\n<p class=\"western\" lang=\"en-US\" align=\"left\"><span style=\"color: #000000;\"><span style=\"font-family: 'Times New Roman', serif;\"><span style=\"font-size: medium;\"><span lang=\"pt-BR\"><b>Carga hor\u00e1ria: <\/b><\/span><span lang=\"pt-BR\">11 horas<\/span><\/span><\/span><\/span><\/p>\n<p class=\"western\" lang=\"en-US\" align=\"left\"><span style=\"color: #000000;\"><span style=\"font-family: 'Times New Roman', serif;\"><span style=\"font-size: medium;\"><span lang=\"pt-BR\"><b>Palestra<\/b><\/span><\/span><\/span><\/span><\/p>\n<p class=\"western\" lang=\"en-US\" align=\"left\"><span style=\"color: #000000;\"> \u201c<span style=\"font-family: 'Times New Roman', serif;\"><span style=\"font-size: medium;\"><span lang=\"pt-BR\"><b>Vamos ouvir m\u00fasica\u201d<\/b><\/span><\/span><\/span><\/span><\/p>\n<p class=\"western\" lang=\"en-US\" align=\"left\"><span style=\"color: #000000;\"><span style=\"font-family: 'Times New Roman', serif;\"><span style=\"font-size: medium;\"><span lang=\"pt-BR\"><b>Contribui\u00e7\u00f5es para aprendizagem musical das crian\u00e7as <\/b><\/span><\/span><\/span><\/span><\/p>\n<p class=\"western\" lang=\"en-US\" align=\"left\"><span style=\"color: #000000;\"><span style=\"font-family: 'Times New Roman', serif;\"><span style=\"font-size: medium;\"><span lang=\"pt-BR\"><b>Wlad Matos <\/b><\/span><\/span><\/span><\/span><\/p>\n<p class=\"western\" lang=\"en-US\" align=\"left\"><span style=\"color: #000000;\"><span style=\"font-family: 'Times New Roman', serif;\"><span style=\"font-size: medium;\"><span lang=\"pt-BR\"><b>Data:23 de setembro <\/b><\/span><\/span><\/span><\/span><\/p>\n<p class=\"western\" lang=\"en-US\" align=\"left\"><span style=\"color: #000000;\"><span style=\"font-family: 'Times New Roman', serif;\"><span style=\"font-size: medium;\"><span lang=\"pt-BR\"><b>Hor\u00e1rio: 19h \u00e0s 21h <\/b><\/span><\/span><\/span><\/span><\/p>\n<p class=\"western\" lang=\"en-US\" align=\"left\"><span style=\"color: #000000;\"><span style=\"font-family: 'Times New Roman', serif;\"><span style=\"font-size: medium;\"><span lang=\"pt-BR\"><b>Link de Inscri\u00e7\u00e3o para palestra : <a href=\"https:\/\/goo.gl\/CkVmGw\">https:\/\/goo.gl\/CkVmGw<\/a><\/b><\/span><\/span><\/span><\/span><\/p>\n<p class=\"western\" lang=\"en-US\" align=\"left\"><span style=\"color: #000000;\"><span style=\"font-family: 'Times New Roman', serif;\"><span style=\"font-size: medium;\"><span lang=\"pt-BR\"><b>Vagas: 150 <\/b><\/span><\/span><\/span><\/span><\/p>\n<p class=\"western\" lang=\"en-US\" align=\"left\"><span style=\"color: #000000;\"><span style=\"font-family: 'Times New Roman', serif;\"><span style=\"font-size: medium;\"><span lang=\"pt-BR\"><b>Local: Centro de Refer\u00eancia em Educa\u00e7\u00e3o <\/b><\/span><\/span><\/span><\/span><\/p>\n<p class=\"western\" lang=\"en-US\" align=\"left\"><span style=\"color: #000000;\"><span style=\"font-family: 'Times New Roman', serif;\"><span style=\"font-size: medium;\"><span lang=\"pt-BR\"><b>Rua: Arthur Caldini, 211 <\/b><\/span><\/span><\/span><\/span><\/p>\n<p class=\"western\" lang=\"en-US\" align=\"left\"><span style=\"color: #000000;\"><span style=\"font-family: 'Times New Roman', serif;\"><span style=\"font-size: medium;\"><span lang=\"pt-BR\"><b>Jardim Saira <\/b><\/span><\/span><\/span><\/span><\/p>\n<p class=\"western\" lang=\"en-US\" align=\"left\"><span style=\"color: #000000;\"><span style=\"font-family: 'Times New Roman', serif;\"><span style=\"font-size: medium;\"><span lang=\"pt-BR\"><b>Local das Oficinas:<\/b><\/span><\/span><\/span><\/span><\/p>\n<p class=\"western\" lang=\"en-US\" align=\"left\"><span style=\"color: #000000;\"><span style=\"font-family: 'Times New Roman', serif;\"><span style=\"font-size: medium;\"><span lang=\"pt-BR\"><b>Ressig: Rua General Antunes Gurj\u00e3o, 267, no Bairro Al\u00e9m-Ponte<\/b><\/span><\/span><\/span><\/span><\/p>\n<p class=\"western\" lang=\"en-US\" align=\"left\"><span style=\"color: #000000;\"><span style=\"font-family: 'Times New Roman', serif;\"><span style=\"font-size: medium;\"><span lang=\"pt-BR\"><b>Vagas 40 <\/b><\/span><\/span><\/span><\/span><\/p>\n<p class=\"western\" lang=\"en-US\" align=\"left\"><span style=\"color: #000000;\"><span style=\"font-family: 'Times New Roman', serif;\"><span style=\"font-size: medium;\"><span lang=\"pt-BR\"><b>OFICINA 1: M\u00daSICA NA EDUCA\u00c7\u00c3O INFANTIL<\/b><\/span><\/span><\/span><\/span><\/p>\n<p class=\"western\" lang=\"en-US\" align=\"left\"><span style=\"color: #000000;\"><span style=\"font-family: 'Times New Roman', serif;\"><span style=\"font-size: medium;\"><span lang=\"pt-BR\"><b>Ementa<\/b><\/span><span lang=\"pt-BR\">: Nesta oficina ser\u00e3o realizadas atividades que procurar\u00e3o despertar e desenvolver o prazer de ouvir e fazer m\u00fasica. Por meio desse contato com o universo sonoro as propriedades do som, altura, dura\u00e7\u00e3o, intensidade e timbre, ser\u00e3o exploradas informalmente e as atividades, geralmente de car\u00e1ter l\u00fadico, ajudar\u00e3o no desenvolvimento da percep\u00e7\u00e3o auditiva, imagina\u00e7\u00e3o, coordena\u00e7\u00e3o motora, memoriza\u00e7\u00e3o, socializa\u00e7\u00e3o, expressividade, percep\u00e7\u00e3o espacial, entre outras. Tamb\u00e9m forneceremos ferramentas b\u00e1sicas que ajudar\u00e3o no conhecimento e desenvolvimento da voz cantada. Trabalharemos com can\u00e7\u00f5es e jogos musicais, adequados \u00e0s faixas et\u00e1rias e que poder\u00e3o ser utilizadas em sala de aula, para o desenvolvimento da express\u00e3o musical onde a imita\u00e7\u00e3o, a percep\u00e7\u00e3o e a cria\u00e7\u00e3o s\u00e3o os principais elementos deste processo.<\/span><\/span><\/span><\/span><\/p>\n<p class=\"western\" lang=\"en-US\" align=\"left\"><span style=\"color: #000000;\"><span style=\"font-family: 'Times New Roman', serif;\"><span style=\"font-size: medium;\"><span lang=\"pt-BR\">Observa\u00e7\u00e3o: Pedimos que as pessoas participantes da oficina venham com roupas confort\u00e1veis, para o bom desenvolvimento das atividades.<\/span><\/span><\/span><\/span><\/p>\n<p class=\"western\" lang=\"en-US\" align=\"left\"><span style=\"color: #000000;\"><span style=\"font-family: 'Times New Roman', serif;\"><span style=\"font-size: medium;\"><span lang=\"pt-BR\"><b>Formadora<\/b><\/span><span lang=\"pt-BR\">: <\/span><span lang=\"pt-BR\"><b>Jane Borges (UFSCar)<\/b><\/span><\/span><\/span><\/span><\/p>\n<p class=\"western\" lang=\"en-US\" align=\"left\"><span style=\"color: #000000;\"><span style=\"font-family: 'Times New Roman', serif;\"><span style=\"font-size: medium;\"><span lang=\"pt-BR\"><b>Data<\/b><\/span><span lang=\"pt-BR\">: <\/span><span lang=\"pt-BR\"><b>18\/09\/2016 (calend\u00e1rio sujeito a altera\u00e7\u00f5es)<\/b><\/span><\/span><\/span><\/span><\/p>\n<p class=\"western\" lang=\"en-US\" align=\"left\"><span style=\"color: #000000;\"><span style=\"font-family: 'Times New Roman', serif;\"><span style=\"font-size: medium;\"><span lang=\"pt-BR\"><b>Hor\u00e1rio: 14h \u00e0s 17h <\/b><\/span><\/span><\/span><\/span><\/p>\n<p class=\"western\" lang=\"en-US\" align=\"left\"><span style=\"color: #000000;\"><span style=\"font-family: 'Times New Roman', serif;\"><span style=\"font-size: medium;\"><span lang=\"pt-BR\"><b>Vagas: 40 <\/b><\/span><\/span><\/span><\/span><\/p>\n<p class=\"western\" lang=\"en-US\" align=\"left\"><span style=\"color: #000000;\"><span style=\"font-family: 'Times New Roman', serif;\"><span style=\"font-size: medium;\"><span lang=\"pt-BR\"><b>OFICINA 2: BRINCADEIRAS SONORAS <\/b><\/span><\/span><\/span><\/span><\/p>\n<p class=\"western\" lang=\"en-US\" align=\"left\"><span style=\"color: #000000;\"><span style=\"font-family: 'Times New Roman', serif;\"><span style=\"font-size: medium;\"><span lang=\"pt-BR\"><b>Ementa<\/b><\/span><span lang=\"pt-BR\">:\u00a0A m\u00fasica \u00e9 um dos principais meios de comunica\u00e7\u00e3o existentes na sociedade. Atrav\u00e9s dela \u00e9 poss\u00edvel transmitir n\u00e3o s\u00f3 palavras, mas sentimentos e ideias que podem ganhar grandes propor\u00e7\u00f5es did\u00e1ticas, quando bem direcionadas.\u00a0O curso enfatiza despertar o interesse e a sensibiliza\u00e7\u00e3o de forma a auxiliar no desenvolvimento da aprendizagem da crian\u00e7a, ampliando os conhecimentos sobre pr\u00e1ticas pedag\u00f3gicas na educa\u00e7\u00e3o infantil e suas possibilidades em sala de aula.<\/span><\/span><\/span><\/span><\/p>\n<p class=\"western\" lang=\"en-US\" align=\"left\"><span style=\"color: #000000;\"><span style=\"font-family: 'Times New Roman', serif;\"><span style=\"font-size: medium;\"><span lang=\"pt-BR\"><b>Formadora<\/b><\/span><span lang=\"pt-BR\">: <\/span><span lang=\"pt-BR\"><b>Michele Eufr\u00e1sio Sanches <\/b><\/span><\/span><\/span><\/span><\/p>\n<p class=\"western\" lang=\"en-US\" align=\"left\"><span style=\"color: #000000;\"><span style=\"font-family: 'Times New Roman', serif;\"><span style=\"font-size: medium;\"><span lang=\"pt-BR\"><b>Data<\/b><\/span><span lang=\"pt-BR\">: <\/span><span lang=\"pt-BR\"><b>09\/09\/2016<\/b><\/span><\/span><\/span><\/span><\/p>\n<p class=\"western\" lang=\"en-US\" align=\"left\"><span style=\"color: #000000;\"><span style=\"font-family: 'Times New Roman', serif;\"><span style=\"font-size: medium;\"><span lang=\"pt-BR\"><b>Hor\u00e1rio<\/b><\/span><span lang=\"pt-BR\">: <\/span><span lang=\"pt-BR\"><b>14h \u00e0s 17h <\/b><\/span><\/span><\/span><\/span><\/p>\n<p class=\"western\" lang=\"en-US\" align=\"left\"><span style=\"color: #000000;\"><span style=\"font-family: 'Times New Roman', serif;\"><span style=\"font-size: medium;\"><span lang=\"pt-BR\"><b>Vagas: 40 <\/b><\/span><\/span><\/span><\/span><\/p>\n<p class=\"western\" lang=\"en-US\" align=\"left\"><span style=\"color: #000000;\"><span style=\"font-family: 'Times New Roman', serif;\"><span style=\"font-size: medium;\"><span lang=\"pt-BR\"><b>OFICINA 3: &#8220;TRAJET\u00d3RIAS MUSICAIS NA ESCOLA&#8221;<\/b><\/span><\/span><\/span><\/span><\/p>\n<p class=\"western\" lang=\"en-US\" align=\"left\"><span style=\"color: #000000;\"><span style=\"font-family: 'Times New Roman', serif;\"><span style=\"font-size: medium;\"><span lang=\"pt-BR\"><b>Ementa<\/b><\/span><span lang=\"pt-BR\">: A oficina pretende abordar aspectos do desenvolvimento de atividades e de projetos musicais na sala de aula e de acontecimentos art\u00edstico-musicais da comunidade escolar.<\/span><\/span><\/span><\/span><\/p>\n<p class=\"western\" lang=\"en-US\" align=\"left\"><span style=\"color: #000000;\"><span style=\"font-family: 'Times New Roman', serif;\"><span style=\"font-size: medium;\"><span lang=\"pt-BR\"><b>Formadora: Marili Cruz (USP) <\/b><\/span><\/span><\/span><\/span><\/p>\n<p class=\"western\" lang=\"en-US\" align=\"left\"><span style=\"color: #000000;\"><span style=\"font-family: 'Times New Roman', serif;\"><span style=\"font-size: medium;\"><span lang=\"pt-BR\"><b>Datas: 27 de outubro <\/b><\/span><\/span><\/span><\/span><\/p>\n<p class=\"western\" lang=\"en-US\" align=\"left\"><span style=\"color: #000000;\"><span style=\"font-family: 'Times New Roman', serif;\"><span style=\"font-size: medium;\"><span lang=\"pt-BR\"><b>Hor\u00e1rio: 14h \u00e0s 17h <\/b><\/span><\/span><\/span><\/span><\/p>\n<p class=\"western\" lang=\"en-US\" align=\"left\"><span style=\"color: #000000;\"><span style=\"font-family: 'Times New Roman', serif;\"><span style=\"font-size: medium;\"><span lang=\"pt-BR\"><b>Vagas : 40 <\/b><\/span><\/span><\/span><\/span><\/p>\n<p lang=\"en-US\" align=\"center\"><span style=\"font-size: medium;\"><span lang=\"pt-PT\"><b>Link para inscri\u00e7\u00e3o: <\/b><\/span><\/span><span style=\"font-size: medium;\"><span lang=\"pt-BR\"><b> <a href=\"https:\/\/goo.gl\/iM21Or\">https:\/\/goo.gl\/iM21Or<\/a><\/b><\/span><\/span><\/p>\n<p>&nbsp;<\/p>\n","protected":false},"excerpt":{"rendered":"<p>Ementa: O curso pretende contribuir para discuss\u00e3o cr\u00edtica do trabalho com a M\u00fasica na Educa\u00e7\u00e3o, questionando e ampliando os conhecimentos sobre pr\u00e1ticas educativas. Formadores: Wlad Matos, Jane Borges , Marili Cruz e Michele Eufr\u00e1sio Sanches Respons\u00e1vel T\u00e9cnico: Prof\u00aa Me Patricia Rom\u00e3o P\u00fablico Alvo: Auxiliares de Educa\u00e7\u00e3o, Professores da Educa\u00e7\u00e3o B\u00e1sica e Profissionais do Suporte Pedag\u00f3gico&nbsp; <a href=\"https:\/\/sorocaba.sp.gov.br\/catalogodecursos\/curso-29-musica-e-infancia\/\">&hellip; Leia mais<\/a><\/p>\n","protected":false},"author":12,"featured_media":0,"parent":0,"menu_order":0,"comment_status":"closed","ping_status":"closed","template":"","meta":{"footnotes":""},"class_list":["post-167","page","type-page","status-publish","hentry"],"_links":{"self":[{"href":"https:\/\/sorocaba.sp.gov.br\/catalogodecursos\/wp-json\/wp\/v2\/pages\/167","targetHints":{"allow":["GET"]}}],"collection":[{"href":"https:\/\/sorocaba.sp.gov.br\/catalogodecursos\/wp-json\/wp\/v2\/pages"}],"about":[{"href":"https:\/\/sorocaba.sp.gov.br\/catalogodecursos\/wp-json\/wp\/v2\/types\/page"}],"author":[{"embeddable":true,"href":"https:\/\/sorocaba.sp.gov.br\/catalogodecursos\/wp-json\/wp\/v2\/users\/12"}],"replies":[{"embeddable":true,"href":"https:\/\/sorocaba.sp.gov.br\/catalogodecursos\/wp-json\/wp\/v2\/comments?post=167"}],"version-history":[{"count":2,"href":"https:\/\/sorocaba.sp.gov.br\/catalogodecursos\/wp-json\/wp\/v2\/pages\/167\/revisions"}],"predecessor-version":[{"id":227,"href":"https:\/\/sorocaba.sp.gov.br\/catalogodecursos\/wp-json\/wp\/v2\/pages\/167\/revisions\/227"}],"wp:attachment":[{"href":"https:\/\/sorocaba.sp.gov.br\/catalogodecursos\/wp-json\/wp\/v2\/media?parent=167"}],"curies":[{"name":"wp","href":"https:\/\/api.w.org\/{rel}","templated":true}]}}