{"id":170,"date":"2016-07-19T17:49:47","date_gmt":"2016-07-19T17:49:47","guid":{"rendered":"http:\/\/sorocaba.sp.gov.br\/catalogodecursos\/?page_id=170"},"modified":"2016-07-21T14:30:33","modified_gmt":"2016-07-21T14:30:33","slug":"curso-30-o-brincar-questoes-legais-e-pratica-educativa-na-infancia-semi-presencial","status":"publish","type":"page","link":"https:\/\/sorocaba.sp.gov.br\/catalogodecursos\/curso-30-o-brincar-questoes-legais-e-pratica-educativa-na-infancia-semi-presencial\/","title":{"rendered":"CURSO 30: O BRINCAR: QUEST\u00d5ES LEGAIS E PR\u00c1TICA EDUCATIVA NA INF\u00c2NCIA \u2013 SEMI-PRESENCIAL"},"content":{"rendered":"<p class=\"western\" lang=\"en-US\" align=\"left\"><span style=\"color: #000000;\"><span style=\"font-family: 'Times New Roman', serif;\"><span style=\"font-size: medium;\"><span lang=\"pt-BR\"><b>Ementa: <\/b><\/span><span lang=\"pt-BR\">Brincar \u00e9 um direito da crian\u00e7a. Prop\u00f5e-se neste curso, discutir a presen\u00e7a do brincar na legisla\u00e7\u00e3o e a interface com a pr\u00e1tica educativa.<\/span><\/span><\/span><\/span><\/p>\n<p class=\"western\" lang=\"en-US\" align=\"left\"><span style=\"color: #000000;\"><span style=\"font-family: 'Times New Roman', serif;\"><span style=\"font-size: medium;\"><span lang=\"pt-BR\"><b>Formadores:<\/b><\/span><span lang=\"pt-BR\"> Jos\u00e9 Geraldo Vestena;<\/span> <span lang=\"pt-BR\">Prof\u00ba Luiz Gustavo Maganhato<\/span><\/span><\/span><\/span><\/p>\n<p class=\"western\" lang=\"en-US\" align=\"left\"><span style=\"color: #000000;\"><span style=\"font-family: 'Times New Roman', serif;\"><span style=\"font-size: medium;\"><span lang=\"pt-BR\"><b>P\u00fablico Alvo: <\/b><\/span><span lang=\"pt-BR\">Professores da Educa\u00e7\u00e3o B\u00e1sica e Profissionais do Suporte Pedag\u00f3gico <\/span><\/span><\/span><\/span><\/p>\n<p class=\"western\" lang=\"en-US\" align=\"left\"><span style=\"color: #000000;\"><span style=\"font-family: 'Times New Roman', serif;\"><span style=\"font-size: medium;\"><span lang=\"pt-BR\"><b>Vagas: <\/b><\/span><span lang=\"pt-BR\">30 vagas (15 vagas por turma)<\/span><\/span><\/span><\/span><\/p>\n<p class=\"western\" lang=\"en-US\" align=\"left\"><span style=\"color: #000000;\"><span style=\"font-family: 'Times New Roman', serif;\"><span style=\"font-size: medium;\"><span lang=\"pt-BR\"><b>*As vagas ser\u00e3o preenchidas por ordem de inscri\u00e7\u00e3o<\/b><\/span><\/span><\/span><\/span><\/p>\n<p class=\"western\" lang=\"en-US\" align=\"left\"><span style=\"color: #000000;\"><span style=\"font-family: 'Times New Roman', serif;\"><span style=\"font-size: medium;\"><span lang=\"pt-BR\"><b>Per\u00edodo de inscri\u00e7\u00e3o: 15 de agosto \u00e0 22 de agosto<\/b><\/span><\/span><\/span><\/span><\/p>\n<p class=\"western\" lang=\"en-US\" align=\"left\"><span style=\"color: #000000;\"><span style=\"font-family: 'Times New Roman', serif;\"><span style=\"font-size: medium;\"><span lang=\"pt-BR\"><b>Divulga\u00e7\u00e3o dos inscritos:26 de agosto <\/b><\/span><\/span><\/span><\/span><\/p>\n<p class=\"western\" lang=\"en-US\" align=\"left\"><span style=\"color: #000000;\"><span style=\"font-family: 'Times New Roman', serif;\"><span style=\"font-size: medium;\"><span lang=\"pt-BR\"><b>Carga hor\u00e1ria: 20 horas <\/b><\/span><\/span><\/span><\/span><\/p>\n<p class=\"western\" lang=\"en-US\" align=\"left\"><span style=\"color: #000000;\"><span style=\"font-family: 'Times New Roman', serif;\"><span style=\"font-size: medium;\"><span lang=\"pt-BR\"><b>Online: 11 horas <\/b><\/span><\/span><\/span><\/span><\/p>\n<p class=\"western\" lang=\"en-US\" align=\"left\"><span style=\"color: #000000;\"><span style=\"font-family: 'Times New Roman', serif;\"><span style=\"font-size: medium;\"><span lang=\"pt-BR\"><b>Presencial: 9 horas<\/b><\/span><\/span><\/span><\/span><\/p>\n<p class=\"western\" lang=\"en-US\" align=\"left\"><span style=\"color: #000000;\"><span style=\"font-family: 'Times New Roman', serif;\"><span style=\"font-size: medium;\"><span lang=\"pt-BR\"><b>Local: <\/b><\/span><span lang=\"pt-BR\">Centro de Refer\u00eancia em Educa\u00e7\u00e3o <\/span><\/span><\/span><\/span><\/p>\n<p class=\"western\" lang=\"en-US\" align=\"left\"><span style=\"color: #000000;\"><span style=\"font-family: 'Times New Roman', serif;\"><span style=\"font-size: medium;\"><span lang=\"pt-BR\">Rua: Arthur Caldini, 211 <\/span><\/span><\/span><\/span><\/p>\n<p class=\"western\" lang=\"en-US\" align=\"left\"><span style=\"color: #000000;\"><span style=\"font-family: 'Times New Roman', serif;\"><span style=\"font-size: medium;\"><span lang=\"pt-BR\">Jardim Saira<\/span><b> <\/b><\/span><\/span><\/span><\/p>\n<p class=\"western\" lang=\"en-US\" align=\"left\"><span style=\"color: #000000;\"><span style=\"font-family: 'Times New Roman', serif;\"><span style=\"font-size: medium;\"><span lang=\"pt-BR\"><b>Os interessados em realizar cursos na modalidade EAD dever\u00e3o possuir:<\/b><\/span><\/span><\/span><\/span><\/p>\n<p class=\"western\" lang=\"en-US\" align=\"left\"><span style=\"color: #000000;\"><span style=\"font-family: 'Times New Roman', serif;\"><span style=\"font-size: medium;\"><span lang=\"pt-BR\">Disponibilidade para estudo e leitura<\/span><\/span><\/span><\/span><\/p>\n<p class=\"western\" lang=\"en-US\" align=\"left\"><span style=\"color: #000000;\"><span style=\"font-family: 'Times New Roman', serif;\"><span style=\"font-size: medium;\"><span lang=\"pt-BR\">Acesso a computador e conex\u00e3o \u00e0 Internet.<\/span><\/span><\/span><\/span><\/p>\n<p class=\"western\" lang=\"en-US\" align=\"left\"><span style=\"color: #000000;\"><span style=\"font-family: 'Times New Roman', serif;\"><span style=\"font-size: medium;\"><span lang=\"pt-BR\">Conhecimentos b\u00e1sicos no uso de tecnologias, de programas aplicativos e navega\u00e7\u00e3o na Internet (Internet Explorer, Mozilla Firefox e Google Chrome).<\/span><\/span><\/span><\/span><\/p>\n<p class=\"western\" lang=\"en-US\" align=\"left\"><span style=\"color: #000000;\"><span style=\"font-family: 'Times New Roman', serif;\"><span style=\"font-size: medium;\"><span lang=\"pt-BR\">Endere\u00e7o de e-mail pr\u00f3prio (n\u00e3o ser\u00e1 aceito uso de e-mail de terceiros).<\/span><\/span><\/span><\/span><\/p>\n<table width=\"715\" cellspacing=\"0\" cellpadding=\"7\">\n<colgroup>\n<col width=\"235\" \/>\n<col width=\"204\" \/>\n<col width=\"233\" \/> <\/colgroup>\n<tbody>\n<tr valign=\"top\">\n<td width=\"235\" height=\"13\">\n<p class=\"western\" lang=\"en-US\" align=\"left\"><span style=\"color: #000000;\"><span style=\"font-family: 'Times New Roman', serif;\"><span style=\"font-size: medium;\"><span lang=\"pt-BR\"><b>Datas<\/b><\/span><\/span><\/span><\/span><\/p>\n<\/td>\n<td width=\"204\">\n<p class=\"western\" lang=\"en-US\" align=\"left\"><span style=\"color: #000000;\"><span style=\"font-family: 'Times New Roman', serif;\"><span style=\"font-size: medium;\"><span lang=\"pt-BR\"><b>Conte\u00fado Program\u00e1tico<\/b><\/span><\/span><\/span><\/span><\/p>\n<\/td>\n<td width=\"233\">\n<p class=\"western\" lang=\"en-US\" align=\"left\"><span style=\"color: #000000;\"><span style=\"font-family: 'Times New Roman', serif;\"><span style=\"font-size: medium;\"><span lang=\"pt-BR\"><b>Hor\u00e1rio<\/b><\/span><\/span><\/span><\/span><\/p>\n<\/td>\n<\/tr>\n<tr valign=\"top\">\n<td rowspan=\"4\" width=\"235\">\n<p class=\"western\" lang=\"en-US\" align=\"left\"><span style=\"color: #000000;\"><span style=\"font-family: 'Times New Roman', serif;\"><span style=\"font-size: medium;\"><span lang=\"pt-BR\">Encontro Presencial:<\/span><\/span><\/span><\/span><\/p>\n<p class=\"western\" lang=\"en-US\" align=\"left\"><span style=\"color: #000000;\"><span style=\"font-family: 'Times New Roman', serif;\"><span style=\"font-size: medium;\"><span lang=\"pt-BR\">15\/09<\/span><\/span><\/span><\/span><\/p>\n<p class=\"western\" lang=\"en-US\" align=\"left\"><span style=\"color: #000000;\"><span style=\"font-family: 'Times New Roman', serif;\"><span style=\"font-size: medium;\"><span lang=\"pt-BR\">*As outras datas dos encontros presenciais, ser\u00e3o divulgadas posteriormente<\/span><\/span><\/span><\/span><\/p>\n<\/td>\n<td width=\"204\">\n<p class=\"western\" lang=\"en-US\" align=\"left\"><span style=\"color: #000000;\"><span style=\"font-family: 'Times New Roman', serif;\"><span style=\"font-size: medium;\"><span lang=\"pt-BR\">Documentos de Refer\u00eancias<\/span><\/span><\/span><\/span><\/p>\n<\/td>\n<td rowspan=\"4\" width=\"233\">\n<p class=\"western\" lang=\"en-US\" align=\"left\"><span style=\"color: #000000;\"><span style=\"font-family: 'Times New Roman', serif;\"><span style=\"font-size: medium;\"><span lang=\"pt-BR\">Turma A: 08h \u00e0s 11h<\/span><\/span><\/span><\/span><\/p>\n<p class=\"western\" lang=\"en-US\" align=\"left\"><span style=\"color: #000000;\"> <span style=\"font-family: 'Times New Roman', serif;\"><span style=\"font-size: medium;\"><span lang=\"pt-BR\">Turma B: 14h \u00e0s 17h<\/span><\/span><\/span><\/span><\/p>\n<\/td>\n<\/tr>\n<tr valign=\"top\">\n<td width=\"204\">\n<p class=\"western\" lang=\"en-US\" align=\"left\"><span style=\"color: #000000;\"><span style=\"font-family: 'Times New Roman', serif;\"><span style=\"font-size: medium;\"><span lang=\"pt-BR\">Diretrizes Curriculares para Educa\u00e7\u00e3o Infantil<\/span><\/span><\/span><\/span><\/p>\n<\/td>\n<\/tr>\n<tr valign=\"top\">\n<td width=\"204\">\n<p class=\"western\" lang=\"en-US\" align=\"left\"><span style=\"color: #000000;\"><span style=\"font-family: 'Times New Roman', serif;\"><span style=\"font-size: medium;\"><span lang=\"pt-BR\">A import\u00e2ncia do Brincar <\/span><\/span><\/span><\/span><\/p>\n<\/td>\n<\/tr>\n<tr valign=\"top\">\n<td width=\"204\">\n<p class=\"western\" lang=\"en-US\" align=\"left\"><span style=\"color: #000000;\"><span style=\"font-family: 'Times New Roman', serif;\"><span style=\"font-size: medium;\"><span lang=\"pt-BR\">Jogos e brincadeira na Educa\u00e7\u00e3o <\/span><\/span><\/span><\/span><\/p>\n<\/td>\n<\/tr>\n<\/tbody>\n<\/table>\n<p lang=\"en-US\" align=\"center\"><span style=\"font-size: medium;\"><span lang=\"pt-PT\"><b>Link para inscri\u00e7\u00e3o: <\/b><\/span><\/span><b> <\/b><a href=\"https:\/\/goo.gl\/pBhq6i\"><span lang=\"pt-BR\"><b>https:\/\/goo.gl\/pBhq6i<\/b><\/span><\/a><\/p>\n<p>&nbsp;<\/p>\n","protected":false},"excerpt":{"rendered":"<p>Ementa: Brincar \u00e9 um direito da crian\u00e7a. Prop\u00f5e-se neste curso, discutir a presen\u00e7a do brincar na legisla\u00e7\u00e3o e a interface com a pr\u00e1tica educativa. Formadores: Jos\u00e9 Geraldo Vestena; Prof\u00ba Luiz Gustavo Maganhato P\u00fablico Alvo: Professores da Educa\u00e7\u00e3o B\u00e1sica e Profissionais do Suporte Pedag\u00f3gico Vagas: 30 vagas (15 vagas por turma) *As vagas ser\u00e3o preenchidas por&nbsp; <a href=\"https:\/\/sorocaba.sp.gov.br\/catalogodecursos\/curso-30-o-brincar-questoes-legais-e-pratica-educativa-na-infancia-semi-presencial\/\">&hellip; Leia mais<\/a><\/p>\n","protected":false},"author":12,"featured_media":0,"parent":0,"menu_order":0,"comment_status":"closed","ping_status":"closed","template":"","meta":{"footnotes":""},"class_list":["post-170","page","type-page","status-publish","hentry"],"_links":{"self":[{"href":"https:\/\/sorocaba.sp.gov.br\/catalogodecursos\/wp-json\/wp\/v2\/pages\/170","targetHints":{"allow":["GET"]}}],"collection":[{"href":"https:\/\/sorocaba.sp.gov.br\/catalogodecursos\/wp-json\/wp\/v2\/pages"}],"about":[{"href":"https:\/\/sorocaba.sp.gov.br\/catalogodecursos\/wp-json\/wp\/v2\/types\/page"}],"author":[{"embeddable":true,"href":"https:\/\/sorocaba.sp.gov.br\/catalogodecursos\/wp-json\/wp\/v2\/users\/12"}],"replies":[{"embeddable":true,"href":"https:\/\/sorocaba.sp.gov.br\/catalogodecursos\/wp-json\/wp\/v2\/comments?post=170"}],"version-history":[{"count":2,"href":"https:\/\/sorocaba.sp.gov.br\/catalogodecursos\/wp-json\/wp\/v2\/pages\/170\/revisions"}],"predecessor-version":[{"id":228,"href":"https:\/\/sorocaba.sp.gov.br\/catalogodecursos\/wp-json\/wp\/v2\/pages\/170\/revisions\/228"}],"wp:attachment":[{"href":"https:\/\/sorocaba.sp.gov.br\/catalogodecursos\/wp-json\/wp\/v2\/media?parent=170"}],"curies":[{"name":"wp","href":"https:\/\/api.w.org\/{rel}","templated":true}]}}