{"id":179,"date":"2016-07-19T17:51:24","date_gmt":"2016-07-19T17:51:24","guid":{"rendered":"http:\/\/sorocaba.sp.gov.br\/catalogodecursos\/?page_id=179"},"modified":"2016-07-21T14:31:56","modified_gmt":"2016-07-21T14:31:56","slug":"curso-33-as-inteligencias-expressas-no-ambiente-escolar","status":"publish","type":"page","link":"https:\/\/sorocaba.sp.gov.br\/catalogodecursos\/curso-33-as-inteligencias-expressas-no-ambiente-escolar\/","title":{"rendered":"CURSO 33: AS INTELIG\u00caNCIAS EXPRESSAS NO AMBIENTE ESCOLAR"},"content":{"rendered":"<p class=\"western\" lang=\"en-US\" align=\"left\"><span style=\"color: #000000;\"><span style=\"font-family: 'Times New Roman', serif;\"><span style=\"font-size: medium;\"><span lang=\"pt-BR\"><b>Ementa: <\/b><\/span><span lang=\"pt-BR\">A partir de conceitos sobre o comportamento inteligente de um aluno, manifestado no ambiente da escola, durante as pr\u00e1ticas docentes do cotidiano escolar, a proposta visa subsidiar conhecimentos sobre teorias atualizadas da tem\u00e1tica intelig\u00eancia humana. Para tanto, a metodologia busca reunir os professores interessados para participar de rodas de conversa sobre o assunto atendendo aos seguintes objetivos espec\u00edficos: a) trocar experi\u00eancias vividas sobre aspectos que permeiam a express\u00e3o da \u201cintelig\u00eancia humana\u201d em sala de aula; b) levantar conceitos de intelig\u00eancia associados \u00e0s situa\u00e7\u00f5es por eles vivenciadas em suas atividades docentes; c) identificar poss\u00edveis estrat\u00e9gias de ensino como \u201cestimula\u00e7\u00f5es de comportamentos inteligentes\u201d apresentadas em manifesta\u00e7\u00f5es dos alunos no ambiente escolar; d) elaborar situa\u00e7\u00f5es-problema que favore\u00e7am o potencial de intelig\u00eancia dos alunos; e) vivenciar pr\u00e1ticas relacionadas \u00e0s diferentes e poss\u00edveis situa\u00e7\u00f5es- problema.<\/span><\/span><\/span><\/span><\/p>\n<p class=\"western\" lang=\"en-US\" align=\"left\"><span style=\"color: #000000;\"><span style=\"font-family: 'Times New Roman', serif;\"><span style=\"font-size: medium;\"><span lang=\"pt-BR\"><b>Formadores: <\/b><\/span><span lang=\"pt-BR\">Prof\u00aa Dr\u00aa Vilma Nista-Piccolo e Flora Loureiro de Mello<\/span><\/span><\/span><\/span><\/p>\n<p class=\"western\" lang=\"en-US\" align=\"left\"><span style=\"color: #000000;\"><span style=\"font-family: 'Times New Roman', serif;\"><span style=\"font-size: medium;\"><span lang=\"pt-BR\"><b>P\u00fablico Alvo: <\/b><\/span><span lang=\"pt-BR\">Professores da Educa\u00e7\u00e3o B\u00e1sica <\/span><\/span><\/span><\/span><\/p>\n<p class=\"western\" lang=\"en-US\" align=\"left\"><span style=\"color: #000000;\"><span style=\"font-family: 'Times New Roman', serif;\"><span style=\"font-size: medium;\"><span lang=\"pt-BR\"><b>Vagas: <\/b><\/span><span lang=\"pt-BR\">30<\/span><\/span><\/span><\/span><\/p>\n<p class=\"western\" lang=\"en-US\" align=\"left\"><span style=\"color: #000000;\"><span style=\"font-family: 'Times New Roman', serif;\"><span style=\"font-size: medium;\"><span lang=\"pt-BR\"><b>*As vagas ser\u00e3o preenchidas por ordem de inscri\u00e7\u00e3o<\/b><\/span><\/span><\/span><\/span><\/p>\n<p class=\"western\" lang=\"en-US\" align=\"left\"><span style=\"color: #000000;\"><span style=\"font-family: 'Times New Roman', serif;\"><span style=\"font-size: medium;\"><span lang=\"pt-BR\"><b>Per\u00edodo de inscri\u00e7\u00e3o: 12 de setembro \u00e0 19 de setembro de 2016<\/b><\/span><\/span><\/span><\/span><\/p>\n<p class=\"western\" lang=\"en-US\" align=\"left\"><span style=\"color: #000000;\"><span style=\"font-family: 'Times New Roman', serif;\"><span style=\"font-size: medium;\"><span lang=\"pt-BR\"><b>Divulga\u00e7\u00e3o dos inscritos: 23 de setembro <\/b><\/span><\/span><\/span><\/span><\/p>\n<p class=\"western\" lang=\"en-US\" align=\"left\"><span style=\"color: #000000;\"><span style=\"font-family: 'Times New Roman', serif;\"><span style=\"font-size: medium;\"><span lang=\"pt-BR\"><b>Carga hor\u00e1ria: <\/b><\/span><span lang=\"pt-BR\">12 horas <\/span><\/span><\/span><\/span><\/p>\n<p class=\"western\" lang=\"en-US\" align=\"left\"><span style=\"color: #000000;\"><span style=\"font-family: 'Times New Roman', serif;\"><span style=\"font-size: medium;\"><span lang=\"pt-BR\"><b>Hor\u00e1rio: <\/b><\/span><span lang=\"pt-BR\">14h \u00e0s 16h <\/span><\/span><\/span><\/span><\/p>\n<p class=\"western\" lang=\"en-US\" align=\"left\"><span style=\"color: #000000;\"><span style=\"font-family: 'Times New Roman', serif;\"><span style=\"font-size: medium;\"><span lang=\"pt-BR\"><b>Local:<\/b><\/span><span lang=\"pt-BR\"> Universidade de Sorocaba (UNISO) <\/span><\/span><\/span><\/span><\/p>\n<p class=\"western\" lang=\"en-US\" align=\"left\"><span style=\"color: #000000;\"><span style=\"font-family: 'Times New Roman', serif;\"><span style=\"font-size: medium;\"><span lang=\"pt-BR\"><b>Endere\u00e7o<\/b><\/span><span lang=\"pt-BR\">: Rodovia Raposo Tavares &#8211; Vila Artura<\/span><\/span><\/span><\/span><\/p>\n<p class=\"western\" lang=\"en-US\" align=\"left\"><span style=\"color: #000000;\"><span style=\"font-family: 'Times New Roman', serif;\"><span style=\"font-size: medium;\"><span lang=\"pt-BR\"><b>Sala:<\/b><\/span><span lang=\"pt-BR\"> a definir <\/span><\/span><\/span><\/span><\/p>\n<table width=\"699\" cellspacing=\"0\" cellpadding=\"7\">\n<colgroup>\n<col width=\"70\" \/>\n<col width=\"599\" \/> <\/colgroup>\n<tbody>\n<tr valign=\"top\">\n<td width=\"70\">\n<p class=\"western\" lang=\"en-US\" align=\"left\"><span style=\"color: #000000;\"><span style=\"font-family: 'Times New Roman', serif;\"><span style=\"font-size: medium;\"><span lang=\"pt-BR\"><b>Datas <\/b><\/span><\/span><\/span><\/span><\/p>\n<\/td>\n<td width=\"599\">\n<p class=\"western\" lang=\"en-US\" align=\"left\"><span style=\"color: #000000;\"><span style=\"font-family: 'Times New Roman', serif;\"><span style=\"font-size: medium;\"><span lang=\"pt-BR\"><b>Conte\u00fado program\u00e1tico<\/b><\/span><\/span><\/span><\/span><\/p>\n<\/td>\n<\/tr>\n<tr valign=\"top\">\n<td width=\"70\" height=\"41\">\n<p class=\"western\" lang=\"en-US\" align=\"left\"><span style=\"color: #000000;\"><span style=\"font-family: 'Times New Roman', serif;\"><span style=\"font-size: medium;\"><span lang=\"pt-BR\"><b>03\/10<\/b><\/span><\/span><\/span><\/span><\/p>\n<\/td>\n<td width=\"599\">\n<p class=\"western\" lang=\"en-US\" align=\"left\"><span style=\"color: #000000;\"><span style=\"font-family: 'Times New Roman', serif;\"><span style=\"font-size: medium;\"><span lang=\"pt-BR\">Apresenta\u00e7\u00e3o da tem\u00e1tica e levantamento dos conceitos sobre intelig\u00eancia humana trazidos pelos profs., vivenciados no ambiente escolar. A evolu\u00e7\u00e3o do conhecimento sobre intelig\u00eancia. Slides, v\u00eddeos e debates sobre as teorias.<\/span><\/span><\/span><\/span><\/p>\n<\/td>\n<\/tr>\n<tr valign=\"top\">\n<td width=\"70\" height=\"15\">\n<p class=\"western\" lang=\"en-US\" align=\"left\"><span style=\"color: #000000;\"><span style=\"font-family: 'Times New Roman', serif;\"><span style=\"font-size: medium;\"><span lang=\"pt-BR\"><b>17\/10<\/b><\/span><\/span><\/span><\/span><\/p>\n<\/td>\n<td width=\"599\">\n<p class=\"western\" lang=\"en-US\" align=\"left\"><span style=\"color: #000000;\"><span style=\"font-family: 'Times New Roman', serif;\"><span style=\"font-size: medium;\"><span lang=\"pt-BR\">A Teoria das Intelig\u00eancias M\u00faltiplas. Apresenta\u00e7\u00e3o, v\u00eddeos e viv\u00eancias de propostas de atividades. <\/span><\/span><\/span><\/span><\/p>\n<\/td>\n<\/tr>\n<tr valign=\"top\">\n<td width=\"70\" height=\"13\">\n<p class=\"western\" lang=\"en-US\" align=\"left\"><span style=\"color: #000000;\"><span style=\"font-family: 'Times New Roman', serif;\"><span style=\"font-size: medium;\"><span lang=\"pt-BR\"><b>07\/11<\/b><\/span><\/span><\/span><\/span><\/p>\n<\/td>\n<td width=\"599\">\n<p class=\"western\" lang=\"en-US\" align=\"left\"><span style=\"color: #000000;\"><span style=\"font-family: 'Times New Roman', serif;\"><span style=\"font-size: medium;\"><span lang=\"pt-BR\">Levantamento de situa\u00e7\u00f5es- problema e primeiras viv\u00eancias.<\/span><\/span><\/span><\/span><\/p>\n<\/td>\n<\/tr>\n<tr valign=\"top\">\n<td width=\"70\" height=\"15\">\n<p class=\"western\" lang=\"en-US\" align=\"left\"><span style=\"color: #000000;\"><span style=\"font-family: 'Times New Roman', serif;\"><span style=\"font-size: medium;\"><span lang=\"pt-BR\"><b>14\/11<\/b><\/span><\/span><\/span><\/span><\/p>\n<\/td>\n<td width=\"599\">\n<p class=\"western\" lang=\"en-US\" align=\"left\"><span style=\"color: #000000;\"><span style=\"font-family: 'Times New Roman', serif;\"><span style=\"font-size: medium;\"><span lang=\"pt-BR\">Propostas de atividades com foco no est\u00edmulo das intelig\u00eancias.<\/span><\/span><\/span><\/span><\/p>\n<\/td>\n<\/tr>\n<tr valign=\"top\">\n<td width=\"70\" height=\"32\">\n<p class=\"western\" lang=\"en-US\" align=\"left\"><span style=\"color: #000000;\"><span style=\"font-family: 'Times New Roman', serif;\"><span style=\"font-size: medium;\"><span lang=\"pt-BR\"><b>21\/11<\/b><\/span><\/span><\/span><\/span><\/p>\n<\/td>\n<td width=\"599\">\n<p class=\"western\" lang=\"en-US\" align=\"left\"><span style=\"color: #000000;\"><span style=\"font-family: 'Times New Roman', serif;\"><span style=\"font-size: medium;\"><span lang=\"pt-BR\">Palestra de uma professora convidada que desenvolveu projeto com crian\u00e7as com dificuldades de aprendizagem por meio de propostas voltadas ao est\u00edmulo das intelig\u00eancias.<\/span><\/span><\/span><\/span><\/p>\n<\/td>\n<\/tr>\n<tr valign=\"top\">\n<td width=\"70\" height=\"40\">\n<p class=\"western\" lang=\"en-US\" align=\"left\"><span style=\"color: #000000;\"><span style=\"font-family: 'Times New Roman', serif;\"><span style=\"font-size: medium;\"><span lang=\"pt-BR\"><b>28\/11<\/b><\/span><\/span><\/span><\/span><\/p>\n<\/td>\n<td width=\"599\">\n<p class=\"western\" lang=\"en-US\" align=\"left\"><span style=\"color: #000000;\"><span style=\"font-family: 'Times New Roman', serif;\"><span style=\"font-size: medium;\"><span lang=\"pt-BR\">Propostas de atividades dadas pelos profs.<\/span><\/span><\/span><\/span><\/p>\n<p class=\"western\" lang=\"en-US\" align=\"left\"><span style=\"color: #000000;\"><span style=\"font-family: 'Times New Roman', serif;\"><span style=\"font-size: medium;\"><span lang=\"pt-BR\">Fechamento do Projeto.<\/span><\/span><\/span><\/span><\/p>\n<\/td>\n<\/tr>\n<\/tbody>\n<\/table>\n<p lang=\"en-US\" align=\"center\"><span style=\"font-size: medium;\"><span lang=\"pt-PT\"><b>Link para inscri\u00e7\u00e3o: <\/b><\/span><\/span><b> <\/b><a href=\"https:\/\/goo.gl\/JOzfci\"><span style=\"font-family: 'Times New Roman', serif;\"><span style=\"font-size: medium;\"><span lang=\"pt-BR\"><b>https:\/\/goo.gl\/JOzfci<\/b><\/span><\/span><\/span><\/a><\/p>\n<p>&nbsp;<\/p>\n","protected":false},"excerpt":{"rendered":"<p>Ementa: A partir de conceitos sobre o comportamento inteligente de um aluno, manifestado no ambiente da escola, durante as pr\u00e1ticas docentes do cotidiano escolar, a proposta visa subsidiar conhecimentos sobre teorias atualizadas da tem\u00e1tica intelig\u00eancia humana. Para tanto, a metodologia busca reunir os professores interessados para participar de rodas de conversa sobre o assunto atendendo&nbsp; <a href=\"https:\/\/sorocaba.sp.gov.br\/catalogodecursos\/curso-33-as-inteligencias-expressas-no-ambiente-escolar\/\">&hellip; Leia mais<\/a><\/p>\n","protected":false},"author":12,"featured_media":0,"parent":0,"menu_order":0,"comment_status":"closed","ping_status":"closed","template":"","meta":{"footnotes":""},"class_list":["post-179","page","type-page","status-publish","hentry"],"_links":{"self":[{"href":"https:\/\/sorocaba.sp.gov.br\/catalogodecursos\/wp-json\/wp\/v2\/pages\/179","targetHints":{"allow":["GET"]}}],"collection":[{"href":"https:\/\/sorocaba.sp.gov.br\/catalogodecursos\/wp-json\/wp\/v2\/pages"}],"about":[{"href":"https:\/\/sorocaba.sp.gov.br\/catalogodecursos\/wp-json\/wp\/v2\/types\/page"}],"author":[{"embeddable":true,"href":"https:\/\/sorocaba.sp.gov.br\/catalogodecursos\/wp-json\/wp\/v2\/users\/12"}],"replies":[{"embeddable":true,"href":"https:\/\/sorocaba.sp.gov.br\/catalogodecursos\/wp-json\/wp\/v2\/comments?post=179"}],"version-history":[{"count":2,"href":"https:\/\/sorocaba.sp.gov.br\/catalogodecursos\/wp-json\/wp\/v2\/pages\/179\/revisions"}],"predecessor-version":[{"id":232,"href":"https:\/\/sorocaba.sp.gov.br\/catalogodecursos\/wp-json\/wp\/v2\/pages\/179\/revisions\/232"}],"wp:attachment":[{"href":"https:\/\/sorocaba.sp.gov.br\/catalogodecursos\/wp-json\/wp\/v2\/media?parent=179"}],"curies":[{"name":"wp","href":"https:\/\/api.w.org\/{rel}","templated":true}]}}