{"id":185,"date":"2016-07-19T17:51:58","date_gmt":"2016-07-19T17:51:58","guid":{"rendered":"http:\/\/sorocaba.sp.gov.br\/catalogodecursos\/?page_id=185"},"modified":"2016-07-21T14:32:28","modified_gmt":"2016-07-21T14:32:28","slug":"curso-35-o-papel-dos-gestores-escolares-no-contexto-da-gestao-democratica","status":"publish","type":"page","link":"https:\/\/sorocaba.sp.gov.br\/catalogodecursos\/curso-35-o-papel-dos-gestores-escolares-no-contexto-da-gestao-democratica\/","title":{"rendered":"CURSO 35: O PAPEL DOS GESTORES ESCOLARES NO CONTEXTO DA GEST\u00c3O DEMOCR\u00c1TICA"},"content":{"rendered":"<p class=\"western\" lang=\"en-US\" align=\"left\"><span style=\"color: #000000;\"><span style=\"font-family: 'Times New Roman', serif;\"><span style=\"font-size: medium;\"><span lang=\"pt-BR\"><b>Ementa:<\/b><\/span><span lang=\"pt-BR\"> A gest\u00e3o democr\u00e1tica na escola p\u00fablica \u00e9 um desafio, que a escola, com toda a equipe gestora e a comunidade escolar enfrenta, com a finalidade de construir um processo democr\u00e1tico din\u00e2mico e cont\u00ednuo que contribua para o processo de melhoria do ensino e para o desenvolvimento profissional da equipe. <\/span><\/span><\/span><\/span><\/p>\n<p class=\"western\" lang=\"en-US\" align=\"left\"><span style=\"color: #000000;\"><span style=\"font-family: 'Times New Roman', serif;\"><span style=\"font-size: medium;\"><span lang=\"pt-BR\"><b>Formadores<\/b><\/span><span lang=\"pt-BR\">:<\/span> <span lang=\"pt-BR\">Profa. Alda Regina, Profa. Maria Alzira e Prof. Waldemar Marques<\/span><\/span><\/span><\/span><\/p>\n<p class=\"western\" lang=\"en-US\" align=\"left\"><span style=\"color: #000000;\"><span style=\"font-family: 'Times New Roman', serif;\"><span style=\"font-size: medium;\"><span lang=\"pt-BR\"><b>P\u00fablico Alvo: <\/b><\/span><span lang=\"pt-BR\">Profissionais do Suporte Pedag\u00f3gico <\/span><\/span><\/span><\/span><\/p>\n<p class=\"western\" lang=\"en-US\" align=\"left\"><span style=\"color: #000000;\"><span style=\"font-family: 'Times New Roman', serif;\"><span style=\"font-size: medium;\"><span lang=\"pt-BR\"><b>Vagas: <\/b><\/span><span lang=\"pt-BR\">60<\/span><\/span><\/span><\/span><\/p>\n<p class=\"western\" lang=\"en-US\" align=\"left\"><span style=\"color: #000000;\"><span style=\"font-family: 'Times New Roman', serif;\"><span style=\"font-size: medium;\"><span lang=\"pt-BR\"><b>*As vagas ser\u00e3o preenchidas por ordem de inscri\u00e7\u00e3o<\/b><\/span><\/span><\/span><\/span><\/p>\n<p class=\"western\" lang=\"en-US\" align=\"left\"><span style=\"color: #000000;\"><span style=\"font-family: 'Times New Roman', serif;\"><span style=\"font-size: medium;\"><span lang=\"pt-BR\"><b>Carga hor\u00e1ria: <\/b><\/span><span lang=\"pt-BR\"> 16 horas<\/span><\/span><\/span><\/span><\/p>\n<p class=\"western\" lang=\"en-US\" align=\"left\"><span style=\"color: #000000;\"><span style=\"font-family: 'Times New Roman', serif;\"><span style=\"font-size: medium;\"><span lang=\"pt-BR\"><b>Per\u00edodo de inscri\u00e7\u00e3o: 15 de agosto \u00e0 22 de agosto<\/b><\/span><\/span><\/span><\/span><\/p>\n<p class=\"western\" lang=\"en-US\" align=\"left\"><span style=\"color: #000000;\"><span style=\"font-family: 'Times New Roman', serif;\"><span style=\"font-size: medium;\"><span lang=\"pt-BR\"><b>Divulga\u00e7\u00e3o dos inscritos: 26 de agosto de 2016 <\/b><\/span><\/span><\/span><\/span><\/p>\n<p class=\"western\" lang=\"en-US\" align=\"left\"><span style=\"color: #000000;\"><span style=\"font-family: 'Times New Roman', serif;\"><span style=\"font-size: medium;\"><span lang=\"pt-BR\"><b>Hor\u00e1rio: <\/b><\/span><span lang=\"pt-BR\">13h \u00e0s 17h <\/span><\/span><\/span><\/span><\/p>\n<p class=\"western\" lang=\"en-US\" align=\"left\"><span style=\"color: #000000;\"><span style=\"font-family: 'Times New Roman', serif;\"><span style=\"font-size: medium;\"><span lang=\"pt-BR\"><b>Local:<\/b><\/span><span lang=\"pt-BR\"> Universidade de Sorocaba (UNISO) <\/span><\/span><\/span><\/span><\/p>\n<p class=\"western\" lang=\"en-US\" align=\"left\"><span style=\"color: #000000;\"><span style=\"font-family: 'Times New Roman', serif;\"><span style=\"font-size: medium;\"><span lang=\"pt-BR\"><b>Endere\u00e7o:<\/b><\/span><span lang=\"pt-BR\"> Rodovia Raposo Tavares &#8211; Vila Artura<\/span><\/span><\/span><\/span><\/p>\n<p class=\"western\" lang=\"en-US\" align=\"left\"><span style=\"color: #000000;\"><span style=\"font-family: 'Times New Roman', serif;\"><span style=\"font-size: medium;\"><span lang=\"pt-BR\"><b>Sala:<\/b><\/span><span lang=\"pt-BR\"> a definir <\/span><\/span><\/span><\/span><\/p>\n<table width=\"697\" cellspacing=\"0\" cellpadding=\"7\">\n<colgroup>\n<col width=\"127\" \/>\n<col width=\"540\" \/> <\/colgroup>\n<tbody>\n<tr valign=\"top\">\n<td width=\"127\" height=\"12\">\n<p class=\"western\" lang=\"en-US\" align=\"left\"><span style=\"color: #000000;\"><span style=\"font-family: 'Times New Roman', serif;\"><span style=\"font-size: medium;\"><span lang=\"pt-BR\"><b>Datas<\/b><\/span><\/span><\/span><\/span><\/p>\n<\/td>\n<td width=\"540\">\n<p class=\"western\" lang=\"en-US\" align=\"left\"><span style=\"color: #000000;\"><span style=\"font-family: 'Times New Roman', serif;\"><span style=\"font-size: medium;\"><span lang=\"pt-BR\"><b>Conte\u00fado Program\u00e1tico<\/b><\/span><\/span><\/span><\/span><\/p>\n<\/td>\n<\/tr>\n<tr valign=\"top\">\n<td width=\"127\" height=\"26\">\n<p class=\"western\" lang=\"en-US\" align=\"left\"><span style=\"color: #000000;\"><span style=\"font-family: 'Times New Roman', serif;\"><span style=\"font-size: medium;\"><span lang=\"pt-BR\">29\/08<\/span><\/span><\/span><\/span><\/p>\n<\/td>\n<td width=\"540\">\n<p class=\"western\" lang=\"en-US\" align=\"left\"><span style=\"color: #000000;\"><span style=\"font-family: 'Times New Roman', serif;\"><span style=\"font-size: medium;\"><span lang=\"pt-BR\">1. Elabora\u00e7\u00e3o do Projeto Pol\u00edtico Pedag\u00f3gico (PPP): identifica\u00e7\u00e3o e an\u00e1lise de fragilidades e potencialidades;<\/span><\/span><\/span><\/span><\/p>\n<\/td>\n<\/tr>\n<tr valign=\"top\">\n<td width=\"127\" height=\"19\">\n<p class=\"western\" lang=\"en-US\" align=\"left\"><span style=\"color: #000000;\"><span style=\"font-family: 'Times New Roman', serif;\"><span style=\"font-size: medium;\"><span lang=\"pt-BR\">19\/09<\/span><\/span><\/span><\/span><\/p>\n<\/td>\n<td width=\"540\">\n<p class=\"western\" lang=\"en-US\" align=\"left\"><span style=\"color: #000000;\"><span style=\"font-family: 'Times New Roman', serif;\"><span style=\"font-size: medium;\"><span lang=\"pt-BR\">2. Planejamento, execu\u00e7\u00e3o e avalia\u00e7\u00e3o: discuss\u00e3o conceitual e implica\u00e7\u00f5es para pr\u00e1tica;<\/span><\/span><\/span><\/span><\/p>\n<\/td>\n<\/tr>\n<tr valign=\"top\">\n<td width=\"127\" height=\"22\">\n<p class=\"western\" lang=\"en-US\" align=\"left\"><span style=\"color: #000000;\"><span style=\"font-family: 'Times New Roman', serif;\"><span style=\"font-size: medium;\"><span lang=\"pt-BR\">17\/10<\/span><\/span><\/span><\/span><\/p>\n<\/td>\n<td width=\"540\">\n<p class=\"western\" lang=\"en-US\" align=\"left\"><span style=\"color: #000000;\"><span style=\"font-family: 'Times New Roman', serif;\"><span style=\"font-size: medium;\"><span lang=\"pt-BR\">3. Desenvolvimento docente: por que e como fazer? <\/span><\/span><\/span><\/span><\/p>\n<\/td>\n<\/tr>\n<tr valign=\"top\">\n<td width=\"127\" height=\"54\">\n<p class=\"western\" lang=\"en-US\" align=\"left\"><span style=\"color: #000000;\"><span style=\"font-family: 'Times New Roman', serif;\"><span style=\"font-size: medium;\"><span lang=\"pt-BR\">07\/11<\/span><\/span><\/span><\/span><\/p>\n<\/td>\n<td width=\"540\">\n<p class=\"western\" lang=\"en-US\" align=\"left\"><span style=\"color: #000000;\"><span style=\"font-family: 'Times New Roman', serif;\"><span style=\"font-size: medium;\"><span lang=\"pt-BR\">4. Participa\u00e7\u00e3o da comunidade: import\u00e2ncia e entraves<\/span><\/span><\/span><\/span><\/p>\n<\/td>\n<\/tr>\n<\/tbody>\n<\/table>\n<p lang=\"en-US\" align=\"center\"><span style=\"font-size: medium;\"><span lang=\"pt-PT\"><b>Link para inscri\u00e7\u00e3o: <\/b><\/span><\/span><span style=\"font-size: medium;\"><span lang=\"pt-BR\"><b> <a href=\"https:\/\/goo.gl\/H2Eqgg\">https:\/\/goo.gl\/H2Eqgg<\/a><\/b><\/span><\/span><\/p>\n<p>&nbsp;<\/p>\n","protected":false},"excerpt":{"rendered":"<p>Ementa: A gest\u00e3o democr\u00e1tica na escola p\u00fablica \u00e9 um desafio, que a escola, com toda a equipe gestora e a comunidade escolar enfrenta, com a finalidade de construir um processo democr\u00e1tico din\u00e2mico e cont\u00ednuo que contribua para o processo de melhoria do ensino e para o desenvolvimento profissional da equipe. Formadores: Profa. Alda Regina, Profa.&nbsp; <a href=\"https:\/\/sorocaba.sp.gov.br\/catalogodecursos\/curso-35-o-papel-dos-gestores-escolares-no-contexto-da-gestao-democratica\/\">&hellip; Leia mais<\/a><\/p>\n","protected":false},"author":12,"featured_media":0,"parent":0,"menu_order":0,"comment_status":"closed","ping_status":"closed","template":"","meta":{"footnotes":""},"class_list":["post-185","page","type-page","status-publish","hentry"],"_links":{"self":[{"href":"https:\/\/sorocaba.sp.gov.br\/catalogodecursos\/wp-json\/wp\/v2\/pages\/185","targetHints":{"allow":["GET"]}}],"collection":[{"href":"https:\/\/sorocaba.sp.gov.br\/catalogodecursos\/wp-json\/wp\/v2\/pages"}],"about":[{"href":"https:\/\/sorocaba.sp.gov.br\/catalogodecursos\/wp-json\/wp\/v2\/types\/page"}],"author":[{"embeddable":true,"href":"https:\/\/sorocaba.sp.gov.br\/catalogodecursos\/wp-json\/wp\/v2\/users\/12"}],"replies":[{"embeddable":true,"href":"https:\/\/sorocaba.sp.gov.br\/catalogodecursos\/wp-json\/wp\/v2\/comments?post=185"}],"version-history":[{"count":2,"href":"https:\/\/sorocaba.sp.gov.br\/catalogodecursos\/wp-json\/wp\/v2\/pages\/185\/revisions"}],"predecessor-version":[{"id":234,"href":"https:\/\/sorocaba.sp.gov.br\/catalogodecursos\/wp-json\/wp\/v2\/pages\/185\/revisions\/234"}],"wp:attachment":[{"href":"https:\/\/sorocaba.sp.gov.br\/catalogodecursos\/wp-json\/wp\/v2\/media?parent=185"}],"curies":[{"name":"wp","href":"https:\/\/api.w.org\/{rel}","templated":true}]}}