{"id":191,"date":"2016-07-19T17:52:34","date_gmt":"2016-07-19T17:52:34","guid":{"rendered":"http:\/\/sorocaba.sp.gov.br\/catalogodecursos\/?page_id=191"},"modified":"2016-07-21T14:33:13","modified_gmt":"2016-07-21T14:33:13","slug":"curso-37-convivencia-ajudando-a-lidar-com-conflitos","status":"publish","type":"page","link":"https:\/\/sorocaba.sp.gov.br\/catalogodecursos\/curso-37-convivencia-ajudando-a-lidar-com-conflitos\/","title":{"rendered":"CURSO 37 \u2013 CONVIV\u00caNCIA: AJUDANDO A LIDAR COM CONFLITOS"},"content":{"rendered":"<p class=\"western\" lang=\"en-US\" align=\"left\"><span style=\"color: #000000;\"><span style=\"font-family: 'Times New Roman', serif;\"><span style=\"font-size: medium;\"><span lang=\"pt-BR\"><b>Ementa<\/b><\/span><span lang=\"pt-BR\">:<\/span> <span lang=\"pt-BR\">Propiciar momentos de reflex\u00e3o sobre as rela\u00e7\u00f5es interpessoais, sobre habilidades a serem desenvolvidas considerando-se os valores e princ\u00edpios: autonomia, respeito, participa\u00e7\u00e3o, envolvimento, sociabilidade.<\/span><\/span><\/span><\/span><\/p>\n<p class=\"western\" lang=\"en-US\" align=\"left\"><span style=\"color: #000000;\"><span style=\"font-family: 'Times New Roman', serif;\"><span style=\"font-size: medium;\"><span lang=\"pt-BR\"><b>Formadores:<\/b><\/span><span lang=\"pt-BR\"> Psic\u00f3loga Janete Alher Jo\u00e3o, Psic\u00f3logo Mois\u00e9s Luiz Andrade Rodrigues, supervisora Roberta Rodrigues da Paz, Marcia de Fatima Delanholo Sturm, Paula de F\u00e1tima Soares\u00a0Cosmin,<\/span><b> <\/b><span lang=\"pt-BR\">Alessandra Rosa Vieira. <\/span><\/span><\/span><\/span><\/p>\n<p class=\"western\" lang=\"en-US\" align=\"left\"><span style=\"color: #000000;\"><span style=\"font-family: 'Times New Roman', serif;\"><span style=\"font-size: medium;\"><span lang=\"pt-BR\"><b>Respons\u00e1vel T\u00e9cnico<\/b><\/span><span lang=\"pt-BR\">: Prof\u00aa Me Patricia Rom\u00e3o <\/span><\/span><\/span><\/span><\/p>\n<p class=\"western\" lang=\"en-US\" align=\"left\"><span style=\"color: #000000;\"> <span style=\"font-family: 'Times New Roman', serif;\"><span style=\"font-size: medium;\"><span lang=\"pt-BR\">Gestora de Desenvolvimento Educacional <\/span><\/span><\/span><\/span><\/p>\n<p class=\"western\" lang=\"en-US\" align=\"left\"><span style=\"color: #000000;\"><span style=\"font-family: 'Times New Roman', serif;\"><span style=\"font-size: medium;\"><span lang=\"pt-BR\"><b>P\u00fablico Alvo: <\/b><\/span><span lang=\"pt-BR\">Professores da Educa\u00e7\u00e3o B\u00e1sica, Profissionais do Suporte Pedag\u00f3gico e Inspetores de Alunos <\/span><\/span><\/span><\/span><\/p>\n<p class=\"western\" lang=\"en-US\" align=\"left\"><span style=\"color: #000000;\"><span style=\"font-family: 'Times New Roman', serif;\"><span style=\"font-size: medium;\"><span lang=\"pt-BR\"><b>Vagas<\/b><\/span><span lang=\"pt-BR\">: 20 vagas<\/span><\/span><\/span><\/span><\/p>\n<p class=\"western\" lang=\"en-US\" align=\"left\"><span style=\"color: #000000;\"><span style=\"font-family: 'Times New Roman', serif;\"><span style=\"font-size: medium;\"><span lang=\"pt-BR\"><b>*As vagas ser\u00e3o preenchidas por ordem de inscri\u00e7\u00e3o<\/b><\/span><\/span><\/span><\/span><\/p>\n<p class=\"western\" lang=\"en-US\" align=\"left\"><span style=\"color: #000000;\"><span style=\"font-family: 'Times New Roman', serif;\"><span style=\"font-size: medium;\"><span lang=\"pt-BR\"><b>Per\u00edodo de inscri\u00e7\u00e3o<\/b><\/span><span lang=\"pt-BR\">: 15 de agosto \u00e0 22 de agosto de 2016<\/span><\/span><\/span><\/span><\/p>\n<p class=\"western\" lang=\"en-US\" align=\"left\"><span style=\"color: #000000;\"><span style=\"font-family: 'Times New Roman', serif;\"><span style=\"font-size: medium;\"><span lang=\"pt-BR\"><b>Divulga\u00e7\u00e3o dos inscritos:<\/b><\/span><span lang=\"pt-BR\"> 26 de agosto de 2016 <\/span><\/span><\/span><\/span><\/p>\n<p class=\"western\" lang=\"en-US\" align=\"left\"><span style=\"color: #000000;\"><span style=\"font-family: 'Times New Roman', serif;\"><span style=\"font-size: medium;\"><span lang=\"pt-BR\"><b>Carga hor\u00e1ria<\/b><\/span><span lang=\"pt-BR\">: 08 horas<\/span><\/span><\/span><\/span><\/p>\n<p class=\"western\" lang=\"en-US\" align=\"left\"><span style=\"color: #000000;\"><span style=\"font-family: 'Times New Roman', serif;\"><span style=\"font-size: medium;\"><span lang=\"pt-BR\"><b>Hor\u00e1rio:<\/b><\/span><span lang=\"pt-BR\"> 08h \u00e0s 12h <\/span><\/span><\/span><\/span><\/p>\n<p class=\"western\" lang=\"en-US\" align=\"left\"><span style=\"color: #000000;\"><span style=\"font-family: 'Times New Roman', serif;\"><span style=\"font-size: medium;\"><span lang=\"pt-BR\"><b>Local:<\/b><\/span><span lang=\"pt-BR\"> Centro de Refer\u00eancia em Educa\u00e7\u00e3o<\/span><\/span><\/span><\/span><\/p>\n<p class=\"western\" lang=\"en-US\" align=\"left\"><span style=\"color: #000000;\"> <span style=\"font-family: 'Times New Roman', serif;\"><span style=\"font-size: medium;\"><span lang=\"pt-BR\">Rua: Arthur Caldini, 211<\/span><\/span><\/span><\/span><\/p>\n<p class=\"western\" lang=\"en-US\" align=\"left\"><span style=\"color: #000000;\"> <span style=\"font-family: 'Times New Roman', serif;\"><span style=\"font-size: medium;\"><span lang=\"pt-BR\">Jardim Saira<\/span><\/span><\/span><\/span><\/p>\n<table width=\"699\" cellspacing=\"0\" cellpadding=\"7\">\n<colgroup>\n<col width=\"236\" \/>\n<col width=\"300\" \/>\n<col width=\"119\" \/> <\/colgroup>\n<tbody>\n<tr valign=\"top\">\n<td width=\"236\" height=\"7\">\n<p class=\"western\" lang=\"en-US\" align=\"left\"><span style=\"color: #000000;\"><span style=\"font-family: 'Times New Roman', serif;\"><span style=\"font-size: medium;\"><span lang=\"pt-BR\"><b>Datas<\/b><\/span><\/span><\/span><\/span><\/p>\n<\/td>\n<td width=\"300\">\n<p class=\"western\" lang=\"en-US\" align=\"left\"><span style=\"color: #000000;\"><span style=\"font-family: 'Times New Roman', serif;\"><span style=\"font-size: medium;\"><span lang=\"pt-BR\"><b>Conte\u00fado Program\u00e1tico <\/b><\/span><\/span><\/span><\/span><\/p>\n<\/td>\n<td width=\"119\">\n<p class=\"western\" lang=\"en-US\" align=\"left\"><span style=\"color: #000000;\"><span style=\"font-family: 'Times New Roman', serif;\"><span style=\"font-size: medium;\"><span lang=\"pt-BR\"><b>Hor\u00e1rio<\/b><\/span><\/span><\/span><\/span><\/p>\n<\/td>\n<\/tr>\n<tr valign=\"top\">\n<td width=\"236\" height=\"86\">\n<p class=\"western\" lang=\"en-US\" align=\"left\"><span style=\"color: #000000;\"><span style=\"font-family: 'Times New Roman', serif;\"><span style=\"font-size: medium;\"><span lang=\"pt-BR\">15 de setembro de 2016<\/span><\/span><\/span><\/span><\/p>\n<p class=\"western\" lang=\"en-US\" align=\"left\"><span style=\"color: #000000;\"><span style=\"font-family: 'Times New Roman', serif;\"><span style=\"font-size: medium;\"><span lang=\"pt-BR\">20 de outubro de 2016<\/span><\/span><\/span><\/span><\/p>\n<\/td>\n<td width=\"300\">\n<ul>\n<ul>\n<li>\n<p class=\"western\" lang=\"en-US\" align=\"left\"><span style=\"color: #000000;\"><span style=\"font-family: 'Times New Roman', serif;\"><span style=\"font-size: medium;\"><span lang=\"pt-BR\">Discuss\u00e3o sobre as rela\u00e7\u00f5es interpessoais;<\/span><\/span><\/span><\/span><\/p>\n<\/li>\n<li>\n<p class=\"western\" lang=\"en-US\" align=\"left\"><span style=\"color: #000000;\"><span style=\"font-family: 'Times New Roman', serif;\"><span style=\"font-size: medium;\"><span lang=\"pt-BR\">Habilidades a serem desenvolvidas considerando-se os valores e princ\u00edpios: autonomia, respeito, participa\u00e7\u00e3o, envolvimento e sociabilidade. <\/span><\/span><\/span><\/span><\/p>\n<\/li>\n<\/ul>\n<\/ul>\n<\/td>\n<td width=\"119\">\n<p class=\"western\" lang=\"en-US\" align=\"left\"><span style=\"color: #000000;\"><span style=\"font-family: 'Times New Roman', serif;\"><span style=\"font-size: medium;\"><span lang=\"pt-BR\">8h \u00e0s 12h<\/span><\/span><\/span><\/span><\/p>\n<\/td>\n<\/tr>\n<\/tbody>\n<\/table>\n<p lang=\"en-US\" align=\"center\"><span style=\"font-size: medium;\"><span lang=\"pt-PT\"><b>Link para inscri\u00e7\u00e3o: <\/b><\/span><\/span><b> <\/b><a href=\"https:\/\/goo.gl\/doHl9Q\"><span style=\"font-size: medium;\"><span lang=\"pt-BR\"><b>https:\/\/goo.gl\/doHl9Q<\/b><\/span><\/span><\/a><\/p>\n<p>&nbsp;<\/p>\n","protected":false},"excerpt":{"rendered":"<p>Ementa: Propiciar momentos de reflex\u00e3o sobre as rela\u00e7\u00f5es interpessoais, sobre habilidades a serem desenvolvidas considerando-se os valores e princ\u00edpios: autonomia, respeito, participa\u00e7\u00e3o, envolvimento, sociabilidade. Formadores: Psic\u00f3loga Janete Alher Jo\u00e3o, Psic\u00f3logo Mois\u00e9s Luiz Andrade Rodrigues, supervisora Roberta Rodrigues da Paz, Marcia de Fatima Delanholo Sturm, Paula de F\u00e1tima Soares\u00a0Cosmin, Alessandra Rosa Vieira. Respons\u00e1vel T\u00e9cnico: Prof\u00aa Me&nbsp; <a href=\"https:\/\/sorocaba.sp.gov.br\/catalogodecursos\/curso-37-convivencia-ajudando-a-lidar-com-conflitos\/\">&hellip; Leia mais<\/a><\/p>\n","protected":false},"author":12,"featured_media":0,"parent":0,"menu_order":0,"comment_status":"closed","ping_status":"closed","template":"","meta":{"footnotes":""},"class_list":["post-191","page","type-page","status-publish","hentry"],"_links":{"self":[{"href":"https:\/\/sorocaba.sp.gov.br\/catalogodecursos\/wp-json\/wp\/v2\/pages\/191","targetHints":{"allow":["GET"]}}],"collection":[{"href":"https:\/\/sorocaba.sp.gov.br\/catalogodecursos\/wp-json\/wp\/v2\/pages"}],"about":[{"href":"https:\/\/sorocaba.sp.gov.br\/catalogodecursos\/wp-json\/wp\/v2\/types\/page"}],"author":[{"embeddable":true,"href":"https:\/\/sorocaba.sp.gov.br\/catalogodecursos\/wp-json\/wp\/v2\/users\/12"}],"replies":[{"embeddable":true,"href":"https:\/\/sorocaba.sp.gov.br\/catalogodecursos\/wp-json\/wp\/v2\/comments?post=191"}],"version-history":[{"count":2,"href":"https:\/\/sorocaba.sp.gov.br\/catalogodecursos\/wp-json\/wp\/v2\/pages\/191\/revisions"}],"predecessor-version":[{"id":236,"href":"https:\/\/sorocaba.sp.gov.br\/catalogodecursos\/wp-json\/wp\/v2\/pages\/191\/revisions\/236"}],"wp:attachment":[{"href":"https:\/\/sorocaba.sp.gov.br\/catalogodecursos\/wp-json\/wp\/v2\/media?parent=191"}],"curies":[{"name":"wp","href":"https:\/\/api.w.org\/{rel}","templated":true}]}}