{"id":194,"date":"2016-07-19T17:53:26","date_gmt":"2016-07-19T17:53:26","guid":{"rendered":"http:\/\/sorocaba.sp.gov.br\/catalogodecursos\/?page_id=194"},"modified":"2016-07-21T14:33:28","modified_gmt":"2016-07-21T14:33:28","slug":"curso-38-as-especificidades-da-acao-pedagogica-no-bercario","status":"publish","type":"page","link":"https:\/\/sorocaba.sp.gov.br\/catalogodecursos\/curso-38-as-especificidades-da-acao-pedagogica-no-bercario\/","title":{"rendered":"CURSO 38 \u2013 AS ESPECIFICIDADES DA A\u00c7\u00c3O PEDAG\u00d3GICA NO BER\u00c7\u00c1RIO"},"content":{"rendered":"<p class=\"western\" lang=\"en-US\" align=\"left\"><span style=\"color: #000000;\"><span style=\"font-family: 'Times New Roman', serif;\"><span style=\"font-size: medium;\"><span lang=\"pt-BR\"><b>Ementa<\/b><\/span><span lang=\"pt-BR\">:<\/span><span lang=\"pt-BR\"> A pr\u00e1tica pedag\u00f3gica no ber\u00e7\u00e1rio \u00e9 um desafio para muitos profissionais da Educa\u00e7\u00e3o Infantil. A maioria das d\u00favidas permeia a rotina de cuidados, os aspectos cognitivo, afetivo e motor e, principalmente, as propostas de atividades e materiais pedag\u00f3gicos para a faixa et\u00e1ria. Diante desses questionamentos, os encontros ter\u00e3o o objetivo de discutir a abordagem pedag\u00f3gica no ber\u00e7\u00e1rio, al\u00e9m de vivenciar pr\u00e1ticas educativas que respeitem o protagonismo infantil e o desenvolvimento profissional docente.<\/span><\/span><\/span><\/span><\/p>\n<p class=\"western\" lang=\"en-US\" align=\"left\"><span style=\"color: #000000;\"><span style=\"font-family: 'Times New Roman', serif;\"><span style=\"font-size: medium;\"><span lang=\"pt-BR\"><b>Formadora: Prof. Yara Guariglia<\/b><\/span><\/span><\/span><\/span><\/p>\n<p class=\"western\" lang=\"en-US\" align=\"left\"><span style=\"color: #000000;\"><span style=\"font-family: 'Times New Roman', serif;\"><span style=\"font-size: medium;\"><span lang=\"pt-BR\"><b>P\u00fablico Alvo: <\/b><\/span><span lang=\"pt-BR\">Professores da Educa\u00e7\u00e3o B\u00e1sica e Profissionais do Suporte Pedag\u00f3gico <\/span><\/span><\/span><\/span><\/p>\n<p class=\"western\" lang=\"en-US\" align=\"left\"><span style=\"color: #000000;\"><span style=\"font-family: 'Times New Roman', serif;\"><span style=\"font-size: medium;\"><span lang=\"pt-BR\"><b>Vagas<\/b><\/span><span lang=\"pt-BR\">: 30 vagas<\/span><\/span><\/span><\/span><\/p>\n<p class=\"western\" lang=\"en-US\" align=\"left\"><span style=\"color: #000000;\"><span style=\"font-family: 'Times New Roman', serif;\"><span style=\"font-size: medium;\"><span lang=\"pt-BR\"><b>*As vagas ser\u00e3o preenchidas por ordem de inscri\u00e7\u00e3o<\/b><\/span><\/span><\/span><\/span><\/p>\n<p class=\"western\" lang=\"en-US\" align=\"left\"><span style=\"color: #000000;\"><span style=\"font-family: 'Times New Roman', serif;\"><span style=\"font-size: medium;\"><span lang=\"pt-BR\"><b>Per\u00edodo de inscri\u00e7\u00e3o<\/b><\/span><span lang=\"pt-BR\">:<\/span> <span lang=\"pt-BR\">15 de agosto \u00e0 22 de agosto de 2016 <\/span><\/span><\/span><\/span><\/p>\n<p class=\"western\" lang=\"en-US\" align=\"left\"><span style=\"color: #000000;\"><span style=\"font-family: 'Times New Roman', serif;\"><span style=\"font-size: medium;\"><span lang=\"pt-BR\"><b>Divulga\u00e7\u00e3o dos inscritos<\/b><\/span><span lang=\"pt-BR\">: 26 de agosto de 2016 <\/span><\/span><\/span><\/span><\/p>\n<p class=\"western\" lang=\"en-US\" align=\"left\"><span style=\"color: #000000;\"><span style=\"font-family: 'Times New Roman', serif;\"><span style=\"font-size: medium;\"><span lang=\"pt-BR\"><b>Carga hor\u00e1ria<\/b><\/span><span lang=\"pt-BR\">: 08 horas<\/span><\/span><\/span><\/span><\/p>\n<p class=\"western\" lang=\"en-US\" align=\"left\"><span style=\"color: #000000;\"><span style=\"font-family: 'Times New Roman', serif;\"><span style=\"font-size: medium;\"><span lang=\"pt-BR\"><b>Hor\u00e1rio:<\/b><\/span><span lang=\"pt-BR\"> 08h \u00e0s 12h <\/span><\/span><\/span><\/span><\/p>\n<p class=\"western\" lang=\"en-US\" align=\"left\"><span style=\"color: #000000;\"><span style=\"font-family: 'Times New Roman', serif;\"><span style=\"font-size: medium;\"><span lang=\"pt-BR\"><b>Local:<\/b><\/span><span lang=\"pt-BR\"> Centro de Refer\u00eancia em Educa\u00e7\u00e3o<\/span><\/span><\/span><\/span><\/p>\n<p class=\"western\" lang=\"en-US\" align=\"left\"><span style=\"color: #000000;\"> <span style=\"font-family: 'Times New Roman', serif;\"><span style=\"font-size: medium;\"><span lang=\"pt-BR\">Rua: Arthur Caldini, 211- Jardim Saira<\/span><\/span><\/span><\/span><\/p>\n<table width=\"699\" cellspacing=\"0\" cellpadding=\"7\">\n<colgroup>\n<col width=\"174\" \/>\n<col width=\"345\" \/>\n<col width=\"136\" \/> <\/colgroup>\n<tbody>\n<tr valign=\"top\">\n<td width=\"174\" height=\"7\">\n<p class=\"western\" lang=\"en-US\" align=\"left\"><span style=\"color: #000000;\"><span style=\"font-family: 'Times New Roman', serif;\"><span style=\"font-size: medium;\"><span lang=\"pt-BR\"><b>Datas<\/b><\/span><\/span><\/span><\/span><\/p>\n<\/td>\n<td width=\"345\">\n<p class=\"western\" lang=\"en-US\" align=\"left\"><span style=\"color: #000000;\"><span style=\"font-family: 'Times New Roman', serif;\"><span style=\"font-size: medium;\"><span lang=\"pt-BR\"><b>Conte\u00fado Program\u00e1tico<\/b><\/span><\/span><\/span><\/span><\/p>\n<\/td>\n<td width=\"136\">\n<p class=\"western\" lang=\"en-US\" align=\"left\"><span style=\"color: #000000;\"><span style=\"font-family: 'Times New Roman', serif;\"><span style=\"font-size: medium;\"><span lang=\"pt-BR\"><b>Hor\u00e1rio<\/b><\/span><\/span><\/span><\/span><\/p>\n<\/td>\n<\/tr>\n<tr valign=\"top\">\n<td width=\"174\">\n<p class=\"western\" lang=\"en-US\" align=\"left\"><span style=\"color: #000000;\"><span style=\"font-family: 'Times New Roman', serif;\"><span style=\"font-size: medium;\"><span lang=\"pt-BR\">05\/09<\/span><\/span><\/span><\/span><\/p>\n<p class=\"western\" lang=\"en-US\" align=\"left\"><span style=\"color: #000000;\"><span style=\"font-family: 'Times New Roman', serif;\"><span style=\"font-size: medium;\"><span lang=\"pt-BR\">12\/09<\/span><\/span><\/span><\/span><\/p>\n<\/td>\n<td width=\"345\">\n<p class=\"western\" lang=\"en-US\" align=\"left\"><span style=\"color: #000000;\"><span style=\"font-family: 'Times New Roman', serif;\"><span style=\"font-size: medium;\"><span lang=\"pt-BR\"><b>Encontro 1:<\/b><\/span><\/span><\/span><\/span><\/p>\n<p class=\"western\" lang=\"en-US\" align=\"left\"><span style=\"color: #000000;\"><span style=\"font-family: 'Times New Roman', serif;\"><span style=\"font-size: medium;\"><span lang=\"pt-BR\">Adapta\u00e7\u00e3o e acolhimento;<\/span><\/span><\/span><\/span><\/p>\n<p class=\"western\" lang=\"en-US\" align=\"left\"><span style=\"color: #000000;\"><span style=\"font-family: 'Times New Roman', serif;\"><span style=\"font-size: medium;\"><span lang=\"pt-BR\">Choro: meio de comunica\u00e7\u00e3o dos beb\u00eas;<\/span><\/span><\/span><\/span><\/p>\n<p class=\"western\" lang=\"en-US\" align=\"left\"><span style=\"color: #000000;\"><span style=\"font-family: 'Times New Roman', serif;\"><span style=\"font-size: medium;\"><span lang=\"pt-BR\">A import\u00e2ncia do afeto para o desenvolvimento cognitivo na primeir\u00edssima inf\u00e2ncia;<\/span><\/span><\/span><\/span><\/p>\n<p class=\"western\" lang=\"en-US\" align=\"left\"><span style=\"color: #000000;\"><span style=\"font-family: 'Times New Roman', serif;\"><span style=\"font-size: medium;\"><span lang=\"pt-BR\">As oportunidades de desenvolvimento que a rotina de cuidados oferece.<\/span><\/span><\/span><\/span><\/p>\n<p class=\"western\" lang=\"en-US\" align=\"left\"><span style=\"color: #000000;\"><span style=\"font-family: 'Times New Roman', serif;\"><span style=\"font-size: medium;\"><span lang=\"pt-BR\"><b>Encontro 2:<\/b><\/span><\/span><\/span><\/span><\/p>\n<ul>\n<li>\n<p class=\"western\" lang=\"en-US\" align=\"left\"><span style=\"color: #000000;\"><span style=\"font-family: 'Times New Roman', serif;\"><span style=\"font-size: medium;\"><span lang=\"pt-BR\">Desenvolvimento dos beb\u00eas: descobertas e possibilidades;<\/span><\/span><\/span><\/span><\/p>\n<\/li>\n<li>\n<p class=\"western\" lang=\"en-US\" align=\"left\"><span style=\"color: #000000;\"><span style=\"font-family: 'Times New Roman', serif;\"><span style=\"font-size: medium;\"><span lang=\"pt-BR\">Organiza\u00e7\u00e3o do espa\u00e7o f\u00edsico educador;<\/span><\/span><\/span><\/span><\/p>\n<\/li>\n<\/ul>\n<p class=\"western\" lang=\"en-US\" align=\"left\"><span style=\"color: #000000;\"><span style=\"font-family: 'Times New Roman', serif;\"><span style=\"font-size: medium;\"><span lang=\"pt-BR\">Propostas e ideias de materiais e viv\u00eancias sensoriais.<\/span><\/span><\/span><\/span><\/p>\n<\/td>\n<td width=\"136\">\n<p class=\"western\" lang=\"en-US\" align=\"left\"><span style=\"color: #000000;\"><span style=\"font-family: 'Times New Roman', serif;\"><span style=\"font-size: medium;\"><span lang=\"pt-BR\">Turma A: 08h \u00e0s 12h<\/span><\/span><\/span><\/span><\/p>\n<p class=\"western\" lang=\"en-US\" align=\"left\"><span style=\"color: #000000;\"><span style=\"font-family: 'Times New Roman', serif;\"><span style=\"font-size: medium;\"><span lang=\"pt-BR\">Turma B: 13h \u00e0s 17h<\/span><\/span><\/span><\/span><\/p>\n<\/td>\n<\/tr>\n<\/tbody>\n<\/table>\n<p lang=\"en-US\" align=\"center\"><span style=\"font-size: medium;\"><span lang=\"pt-PT\"><b>Link para inscri\u00e7\u00e3o: <\/b><\/span><\/span><b> <\/b><a href=\"https:\/\/goo.gl\/OL922L\"><span style=\"font-size: medium;\"><span lang=\"pt-BR\"><b>https:\/\/goo.gl\/OL922L<\/b><\/span><\/span><\/a><\/p>\n<p>&nbsp;<\/p>\n","protected":false},"excerpt":{"rendered":"<p>Ementa: A pr\u00e1tica pedag\u00f3gica no ber\u00e7\u00e1rio \u00e9 um desafio para muitos profissionais da Educa\u00e7\u00e3o Infantil. A maioria das d\u00favidas permeia a rotina de cuidados, os aspectos cognitivo, afetivo e motor e, principalmente, as propostas de atividades e materiais pedag\u00f3gicos para a faixa et\u00e1ria. Diante desses questionamentos, os encontros ter\u00e3o o objetivo de discutir a abordagem&nbsp; <a href=\"https:\/\/sorocaba.sp.gov.br\/catalogodecursos\/curso-38-as-especificidades-da-acao-pedagogica-no-bercario\/\">&hellip; Leia mais<\/a><\/p>\n","protected":false},"author":12,"featured_media":0,"parent":0,"menu_order":0,"comment_status":"closed","ping_status":"closed","template":"","meta":{"footnotes":""},"class_list":["post-194","page","type-page","status-publish","hentry"],"_links":{"self":[{"href":"https:\/\/sorocaba.sp.gov.br\/catalogodecursos\/wp-json\/wp\/v2\/pages\/194","targetHints":{"allow":["GET"]}}],"collection":[{"href":"https:\/\/sorocaba.sp.gov.br\/catalogodecursos\/wp-json\/wp\/v2\/pages"}],"about":[{"href":"https:\/\/sorocaba.sp.gov.br\/catalogodecursos\/wp-json\/wp\/v2\/types\/page"}],"author":[{"embeddable":true,"href":"https:\/\/sorocaba.sp.gov.br\/catalogodecursos\/wp-json\/wp\/v2\/users\/12"}],"replies":[{"embeddable":true,"href":"https:\/\/sorocaba.sp.gov.br\/catalogodecursos\/wp-json\/wp\/v2\/comments?post=194"}],"version-history":[{"count":2,"href":"https:\/\/sorocaba.sp.gov.br\/catalogodecursos\/wp-json\/wp\/v2\/pages\/194\/revisions"}],"predecessor-version":[{"id":237,"href":"https:\/\/sorocaba.sp.gov.br\/catalogodecursos\/wp-json\/wp\/v2\/pages\/194\/revisions\/237"}],"wp:attachment":[{"href":"https:\/\/sorocaba.sp.gov.br\/catalogodecursos\/wp-json\/wp\/v2\/media?parent=194"}],"curies":[{"name":"wp","href":"https:\/\/api.w.org\/{rel}","templated":true}]}}