{"id":197,"date":"2016-07-19T17:53:46","date_gmt":"2016-07-19T17:53:46","guid":{"rendered":"http:\/\/sorocaba.sp.gov.br\/catalogodecursos\/?page_id=197"},"modified":"2016-07-21T14:33:51","modified_gmt":"2016-07-21T14:33:51","slug":"curso-39-memorias-e-reflexoes-sobre-a-pratica-educacional-na-primeira-infancia-um-dialogo-com-os-registros-dos-professores","status":"publish","type":"page","link":"https:\/\/sorocaba.sp.gov.br\/catalogodecursos\/curso-39-memorias-e-reflexoes-sobre-a-pratica-educacional-na-primeira-infancia-um-dialogo-com-os-registros-dos-professores\/","title":{"rendered":"CURSO 39 \u2013MEM\u00d3RIAS E REFLEX\u00d5ES SOBRE A PR\u00c1TICA EDUCACIONAL NA PRIMEIRA INF\u00c2NCIA: UM DI\u00c1LOGO COM OS REGISTROS DOS PROFESSORES."},"content":{"rendered":"<p class=\"western\" lang=\"en-US\" align=\"left\"><span style=\"color: #000000;\"><span style=\"font-family: 'Times New Roman', serif;\"><span style=\"font-size: medium;\"><span lang=\"pt-BR\"><b>Ementa<\/b><\/span><span lang=\"pt-BR\">:<\/span><span lang=\"pt-BR\"> As discuss\u00f5es que se pretende fomentar, poder\u00e1 ampliar as raz\u00f5es pelas quais s\u00e3o produzidos e a quem se destinam os registros produzidos pelos professores. Para tanto, torna-se fundamental levar em considera\u00e7\u00e3o: a maneira como os profissionais percebem o cotidiano e suas pr\u00e1ticas por meio de observa\u00e7\u00f5es e das escolhas de epis\u00f3dios selecionados para os registros que realizam ou n\u00e3o (sob a forma de imagens, fotos, filmagens, anota\u00e7\u00f5es, produ\u00e7\u00f5es das crian\u00e7as), assim \u00e9 poss\u00edveis reflex\u00f5es que surgem a partir dessa pr\u00e1tica. <\/span><\/span><\/span><\/span><\/p>\n<p class=\"western\" lang=\"en-US\" align=\"left\"><span style=\"color: #000000;\"><span style=\"font-family: 'Times New Roman', serif;\"><span style=\"font-size: medium;\"><span lang=\"pt-BR\"><b>Formadoras: <\/b><\/span><span lang=\"pt-BR\">Suely Mello e Lane Mary Faulin Gamba<\/span><\/span><\/span><\/span><\/p>\n<p class=\"western\" lang=\"en-US\" align=\"left\"><span style=\"color: #000000;\"><span style=\"font-family: 'Times New Roman', serif;\"><span style=\"font-size: medium;\"><span lang=\"pt-BR\"><b>P\u00fablico Alvo: <\/b><\/span><span lang=\"pt-BR\">Professores da Educa\u00e7\u00e3o B\u00e1sica e Profissionais do Suporte Pedag\u00f3gico <\/span><\/span><\/span><\/span><\/p>\n<p class=\"western\" lang=\"en-US\" align=\"left\"><span style=\"color: #000000;\"><span style=\"font-family: 'Times New Roman', serif;\"><span style=\"font-size: medium;\"><span lang=\"pt-BR\"><b>Vagas<\/b><\/span><span lang=\"pt-BR\">: 200 <\/span><\/span><\/span><\/span><\/p>\n<p class=\"western\" lang=\"en-US\" align=\"left\"><span style=\"color: #000000;\"><span style=\"font-family: 'Times New Roman', serif;\"><span style=\"font-size: medium;\"><span lang=\"pt-BR\"><b>*As vagas ser\u00e3o preenchidas por ordem de inscri\u00e7\u00e3o<\/b><\/span><\/span><\/span><\/span><\/p>\n<p class=\"western\" lang=\"en-US\" align=\"left\"><span style=\"color: #000000;\"><span style=\"font-family: 'Times New Roman', serif;\"><span style=\"font-size: medium;\"><span lang=\"pt-BR\"><b>Per\u00edodo de inscri\u00e7\u00e3o:<\/b><\/span><span lang=\"pt-BR\"> 25 de julho \u00e0 02 de agosto<\/span><\/span><\/span><\/span><\/p>\n<p class=\"western\" lang=\"en-US\" align=\"left\"><span style=\"color: #000000;\"><span style=\"font-family: 'Times New Roman', serif;\"><span style=\"font-size: medium;\"><span lang=\"pt-BR\"><b>Divulga\u00e7\u00e3o dos inscritos :<\/b><\/span><span lang=\"pt-BR\">08 de agosto de 2016<\/span><b> <\/b> <\/span><\/span><\/span><\/p>\n<p class=\"western\" lang=\"en-US\" align=\"left\"><span style=\"color: #000000;\"><span style=\"font-family: 'Times New Roman', serif;\"><span style=\"font-size: medium;\"><span lang=\"pt-BR\"><b>Carga hor\u00e1ria<\/b><\/span><span lang=\"pt-BR\">: 08 horas<\/span><\/span><\/span><\/span><\/p>\n<p class=\"western\" lang=\"en-US\" align=\"left\"><span style=\"color: #000000;\"><span style=\"font-family: 'Times New Roman', serif;\"><span style=\"font-size: medium;\"><span lang=\"pt-BR\"><b>Hor\u00e1rio:<\/b><\/span><span lang=\"pt-BR\"> 08h \u00e0s 17h <\/span><\/span><\/span><\/span><\/p>\n<p class=\"western\" lang=\"en-US\" align=\"left\"><span style=\"color: #000000;\"><span style=\"font-family: 'Times New Roman', serif;\"><span style=\"font-size: medium;\"><span lang=\"pt-BR\"><b>Local:<\/b><\/span><span lang=\"pt-BR\"> a definir <\/span><\/span><\/span><\/span><\/p>\n<p class=\"western\" lang=\"en-US\" align=\"left\"><span style=\"color: #000000;\"><span style=\"font-family: 'Times New Roman', serif;\"><span style=\"font-size: medium;\"><span lang=\"pt-BR\"><b>Data<\/b><\/span><\/span><\/span><\/span><\/p>\n<p class=\"western\" lang=\"en-US\" align=\"left\"><span style=\"color: #000000;\"><span style=\"font-family: 'Times New Roman', serif;\"><span style=\"font-size: medium;\"><span lang=\"pt-BR\"><b>Conte\u00fado Program\u00e1tico<\/b><\/span><\/span><\/span><\/span><\/p>\n<p class=\"western\" lang=\"en-US\" align=\"left\"><span style=\"color: #000000;\"><span style=\"font-family: 'Times New Roman', serif;\"><span style=\"font-size: medium;\"><span lang=\"pt-BR\">26\/08 <\/span><\/span><\/span><\/span><\/p>\n<p class=\"western\" lang=\"en-US\" align=\"left\"><span style=\"color: #000000;\"><span style=\"font-family: 'Times New Roman', serif;\"><span style=\"font-size: medium;\"><span lang=\"pt-BR\">8h \u00e0s 12h &#8211; <\/span><span lang=\"pt-BR\">Documenta\u00e7\u00e3o pedag\u00f3gica como instrumento de reflex\u00e3o e produ\u00e7\u00e3o docente na educa\u00e7\u00e3o infantil<\/span><\/span><\/span><\/span><\/p>\n<p class=\"western\" lang=\"en-US\" align=\"left\"><span style=\"color: #000000;\"><span style=\"font-family: 'Times New Roman', serif;\"><span style=\"font-size: medium;\"><span lang=\"pt-BR\">13h \u00e0s 17h \u2013 Avalia\u00e7\u00e3o e Registo na Educa\u00e7\u00e3o Infantil <\/span><\/span><\/span><\/span><\/p>\n<p lang=\"en-US\" align=\"center\"><span style=\"font-size: medium;\"><span lang=\"pt-PT\"><b>Link para inscri\u00e7\u00e3o: <\/b><\/span><\/span><b> <\/b><a href=\"https:\/\/goo.gl\/dZ7hFu\"><span style=\"font-size: medium;\"><span lang=\"pt-BR\"><b>https:\/\/goo.gl\/dZ7hFu<\/b><\/span><\/span><\/a><\/p>\n<p>&nbsp;<\/p>\n","protected":false},"excerpt":{"rendered":"<p>Ementa: As discuss\u00f5es que se pretende fomentar, poder\u00e1 ampliar as raz\u00f5es pelas quais s\u00e3o produzidos e a quem se destinam os registros produzidos pelos professores. Para tanto, torna-se fundamental levar em considera\u00e7\u00e3o: a maneira como os profissionais percebem o cotidiano e suas pr\u00e1ticas por meio de observa\u00e7\u00f5es e das escolhas de epis\u00f3dios selecionados para os&nbsp; <a href=\"https:\/\/sorocaba.sp.gov.br\/catalogodecursos\/curso-39-memorias-e-reflexoes-sobre-a-pratica-educacional-na-primeira-infancia-um-dialogo-com-os-registros-dos-professores\/\">&hellip; Leia mais<\/a><\/p>\n","protected":false},"author":12,"featured_media":0,"parent":0,"menu_order":0,"comment_status":"closed","ping_status":"closed","template":"","meta":{"footnotes":""},"class_list":["post-197","page","type-page","status-publish","hentry"],"_links":{"self":[{"href":"https:\/\/sorocaba.sp.gov.br\/catalogodecursos\/wp-json\/wp\/v2\/pages\/197","targetHints":{"allow":["GET"]}}],"collection":[{"href":"https:\/\/sorocaba.sp.gov.br\/catalogodecursos\/wp-json\/wp\/v2\/pages"}],"about":[{"href":"https:\/\/sorocaba.sp.gov.br\/catalogodecursos\/wp-json\/wp\/v2\/types\/page"}],"author":[{"embeddable":true,"href":"https:\/\/sorocaba.sp.gov.br\/catalogodecursos\/wp-json\/wp\/v2\/users\/12"}],"replies":[{"embeddable":true,"href":"https:\/\/sorocaba.sp.gov.br\/catalogodecursos\/wp-json\/wp\/v2\/comments?post=197"}],"version-history":[{"count":2,"href":"https:\/\/sorocaba.sp.gov.br\/catalogodecursos\/wp-json\/wp\/v2\/pages\/197\/revisions"}],"predecessor-version":[{"id":238,"href":"https:\/\/sorocaba.sp.gov.br\/catalogodecursos\/wp-json\/wp\/v2\/pages\/197\/revisions\/238"}],"wp:attachment":[{"href":"https:\/\/sorocaba.sp.gov.br\/catalogodecursos\/wp-json\/wp\/v2\/media?parent=197"}],"curies":[{"name":"wp","href":"https:\/\/api.w.org\/{rel}","templated":true}]}}