{"id":215,"date":"2016-07-19T17:55:40","date_gmt":"2016-07-19T17:55:40","guid":{"rendered":"http:\/\/sorocaba.sp.gov.br\/catalogodecursos\/?page_id=215"},"modified":"2016-07-19T17:55:40","modified_gmt":"2016-07-19T17:55:40","slug":"sobre-os-formadores","status":"publish","type":"page","link":"https:\/\/sorocaba.sp.gov.br\/catalogodecursos\/sobre-os-formadores\/","title":{"rendered":"SOBRE OS FORMADORES"},"content":{"rendered":"<p class=\"western\" lang=\"en-US\" align=\"left\"><span style=\"color: #000000;\"><span style=\"font-family: 'Times New Roman', serif;\"><span style=\"font-size: medium;\"><span lang=\"pt-BR\"><b>ADRIANA DOS SANTOS P\u00daBLIO<\/b><\/span><\/span><\/span><\/span><\/p>\n<p class=\"western\" lang=\"en-US\" align=\"left\"><span style=\"color: #000000;\"><span style=\"font-family: 'Times New Roman', serif;\"><span style=\"font-size: medium;\"><span lang=\"pt-BR\">Terapeuta Ocupacional formada pela Universidade de Sorocaba. Psicodramatista, formada pela Escola Brasileira de Psicodrama. T\u00e9cnica em Orienta\u00e7\u00e3o e Mobilidade. Forma\u00e7\u00e3o em Sa\u00fade P\u00fablica pela Faculdade de Sa\u00fade P\u00fablica da USP. Forma\u00e7\u00e3o em Acupuntura pela Faculdade Integras de Minas Gerais. Atua na Prefeitura Municipal de Sorocaba desde 2014.<\/span><\/span><\/span><\/span><\/p>\n<p class=\"western\" lang=\"en-US\" align=\"left\"><span style=\"color: #000000;\"><span style=\"font-family: 'Times New Roman', serif;\"><span style=\"font-size: medium;\"><span lang=\"pt-BR\"><b>PROF\u00aa. ALDA REGINA ROMAGUERA (UNISO)<\/b><\/span><\/span><\/span><\/span><\/p>\n<p class=\"western\" lang=\"en-US\" align=\"left\"><span style=\"color: #000000;\"><span style=\"font-family: 'Times New Roman', serif;\"><span style=\"font-size: medium;\"><span lang=\"pt-BR\"><b>Curr\u00edculo Lattes<\/b><\/span><\/span><\/span><\/span><span style=\"color: #000000;\"><span style=\"font-family: 'Times New Roman', serif;\"><span style=\"font-size: medium;\"><span lang=\"pt-BR\">:<\/span><\/span><\/span><\/span> <a href=\"http:\/\/lattes.cnpq.br\/5251610435550864\"><span style=\"color: #000000;\"><span style=\"font-family: 'Times New Roman', serif;\"><span style=\"font-size: medium;\"><span lang=\"pt-BR\"><u>http:\/\/lattes.cnpq.br\/5251610435550864<\/u><\/span><\/span><\/span><\/span><\/a><\/p>\n<p class=\"western\" lang=\"en-US\" align=\"left\"><span style=\"color: #000000;\"><span style=\"font-family: 'Times New Roman', serif;\"><span style=\"font-size: medium;\"><span lang=\"pt-BR\">Estou professora\/pesquisadora. Graduada em Pedagogia pela Universidade Estadual de Campinas (1993). Mestre em Educa\u00e7\u00e3o pela Universidade Estadual de Campinas (2003) e Doutora em Educa\u00e7\u00e3o pela Faculdade de Educa\u00e7\u00e3o da Unicamp (2010), na \u00e1rea tem\u00e1tica: Educa\u00e7\u00e3o, Conhecimento, Linguagem e Arte. Atuei em programas de p\u00f3s gradua\u00e7\u00e3o lato sensu desde 2005 e p\u00f3s gradua\u00e7\u00e3o stricto sensu desde 2012, com foco na forma\u00e7\u00e3o docente e cotidiano escolar. Desenvolvo projetos de pesquisa, organizo oficinas de cria\u00e7\u00e3o e exposi\u00e7\u00f5es, como pesquisadora colaboradora do grupo OLHO na FE\/UNICAMP. Sou professora pesquisadora da Universidade de Sorocaba &#8211; UNISO.<\/span><\/span><\/span><\/span><\/p>\n<p class=\"western\" lang=\"en-US\" align=\"left\"><span style=\"color: #000000;\"><span style=\"font-family: 'Times New Roman', serif;\"><span style=\"font-size: medium;\"><span lang=\"pt-BR\"><b>ANA CLAUDIA MORON BETTI<\/b><\/span><\/span><\/span><\/span><\/p>\n<p class=\"western\" lang=\"en-US\" align=\"left\"><span style=\"color: #000000;\"><span style=\"font-family: 'Times New Roman', serif;\"><span style=\"font-size: medium;\"><span lang=\"pt-BR\">Terapeuta Ocupacional pela Universidade de Sorocaba. T\u00e9cnica em M\u00fasica pelo conservat\u00f3rio Musical \u201cRog\u00e9rio Koury\u201d. Aprimoramento profissional na Aten\u00e7\u00e3o Psicossocial pela Faculdade de Medicina da UNESP de Botucatu. Especializa\u00e7\u00e3o em Vis\u00e3o Din\u00e2mica em Neurologia pela Faculdade M\u00e9todo, de S\u00e3o Paulo. Atua na Prefeitura Municipal de Sorocaba desde 2014.<\/span><\/span><\/span><\/span><\/p>\n<p class=\"western\" lang=\"en-US\" align=\"left\"><span style=\"color: #000000;\"> <span style=\"font-family: 'Times New Roman', serif;\"><span style=\"font-size: medium;\"><span lang=\"pt-BR\"><b>PROFA. ANDR\u00c9IA IGN\u00c1CIO PINTO ROLIM<\/b><\/span><\/span><\/span><\/span><\/p>\n<p class=\"western\" lang=\"en-US\" align=\"left\"><span style=\"color: #000000;\"><span style=\"font-family: 'Times New Roman', serif;\"><span style=\"font-size: medium;\"><span lang=\"pt-BR\">Atualmente Gestora do Programa Escola Digital na Secretaria de Educa\u00e7\u00e3o desde outubro de 2013. Atuando na \u00e1rea de Educa\u00e7\u00e3o especificamente com as seguintes tem\u00e1ticas: Internet, Educa\u00e7\u00e3o, Tecnologia Educacional, Ambientes Virtuais. Professora da Rede Municipal de Ensino na Educa\u00e7\u00e3o B\u00e1sica I a partir de 1996 e como Diretora de Escola de 2009 a 2012.Possui duas espacializa\u00e7\u00f5es com as seguintes tem\u00e1ticas: Educa\u00e7\u00e3o Inclusiva, Diversidade e Pr\u00e1tica Educativa.<\/span><\/span><\/span><\/span><\/p>\n<p class=\"western\" lang=\"en-US\" align=\"left\"><span style=\"color: #000000;\"><span style=\"font-family: 'Times New Roman', serif;\"><span style=\"font-size: medium;\"><span lang=\"pt-BR\"><b>Prof.\u00aa. DRA. ANDREIA OSTI<\/b><\/span><span lang=\"pt-BR\"> \u2013 (UNESP\/RC \u2013 DEPARTAMENTO DE EDUCA\u00c7\u00c3O)<\/span><\/span><\/span><\/span><\/p>\n<p class=\"western\" lang=\"en-US\" align=\"left\"><span style=\"color: #000000;\"><span style=\"font-family: 'Times New Roman', serif;\"><span style=\"font-size: medium;\"><span lang=\"pt-BR\"><b>Curr\u00edculo Lattes<\/b><\/span><\/span><\/span><\/span><span style=\"color: #000000;\"><span style=\"font-family: 'Times New Roman', serif;\"><span style=\"font-size: medium;\"><span lang=\"pt-BR\">: <\/span><\/span><\/span><\/span><a href=\"http:\/\/lattes.cnpq.br\/5060520291120371\"><span style=\"color: #000000;\"><span style=\"font-family: 'Times New Roman', serif;\"><span style=\"font-size: medium;\"><span lang=\"pt-BR\"><u>http:\/\/lattes.cnpq.br\/5060520291120371<\/u><\/span><\/span><\/span><\/span><\/a><\/p>\n<p class=\"western\" lang=\"en-US\" align=\"left\"><span style=\"color: #000000;\"><span style=\"font-family: 'Times New Roman', serif;\"><span style=\"font-size: medium;\"><span lang=\"pt-BR\">Doutora em Educa\u00e7\u00e3o (2010) pela Faculdade de Educa\u00e7\u00e3o da Universidade Estadual de Campinas (UNICAMP), onde tamb\u00e9m concluiu os cursos de Mestrado em Educa\u00e7\u00e3o (2004) e gradua\u00e7\u00e3o em Pedagogia (1998). Realizou o P\u00f3s-doutoramento em Psicologia na Universidade S\u00e3o Francisco, USF (2013). Atualmente \u00e9 Professora do Departamento de Educa\u00e7\u00e3o da Universidade Estadual Paulista (UNESP) credenciada junto ao Programa de P\u00f3s-Gradua\u00e7\u00e3o em Educa\u00e7\u00e3o da UNESP (IB, Rio Claro). \u00c9 membro da Associa\u00e7\u00e3o para o Desenvolvimento da Investiga\u00e7\u00e3o em Psicologia da Educa\u00e7\u00e3o (ADIPSIEDUC &#8211; Portugal) na especialidade Psicologia Evolutiva, Desenvolvimento Psicol\u00f3gico e Transi\u00e7\u00f5es Escolares. Participa como pesquisadora nos seguintes grupos de pesquisa: Linguagem &#8211; Experi\u00eancia &#8211; Memoria &#8211; Forma\u00e7\u00e3o (UNESP &#8211; Rio Claro), Avalia\u00e7\u00e3o em Psicologia Educacional (Universidade S\u00e3o Francisco) e Neuroci\u00eancias, Cogni\u00e7\u00e3o e Comportamento (UNESP &#8211; Rio Claro). Atuou como professora do Ensino Fundamental e EJA na rede p\u00fablica municipal e participou de projetos da Secretaria da Educa\u00e7\u00e3o do Munic\u00edpio de Valinhos onde atuou atendendo principalmente crian\u00e7as n\u00e3o alfabetizadas e com dificuldades na leitura e escrita. Tem experi\u00eancia na \u00e1rea de Educa\u00e7\u00e3o e Psicologia Educacional, atuando principalmente com os seguintes temas: alfabetiza\u00e7\u00e3o \/ leitura e escrita, dificuldade de aprendizagem, afetividade e representa\u00e7\u00f5es sociais.<\/span><\/span><\/span><\/span><\/p>\n<p class=\"western\" lang=\"en-US\" align=\"left\"><span style=\"color: #000000;\"><span style=\"font-family: 'Times New Roman', serif;\"><span style=\"font-size: medium;\"><span lang=\"pt-BR\"><b>Prof.\u00aa \u00c2NGELA PERP\u00c9TUO VALLINI<\/b><\/span><\/span><\/span><\/span><\/p>\n<p class=\"western\" lang=\"en-US\" align=\"left\"><span style=\"color: #000000;\"><span style=\"font-family: 'Times New Roman', serif;\"><span style=\"font-size: medium;\"><span lang=\"pt-BR\">Licenciada em Pedagogia e bacharelado em Direito. P\u00f3s graduada em Direito Educacional e Educa\u00e7\u00e3o Inclusiva. Atuando na Educa\u00e7\u00e3o Infantil h\u00e1 06 anos.<\/span><\/span><\/span><\/span><\/p>\n<p class=\"western\" lang=\"en-US\" align=\"left\"><span style=\"color: #000000;\"><span style=\"font-family: 'Times New Roman', serif;\"><span style=\"font-size: medium;\"><span lang=\"pt-BR\"><b>DANILO BARROS<\/b><\/span><\/span><\/span><\/span><\/p>\n<p class=\"western\" lang=\"en-US\" align=\"left\"><span style=\"color: #000000;\"><span style=\"font-family: 'Times New Roman', serif;\"><span style=\"font-size: medium;\"><span lang=\"pt-BR\">Pedagogo, P\u00f3s Graduando em psican\u00e1lise compositor de dezenas de cantigas de roda e cirandas infantis, \u00e9 pesquisador de ritmos brasileiros e sons regionais, musico profissional a quase 20 anos utiliza-se da &#8220;M\u00daSICA&#8221; como ferramenta na educa\u00e7\u00e3o e desenvolvimento infantil. J\u00e1 esteve na \u00cdndia (Rajast\u00e3o \/Jaipur) em pesquisa e a\u00e7\u00f5es humanit\u00e1rias como a implanta\u00e7\u00e3o de Orfanatos e casas ref\u00fagio.<\/span><\/span><\/span><\/span><\/p>\n<p class=\"western\" lang=\"en-US\" align=\"left\"><span style=\"color: #000000;\"><span style=\"font-family: 'Times New Roman', serif;\"><span style=\"font-size: medium;\"><span lang=\"pt-BR\"><b>FERNANDA LOPES JAMAS<\/b><\/span><\/span><\/span><\/span><\/p>\n<p class=\"western\" lang=\"en-US\" align=\"left\"><span style=\"color: #000000;\"><span style=\"font-family: 'Times New Roman', serif;\"><span style=\"font-size: medium;\"><span lang=\"pt-BR\">Licenciada em Pedagogia. P\u00f3s-graduada em Psicopedagogia. Aluna especial Mestrado UFSCAR. Professora de Educa\u00e7\u00e3o Infantil, na Rede Municipal De Sorocaba, desde 1996.<\/span><\/span><\/span><\/span><\/p>\n<p class=\"western\" lang=\"en-US\" align=\"left\"><span style=\"color: #000000;\"><span style=\"font-family: 'Times New Roman', serif;\"><span style=\"font-size: medium;\"><span lang=\"pt-BR\"><b>JANE BORGES <\/b><\/span><\/span><\/span><\/span><\/p>\n<p class=\"western\" lang=\"en-US\" align=\"left\"><span style=\"color: #000000;\"><span style=\"font-family: 'Times New Roman', serif;\"><span style=\"font-size: medium;\"><span lang=\"pt-BR\"><b>Curr\u00edculo Lattes: <\/b><\/span><\/span><\/span><\/span><a href=\"http:\/\/lattes.cnpq.br\/9589092086395991\"><span style=\"color: #000000;\"><span style=\"font-family: 'Times New Roman', serif;\"><span style=\"font-size: medium;\"><span lang=\"pt-BR\"><u><b>http:\/\/lattes.cnpq.br\/9589092086395991<\/b><\/u><\/span><\/span><\/span><\/span><\/a><\/p>\n<p class=\"western\" lang=\"en-US\" align=\"left\"><span style=\"color: #000000;\"><span style=\"font-family: 'Times New Roman', serif;\"><span style=\"font-size: medium;\"><span lang=\"pt-BR\">Possui Doutorado em Educa\u00e7\u00e3o pela Faculdade de Educa\u00e7\u00e3o da Universidade de S\u00e3o Paulo &#8211; FE-USP (2009), Mestrado em Artes pela Escola de Comunica\u00e7\u00f5es e Arte da Universidade de S\u00e3o Paulo? ECA-USP (2003), Gradua\u00e7\u00e3o em M\u00fasica com habilita\u00e7\u00e3o em Piano pela Universidade Federal do Estado do Rio de Janeiro? UNIRIO (1984) e Bacharelado em M\u00fasica Sacra pelo Semin\u00e1rio Teol\u00f3gico Batista do Sul do Brasil? STBSB (1980). \u00c9 professora da Universidade Federal de S\u00e3o Carlos (UFSCar) atuando no Departamento de Artes e Comunica\u00e7\u00e3o (DAC). Ministra aulas no Curso de Licenciatura em M\u00fasica, modalidade presencial e no Curso de Licenciatura em Educa\u00e7\u00e3o Musical, modalidade a dist\u00e2ncia (UAB\/UFSCar). Foi Chefe do DAC\/UFSCar no bi\u00eanio 2009-2011 e Coordenadora do Curso de Licenciatura em M\u00fasica em 2014. Coordena o Laborat\u00f3rio Coral? Vivo Canto? aprovado pelo DAC no primeiro semestre de 2015. \u00c9 membro da Comiss\u00e3o de Avalia\u00e7\u00e3o da \u00e1rea de m\u00fasica do ENADE junto ao INEP\/MEC. Tem atuado em concertos como pianista, coralista e regente coral. \u00c9 associada da ABEM &#8211; Associa\u00e7\u00e3o Brasileira de Educadores Musicais e da ANPPOM &#8211; Associa\u00e7\u00e3o Nacional de Pesquisa e P\u00f3s-gradua\u00e7\u00e3o em M\u00fasica. Possui experi\u00eancia na \u00e1rea de Artes, com \u00eanfase em Reg\u00eancia Coral, atuando principalmente nos seguintes temas: educa\u00e7\u00e3o musical, ensino de piano em grupo, canto coral, reg\u00eancia coral, sa\u00fade vocal e forma\u00e7\u00e3o de professores. <\/span><\/span><\/span><\/span><\/p>\n<p class=\"western\" lang=\"en-US\" align=\"left\"><span style=\"color: #000000;\"><span style=\"font-family: 'Times New Roman', serif;\"><span style=\"font-size: medium;\"><span lang=\"pt-BR\"><b>JANETE ALHER JO\u00c3O<\/b><\/span><\/span><\/span><\/span><\/p>\n<p class=\"western\" lang=\"en-US\" align=\"left\"><span style=\"color: #000000;\"><span style=\"font-family: 'Times New Roman', serif;\"><span style=\"font-size: medium;\"><span lang=\"pt-BR\">Psic\u00f3loga na Secretaria da Educa\u00e7\u00e3o de Sorocaba desde 1988; Graduada em Psicologia\/ Pedagogia e Administra\u00e7\u00e3o P\u00fablica P\u00f3s e MBA em Gest\u00e3o P\u00fablica<\/span><\/span><\/span><\/span><\/p>\n<p class=\"western\" lang=\"en-US\" align=\"left\"><span style=\"color: #000000;\"><span style=\"font-family: 'Times New Roman', serif;\"><span style=\"font-size: medium;\"><span lang=\"pt-BR\"><b>Prof\u00ba JOS\u00c9 GERALDO GOLDONI VESTENA<\/b><\/span><\/span><\/span><\/span><\/p>\n<p class=\"western\" lang=\"en-US\" align=\"left\"><span style=\"color: #000000;\"><span style=\"font-family: 'Times New Roman', serif;\"><span style=\"font-size: medium;\"><span lang=\"pt-BR\">Licenciatura em Educa\u00e7\u00e3o F\u00edsica, pela Faculdade de Educa\u00e7\u00e3o F\u00edsica da ACM de Sorocaba \u201cFEFISO\u201d, Pedagogia, com Administra\u00e7\u00e3o Escolar do Ensino Fundamental e M\u00e9dio, pela Faculdade de Educa\u00e7\u00e3o, Ci\u00eancias e Letras do Guaruj\u00e1 \u201cDON DOM\u00caNICO\u201d e Gest\u00e3o em Administra\u00e7\u00e3o P\u00fablica, pela Faculdade de Tecnologia de Sorocaba \u201cFATEC\u201d, com diversos cursos de forma\u00e7\u00e3o complementar na \u00e1rea da Educa\u00e7\u00e3o Infantil e Escolar, al\u00e9m de Especializa\u00e7\u00e3o T\u00e9cnica em Lazer &amp; Recrea\u00e7\u00e3o, pela Faculdade de Educa\u00e7\u00e3o F\u00edsica de Santo Andr\u00e9 \u201cFEFISA\u201d. H\u00e1 mais de trinta anos atuando em institui\u00e7\u00f5es p\u00fablicas e privadas, entre Escolas, Faculdades, Empresas, Clubes e Prefeituras. Al\u00e9m de participar de in\u00fameros eventos e importantes projetos de alcance, social e cultural, atuou como palestrante em Cursos, Treinamentos, Forma\u00e7\u00f5es e Oficinas com os mais variados temas, especialmente os ligados \u00e0 Educa\u00e7\u00e3o, Educa\u00e7\u00e3o F\u00edsica Infantil, Educa\u00e7\u00e3o F\u00edsica Escolar, Recrea\u00e7\u00e3o, Qualidade de Vida, Planejamento e Organiza\u00e7\u00e3o de Programas &amp; Projetos, realizados em diferentes cidades e institui\u00e7\u00f5es.<\/span><\/span><\/span><\/span><\/p>\n<p class=\"western\" lang=\"en-US\" align=\"left\"><span style=\"color: #000000;\"><span style=\"font-family: 'Times New Roman', serif;\"><span style=\"font-size: medium;\"><b>LANE MARY FAULIN GAMBA<\/b><\/span><\/span><\/span><\/p>\n<p class=\"western\" lang=\"en-US\" align=\"left\"><span style=\"color: #000000;\"><span style=\"font-family: 'Times New Roman', serif;\"><span style=\"font-size: medium;\"><b>Curr\u00edculo Lattes: <a href=\"http:\/\/lattes.cnpq.br\/4244385317571475\">http:\/\/lattes.cnpq.br\/4244385317571475<\/a><\/b><\/span><\/span><\/span><\/p>\n<p class=\"western\" lang=\"en-US\" align=\"left\"><span style=\"color: #000000;\"><span style=\"font-family: 'Times New Roman', serif;\"><span style=\"font-size: medium;\"><span lang=\"pt-BR\">\u00c9 mestre em Educa\u00e7\u00e3o pela Universidade Estadual de S\u00e3o Paulo, campus de Mar\u00edlia. Possui gradua\u00e7\u00e3o em Pedagogia Licenciatura Plena pela Faculdade de Filosofia Ci\u00eancias e Letras Carlos Queiroz (1990), forma\u00e7\u00e3o de Psic\u00f3loga pela Funda\u00e7\u00e3o Educacional de Bauru (1978) e gradua\u00e7\u00e3o em Psicologia, Licenciatura Plena pela Funda\u00e7\u00e3o Educacional de Bauru (1977). Tem forma\u00e7\u00e3o como coordenadora pedag\u00f3gica pela Institui\u00e7\u00e3o Espa\u00e7o Pedag\u00f3gico (2002). Possue vinte e oito anos de experi\u00eancia na Educa\u00e7\u00e3o Infantil. Atualmente \u00e9 diretora de Departamento de Educa\u00e7\u00e3o Infantil da Secretaria da Educa\u00e7\u00e3o do Munic\u00edpio de Bauru e professora titular do curso de Pedagogia da Faculdade Anhanguera de Bauru. Tem experi\u00eancia na \u00e1rea de Educa\u00e7\u00e3o, com \u00eanfase em M\u00e9todos e T\u00e9cnicas de Ensino, atuando principalmente na forma\u00e7\u00e3o de professores de Educa\u00e7\u00e3o Infantil.<\/span><\/span><\/span><\/span><\/p>\n<p class=\"western\" lang=\"en-US\" align=\"left\"><span style=\"color: #000000;\"><span style=\"font-family: 'Times New Roman', serif;\"><span style=\"font-size: medium;\"><span lang=\"pt-BR\"><b>PROF\u00ba LU\u00cdS GUSTAVO MAGANHATO<\/b><\/span><\/span><\/span><\/span><\/p>\n<p class=\"western\" lang=\"en-US\" align=\"left\"><span style=\"color: #000000;\"><span style=\"font-family: 'Times New Roman', serif;\"><span style=\"font-size: medium;\"><span lang=\"pt-BR\"><b>Curr\u00edculo Lattes<\/b><\/span><\/span><\/span><\/span><span style=\"color: #000000;\"><span style=\"font-family: 'Times New Roman', serif;\"><span style=\"font-size: medium;\"><span lang=\"pt-BR\">: <\/span><\/span><\/span><\/span><a href=\"http:\/\/lattes.cnpq.br\/8144901271107827\"><span style=\"color: #000000;\"><span style=\"font-family: 'Times New Roman', serif;\"><span style=\"font-size: medium;\"><span lang=\"pt-BR\"><u>http:\/\/lattes.cnpq.br\/8144901271107827<\/u><\/span><\/span><\/span><\/span><\/a><\/p>\n<p class=\"western\" lang=\"en-US\" align=\"left\"><span style=\"color: #000000;\"><span style=\"font-family: 'Times New Roman', serif;\"><span style=\"font-size: medium;\"><span lang=\"pt-BR\">Graduado em Educa\u00e7\u00e3o F\u00edsica pela Faculdade de Educa\u00e7\u00e3o F\u00edsica da (ACM) de Sorocaba (2004) e Graduado em Pedagogia pela Faculdade de Administra\u00e7\u00e3o e Ci\u00eancias Cont\u00e1beis de S\u00e3o Roque &#8211; FAC S\u00e3o Roque (2012), P\u00f3s Graduado em Administra\u00e7\u00e3o e Marketing Esportivo pela Universidade Gama Filho (2005), Esporte S\u00f3cioeducativo: M\u00e9todos e Gest\u00e3o pela Veris Educacional (2009) e Educa\u00e7\u00e3o Inclusiva pela Universidade Cidade de S\u00e3o Paulo &#8211; UNICID (2013), T\u00e9cnico em Orienta\u00e7\u00e3o e Mobilidade pela Faculdade de Educa\u00e7\u00e3o F\u00edsica da (ACM) de Sorocaba e Associa\u00e7\u00e3o Sorocabana de Atividades para Deficientes Visuais. Atualmente exerce o cargo de Gestor de Desenvolvimento Educacional na Secretaria da Educa\u00e7\u00e3o da cidade de Sorocaba e Gestor do Conv\u00eanio do Projeto Horta Educativa, pelo Fundo Social de Solidariedade do Estado de S\u00e3o Paulo. Tem experi\u00eancia na \u00e1rea de Educa\u00e7\u00e3o, com \u00eanfase em Educa\u00e7\u00e3o F\u00edsica Escolar, Psicomotricidade, Educa\u00e7\u00e3o Inclusiva e Esporte Educacional.<\/span><\/span><\/span><\/span><\/p>\n<p class=\"western\" lang=\"en-US\" align=\"left\"><span style=\"color: #000000;\"><span style=\"font-family: 'Times New Roman', serif;\"><span style=\"font-size: medium;\"><span lang=\"pt-BR\"><b>PROF\u00ba DR LUIZ CARLOS DE FREITAS (UNICAMP)<\/b><\/span><\/span><\/span><\/span><\/p>\n<p class=\"western\" lang=\"en-US\" align=\"left\"><span style=\"color: #000000;\"><span style=\"font-family: 'Times New Roman', serif;\"><span style=\"font-size: medium;\"><span lang=\"pt-BR\"><b>Curr\u00edculo Lattes: <\/b><\/span><\/span><\/span><\/span><a href=\"http:\/\/lattes.cnpq.br\/3168061404328163\"><span style=\"color: #000000;\"><span style=\"font-family: 'Times New Roman', serif;\"><span style=\"font-size: medium;\"><span lang=\"pt-BR\"><u><b>http:\/\/lattes.cnpq.br\/3168061404328163<\/b><\/u><\/span><\/span><\/span><\/span><\/a><\/p>\n<p class=\"western\" lang=\"en-US\" align=\"left\"><span style=\"color: #000000;\"><span style=\"font-family: 'Times New Roman', serif;\"><span style=\"font-size: medium;\"><span lang=\"pt-BR\">Luiz Carlos de Freitas, formado em Pedagogia e mestre em Educa\u00e7\u00e3o, concluiu o doutorado em Ci\u00eancias (Psicologia Experimental) pela Universidade de S\u00e3o Paulo em 1987. Em 1994 concluiu tese de Livre-Doc\u00eancia e em 1996 seu P\u00f3s-Doutorado na Universidade de S\u00e3o Paulo, per\u00edodo em que combinou estudos sobre teoria pedag\u00f3gica em Moscou. Atualmente \u00e9 professor titular da Faculdade de Educa\u00e7\u00e3o da Universidade Estadual de Campinas &#8211; UNICAMP. Atua na \u00e1rea de Educa\u00e7\u00e3o, com \u00eanfase em Avalia\u00e7\u00e3o da Aprendizagem e de Sistemas. Em seu curr\u00edculo Lattes os termos mais frequentes na contextualiza\u00e7\u00e3o da produ\u00e7\u00e3o cient\u00edfica e tecnol\u00f3gica s\u00e3o: Avalia\u00e7\u00e3o, Pol\u00edticas P\u00fablicas, Neoliberalismo, Did\u00e1tica, Organiza\u00e7\u00e3o do Trabalho Pedag\u00f3gico, Progress\u00e3o Continuada e Ciclos de forma\u00e7\u00e3o. (Texto informado pelo autor)<\/span><\/span><\/span><\/span><\/p>\n<p class=\"western\" lang=\"en-US\" align=\"left\"><span style=\"color: #000000;\"><span style=\"font-family: 'Times New Roman', serif;\"><span style=\"font-size: medium;\"><span lang=\"pt-BR\"><b>PROF\u00ba LUIZ F\u00c1BIO SANTOS (UFSCAR)<\/b><\/span><\/span><\/span><\/span><\/p>\n<p class=\"western\" lang=\"en-US\" align=\"left\"><span style=\"color: #000000;\"><span style=\"font-family: 'Times New Roman', serif;\"><span style=\"font-size: medium;\"><span lang=\"pt-BR\"><b>Curr\u00edculo Lattes: <\/b><\/span><\/span><\/span><\/span><a href=\"http:\/\/lattes.cnpq.br\/0946348536052241\"><span style=\"color: #000000;\"><span style=\"font-family: 'Times New Roman', serif;\"><span style=\"font-size: medium;\"><span lang=\"pt-BR\"><u><b>http:\/\/lattes.cnpq.br\/0946348536052241<\/b><\/u><\/span><\/span><\/span><\/span><\/a><\/p>\n<p class=\"western\" lang=\"en-US\" align=\"left\"><span style=\"color: #000000;\"><span style=\"font-family: 'Times New Roman', serif;\"><span style=\"font-size: medium;\"><span lang=\"pt-BR\">Mestrando em Educa\u00e7\u00e3o pela UFSCar com Especializa\u00e7\u00e3o em Gest\u00e3o Educacional pela UNICAMP. Especializa\u00e7\u00e3o Latu Sensu em Direito Educacional pela Faculdade de Educa\u00e7\u00e3o S\u00e3o Luis, Graduado em Pedagogia pela Universidade de Sorocaba, Fui Professor de Educa\u00e7\u00e3o B\u00e1sica I na Rede de Ensino de Sorocaba de 1992 a 2007, atuando no ensino regular e na educa\u00e7\u00e3o de jovens e adultos, Diretor de Escola da Rede Estadual de S\u00e3o Paulo de 2002 a 2008, estou desde 2008 no cargo de Supervisor de Ensino da Rede Municipal de Sorocaba.<\/span><\/span><\/span><\/span><\/p>\n<p class=\"western\" lang=\"en-US\" align=\"left\"><span style=\"color: #000000;\"><span style=\"font-family: 'Times New Roman', serif;\"><span style=\"font-size: medium;\"><span lang=\"pt-BR\"><b>PROFA. MARIA IN\u00caS MORON PANNUNZIO<\/b><\/span><\/span><\/span><\/span><\/p>\n<p class=\"western\" lang=\"en-US\" align=\"left\"><span style=\"color: #000000;\"><span style=\"font-family: 'Times New Roman', serif;\"><span style=\"font-size: medium;\"><span lang=\"pt-BR\"><b>Curr\u00edculo Lattes <a href=\"http:\/\/lattes.cnpq.br\/9525879974447879\">http:\/\/lattes.cnpq.br\/9525879974447879<\/a><\/b><\/span><\/span><\/span><\/span><\/p>\n<p class=\"western\" lang=\"en-US\" align=\"left\"><span style=\"color: #000000;\"><span style=\"font-family: 'Times New Roman', serif;\"><span style=\"font-size: medium;\"><span lang=\"pt-BR\">Graduada em Filosofia pela Faculdade de Filosofia Ci\u00eancias e Letras de Sorocaba\/SP(1970), Especialista em Filosofia pela Universidade de Campinas &#8211; UNICAMP (2001), e Mestre em Educa\u00e7\u00e3o, Arte e Hist\u00f3ria da Cultura pela Universidade Presbiteriana Mackenzie\/SP (2004). Forma\u00e7\u00e3o em Transdisciplinaridade na Escola do Futuro da USP (2002). Professora titular de Filosofia do Instituto Manchester Paulista de Ensino Superior &#8211; IMAPES, de 4\/1999 at\u00e9 2\/2007, em Sorocaba\/SP. Especialista em Bio\u00e9tica pela C\u00e1tedra da UNESCO, UnB (2007). Especialista em Arte, Educa\u00e7\u00e3o e Tecnologias Contempor\u00e2neas, UnB (2008).Especialista em Linguagens das Artes pela USP, Centro Universit\u00e1rio Maria Ant\u00f4nia (2013). Tem experi\u00eancia na \u00e1rea de Humanas, com \u00eanfase em Filosofia, Filosofia da Educa\u00e7\u00e3o e Est\u00e9tica. Ministra palestras e cursos.<\/span><\/span><\/span><\/span><\/p>\n<p class=\"western\" lang=\"en-US\" align=\"left\"><span style=\"color: #000000;\"><span style=\"font-family: 'Times New Roman', serif;\"><span style=\"font-size: medium;\"><span lang=\"pt-BR\"><b>M\u00c1RCIA DE F\u00c1TIMA DELANHOLO STURM<\/b><\/span><\/span><\/span><\/span><\/p>\n<p class=\"western\" lang=\"en-US\" align=\"left\"><span style=\"color: #000000;\"><span style=\"font-family: 'Times New Roman', serif;\"><span style=\"font-size: medium;\"><span lang=\"pt-BR\"><b>Curr\u00edculo Lattes: htpp;\/\/lattes.cnpq.br\/6927986730574502<\/b><\/span><\/span><\/span><\/span><\/p>\n<p class=\"western\" lang=\"en-US\" align=\"left\"><span style=\"color: #000000;\"><span style=\"font-family: 'Times New Roman', serif;\"><span style=\"font-size: medium;\"><span lang=\"pt-BR\">Possui p\u00f3s gradua\u00e7\u00e3o stricto sensu no n\u00edvel MESTRADO EM EDUCA\u00c7\u00c3O e lato sensu em GEST\u00c3O ESCOLAR e em DID\u00c1TICA-Fundametos T\u00e9\u00f3ricos de Pr\u00e1tica Pedag\u00f3gica, bacharelado em ADMINISTRA\u00c7\u00c3O DE EMPRESAS, gradua\u00e7\u00e3o em PEDAGOGIA e MATEM\u00c1TICA. Atua como Supervisora de Ensino na Rede Municipal de Sorocaba desde 2008. Tem experi\u00eancia na \u00e1rea de Educa\u00e7\u00e3o, com \u00eanfase em Gest\u00e3o Escolar.<\/span><\/span><\/span><\/span><\/p>\n<p class=\"western\" lang=\"en-US\" align=\"left\"><span style=\"color: #000000;\"><span style=\"font-family: 'Times New Roman', serif;\"><span style=\"font-size: medium;\"><span lang=\"pt-BR\"><b>PROF\u00ba DR MARCOS NEIRA<\/b><\/span><\/span><\/span><\/span><\/p>\n<p class=\"western\" lang=\"en-US\" align=\"left\"><span style=\"color: #000000;\"><span style=\"font-family: 'Times New Roman', serif;\"><span style=\"font-size: medium;\"><span lang=\"pt-BR\"><b>Curr\u00edculo Lattes: <\/b><\/span><\/span><\/span><\/span><a href=\"http:\/\/lattes.cnpq.br\/5159221005050962\"><span style=\"color: #000000;\"><span style=\"font-family: 'Times New Roman', serif;\"><span style=\"font-size: medium;\"><span lang=\"pt-BR\"><u><b>http:\/\/lattes.cnpq.br\/5159221005050962<\/b><\/u><\/span><\/span><\/span><\/span><\/a><\/p>\n<p class=\"western\" lang=\"en-US\" align=\"left\"><span style=\"color: #000000;\"><span style=\"font-family: 'Times New Roman', serif;\"><span style=\"font-size: medium;\"><span lang=\"pt-BR\">\u00c9 licenciado em Educa\u00e7\u00e3o F\u00edsica e Pedagogia com Mestrado e Doutorado em Educa\u00e7\u00e3o, P\u00f3s-doutorado em Curr\u00edculo e Educa\u00e7\u00e3o F\u00edsica e Livre-Doc\u00eancia em Metodologia do Ensino de Educa\u00e7\u00e3o F\u00edsica. \u00c9 Professor Titular da Faculdade de Educa\u00e7\u00e3o da Universidade de S\u00e3o Paulo, atua nos cursos de gradua\u00e7\u00e3o e p\u00f3s-gradua\u00e7\u00e3o, orienta pesquisas em n\u00edvel de inicia\u00e7\u00e3o cient\u00edfica, mestrado e doutorado, e supervisona pesquisas de p\u00f3s-doutorado. Investiga a pr\u00e1tica pedag\u00f3gica da Educa\u00e7\u00e3o F\u00edsica com apoio da FAPESP e do CNPq, \u00e9 coordenador do Grupo de Pesquisas em Educa\u00e7\u00e3o F\u00edsica escolar (www.gpef.fe.usp.br) Tem experi\u00eancia com os seguintes temas: Educa\u00e7\u00e3o F\u00edsica escolar, Curr\u00edculo, Forma\u00e7\u00e3o de professores, Estudos Culturais e Multiculturalismo. (Texto informado pelo autor)<\/span><\/span><\/span><\/span><\/p>\n<p class=\"western\" lang=\"en-US\" align=\"left\"><span style=\"color: #000000;\"><span style=\"font-family: 'Times New Roman', serif;\"><span style=\"font-size: medium;\"><span lang=\"pt-BR\"><b>PROF\u00aa MARGARETH PEDROSO<\/b><\/span> <span lang=\"pt-BR\"><b>(UNICAMP)<\/b><\/span><\/span><\/span><\/span><\/p>\n<p class=\"western\" lang=\"en-US\" align=\"left\"><span style=\"color: #000000;\"><span style=\"font-family: 'Times New Roman', serif;\"><span style=\"font-size: medium;\"><span lang=\"pt-BR\"><b>Curr\u00edculo Lattes: <\/b><\/span><\/span><\/span><\/span><a href=\"http:\/\/lattes.cnpq.br\/0720443856842658\"><span style=\"color: #000000;\"><span style=\"font-family: 'Times New Roman', serif;\"><span style=\"font-size: medium;\"><span lang=\"pt-BR\"><u><b>http:\/\/lattes.cnpq.br\/0720443856842658<\/b><\/u><\/span><\/span><\/span><\/span><\/a><\/p>\n<p class=\"western\" lang=\"en-US\" align=\"left\"><span style=\"color: #000000;\"><span style=\"font-family: 'Times New Roman', serif;\"><span style=\"font-size: medium;\"><span lang=\"pt-BR\">Possui gradua\u00e7\u00e3o em Normal Superior pelo Centro Universit\u00e1rio Herminio Ometto de Araras (2004), especializa\u00e7\u00e3o em Gest\u00e3o Educacional pela Universidade Castelo Branco (2006) e especializa\u00e7\u00e3o em Arte Educa\u00e7\u00e3o pela Universidade de S\u00e3o Paulo (2014) . Atualmente \u00e9 Orientador de Estudos da Universidade Estadual Paulista J\u00falio de Mesquita Filho. Tem experi\u00eancia na \u00e1rea de Educa\u00e7\u00e3o, com \u00eanfase em Ensino-Aprendizagem.<\/span><\/span><\/span><\/span><\/p>\n<p class=\"western\" lang=\"en-US\" align=\"left\"><span style=\"color: #000000;\"><span style=\"font-family: 'Times New Roman', serif;\"><span style=\"font-size: medium;\"><span lang=\"pt-BR\"><b>PROF\u00aa. MARIA ALZIRA DE ALMEIDA PIMENTA (UNISO)<\/b><\/span><\/span><\/span><\/span><\/p>\n<p class=\"western\" lang=\"en-US\" align=\"left\"><span style=\"color: #000000;\"><span style=\"font-family: 'Times New Roman', serif;\"><span style=\"font-size: medium;\"><span lang=\"pt-BR\"><b>Curr\u00edculo Lattes: <\/b><\/span><\/span><\/span><\/span><a href=\"http:\/\/lattes.cnpq.br\/5704053709365172\"><span style=\"color: #000000;\"><span style=\"font-family: 'Times New Roman', serif;\"><span style=\"font-size: medium;\"><span lang=\"pt-BR\"><u><b>http:\/\/lattes.cnpq.br\/5704053709365172<\/b><\/u><\/span><\/span><\/span><\/span><\/a><\/p>\n<p class=\"western\" lang=\"en-US\" align=\"left\"><span style=\"color: #000000;\"><span style=\"font-family: 'Times New Roman', serif;\"><span style=\"font-size: medium;\"><span lang=\"pt-BR\">Doutora em Educa\u00e7\u00e3o pela Universidade Estadual de Campinas, Mestre em Artes pela Universidade de S\u00e3o Paulo e graduada em Pedagogia pela Universidade Estadual de Campinas. Tem experi\u00eancia na Educa\u00e7\u00e3o B\u00e1sica como professora, diretora e Coordenadora de EJA. No Ensino Superior, lecionou, nos cursos de administra\u00e7\u00e3o, turismo e pedagogia, disciplinas que tratam de: gest\u00e3o, comunica\u00e7\u00e3o, cultura organizacional, e administra\u00e7\u00e3o. Integrou o corpo docente do curso de P\u00f3s-gradua\u00e7\u00e3o em Educa\u00e7\u00e3o da Universidade de Uberaba (UNIUBE). Atualmente, \u00e9 professora do programa de P\u00f3s-gradua\u00e7\u00e3o em Educa\u00e7\u00e3o da Universidade de Sorocaba e uma das coordenadoras do Programa de Extens\u00e3o Univer-Cidade: uma aproxima\u00e7\u00e3o necess\u00e1ria. \u00c9 diretora administrativa do Instituto Campinas Sustent\u00e1vel e volunt\u00e1ria do observat\u00f3rio cidad\u00e3o Campinas Que Queremos. Suas pesquisas tratam sobre avalia\u00e7\u00e3o da aprendizagem, fraude acad\u00eamica e \u00e9tica.<\/span><\/span><\/span><\/span><\/p>\n<p class=\"western\" lang=\"en-US\" align=\"left\"><span style=\"color: #000000;\"><span style=\"font-family: 'Times New Roman', serif;\"><span style=\"font-size: medium;\"><span lang=\"pt-BR\"><b>PROF\u00aa M\u00c1RCIA DE SOUZA SIM\u00c3O BOFF<\/b><\/span><\/span><\/span><\/span><\/p>\n<p class=\"western\" lang=\"en-US\" align=\"left\"><span style=\"color: #000000;\"><span style=\"font-family: 'Times New Roman', serif;\"><span style=\"font-size: medium;\"><span lang=\"pt-BR\">Licenciada em Letras e Pedagogia (UNISO), com especializa\u00e7\u00e3o em Psicopedagogia (FACULDADES SANTANA\/SP) e em Lazer, Recrea\u00e7\u00e3o S\u00f3ciocultural (FUNDA\u00c7\u00c3O DOM AGUIRRE), Mestrado em Educa\u00e7\u00e3o &#8211; Cotidiano Escolar (UNISO). Atua na Educa\u00e7\u00e3o Infantil<\/span><\/span><\/span><\/span><\/p>\n<p class=\"western\" lang=\"en-US\" align=\"left\"><span style=\"color: #000000;\"><span style=\"font-family: 'Times New Roman', serif;\"><span style=\"font-size: medium;\"><span lang=\"pt-BR\"><b>Prof.\u00aa Dra. MARILI MACRUZ<\/b><\/span><\/span><\/span><\/span><\/p>\n<p class=\"western\" lang=\"en-US\" align=\"left\"><span style=\"color: #000000;\"><span style=\"font-family: 'Times New Roman', serif;\"><span style=\"font-size: medium;\"><span lang=\"pt-BR\"><b>Curr\u00edculo Lattes: <\/b><\/span><\/span><\/span><\/span><a href=\"http:\/\/lattes.cnpq.br\/5199125780113950\"><span style=\"color: #000000;\"><span style=\"font-family: 'Times New Roman', serif;\"><span style=\"font-size: medium;\"><span lang=\"pt-BR\"><u><b>http:\/\/lattes.cnpq.br\/5199125780113950<\/b><\/u><\/span><\/span><\/span><\/span><\/a><\/p>\n<p class=\"western\" lang=\"en-US\" align=\"left\"><span style=\"color: #000000;\"><span style=\"font-family: 'Times New Roman', serif;\"><span style=\"font-size: medium;\"><span lang=\"pt-BR\">Mestre em Musicologia pela ECA-USP (2011). Possui p\u00f3s-gradua\u00e7\u00e3o (lato-sensu) em M\u00fasica Brasileira, pela Universidade Anhembi-Morumbi (2007); Bacharelado em Instrumento (piano), pela Escola de Comunica\u00e7\u00f5es e Artes da Universidade de S\u00e3o Paulo (1990); Licenciatura em Educa\u00e7\u00e3o Art\u00edstica, com habilita\u00e7\u00e3o em M\u00fasica, pela Faculdade Paulista de Arte (2006). Atualmente \u00e9 professora de m\u00fasica e de piano na Escola Municipal de Inicia\u00e7\u00e3o Art\u00edstica(EMIA) e educadora musical na Escola Primeira e no Espa\u00e7o Nossa Casa (Centro de Estudos Psicopedag\u00f3gicos Pr\u00f3-Saber).<\/span><\/span><\/span><\/span><\/p>\n<p class=\"western\" lang=\"en-US\" align=\"left\"><span style=\"color: #000000;\"><span style=\"font-family: 'Times New Roman', serif;\"><span style=\"font-size: medium;\"><span lang=\"pt-BR\"><b>MIGUEL GONZALEZ ARROYO EXCLUIR <\/b><\/span><\/span><\/span><\/span><\/p>\n<p class=\"western\" lang=\"en-US\" align=\"left\"><span style=\"color: #000000;\"><span style=\"font-family: 'Times New Roman', serif;\"><span style=\"font-size: medium;\"><span lang=\"pt-BR\"><b>Curr\u00edculo Lattes<\/b><\/span><\/span><\/span><\/span><span style=\"color: #000000;\"><span style=\"font-family: 'Times New Roman', serif;\"><span style=\"font-size: medium;\"><span lang=\"pt-BR\"> <a href=\"http:\/\/lattes.cnpq.br\/0892315644984139\">http:\/\/lattes.cnpq.br\/0892315644984139<\/a><\/span><\/span><\/span><\/span><\/p>\n<p class=\"western\" lang=\"en-US\" align=\"left\"><span style=\"color: #000000;\"><span style=\"font-family: 'Times New Roman', serif;\"><span style=\"font-size: medium;\"><span lang=\"pt-BR\">Possui gradua\u00e7\u00e3o em Ci\u00eancias Sociais pela Universidade Federal de Minas Gerais (1970), mestrado em Ci\u00eancia Pol\u00edtica pela Universidade Federal de Minas Gerais (1974) e doutorado (PhD em Educa\u00e7\u00e3o) &#8211; Stanford University (1976). \u00c9 Professor Titular Em\u00e9rito da Faculdade de Educa\u00e7\u00e3o da UFMG. Foi Secret\u00e1rio Adjunto de Educa\u00e7\u00e3o da Prefeitura Municipal de Belo Horizonte, coordenando e elaborando a implanta\u00e7\u00e3o da proposta pol\u00edtico-pedag\u00f3gica Escola Plural. Acompanha propostas educativas em v\u00e1rias redes estaduais e municipais do pa\u00eds. Tem experi\u00eancia na \u00e1rea de Educa\u00e7\u00e3o, com \u00eanfase em Pol\u00edtica Educacional e Administra\u00e7\u00e3o de Sistemas Educacionais, atuando principalmente nos seguintes temas: educa\u00e7\u00e3o, cultura escolar, gest\u00e3o escolar, educa\u00e7\u00e3o b\u00e1sica e curr\u00edculo.<\/span><\/span><\/span><\/span><\/p>\n<p class=\"western\" lang=\"en-US\" align=\"left\"><span style=\"color: #000000;\"><span style=\"font-family: 'Times New Roman', serif;\"><span style=\"font-size: medium;\"><span lang=\"pt-BR\"><b>MOISES LUIS ANDRADE RODRIGUES<\/b><\/span><\/span><\/span><\/span><\/p>\n<p class=\"western\" lang=\"en-US\" align=\"left\"><span style=\"color: #000000;\"><span style=\"font-family: 'Times New Roman', serif;\"><span style=\"font-size: medium;\"><span lang=\"pt-BR\">Psic\u00f3logo, Psicopedagogo \u2013 Especialista em Transtornos de Aprendizagem pela ABD e Professor Especialista no curso de p\u00f3s-gradua\u00e7\u00e3o\u00a0(FACESPI)<\/span><\/span><\/span><\/span><\/p>\n<p class=\"western\" lang=\"en-US\" align=\"left\"><span style=\"color: #000000;\"><span style=\"font-family: 'Times New Roman', serif;\"><span style=\"font-size: medium;\"><span lang=\"pt-BR\"><b>Prof.\u00aa N\u00cdDIA SOARES DESSORDI<\/b><\/span><\/span><\/span><\/span><\/p>\n<p class=\"western\" lang=\"en-US\" align=\"left\"><span style=\"color: #000000;\"><span style=\"font-family: 'Times New Roman', serif;\"><span style=\"font-size: medium;\"><span lang=\"pt-BR\">Licenciada em Pedagogia(bacharelado). P\u00f3s-graduada em M\u00ecdias Educacionais (UFP\/USP) e em Psicopedagogia (FACESP). Atua na Educa\u00e7\u00e3o Infantil desde 2008.<\/span><\/span><\/span><\/span><\/p>\n<p class=\"western\" lang=\"en-US\" align=\"left\"><span style=\"color: #000000;\"><span style=\"font-family: 'Times New Roman', serif;\"><span style=\"font-size: medium;\"><span lang=\"pt-BR\"><b>Prof.\u00aa PATR\u00cdCIA DE LOURDES CAMARGO<\/b><\/span><\/span><\/span><\/span><\/p>\n<p class=\"western\" lang=\"en-US\" align=\"left\"><span style=\"color: #000000;\"><span style=\"font-family: 'Times New Roman', serif;\"><span style=\"font-size: medium;\"><span lang=\"pt-BR\">Licenciada em Pedagogia e Psicopedagogia. P\u00f3s-graduada em Doc\u00eancia de Educa\u00e7\u00e3o Infantil (UFSCAR). Atua na Educa\u00e7\u00e3o Infantil, berc\u00e1rio, desde 2012<\/span><\/span><\/span><\/span><\/p>\n<p class=\"western\" lang=\"en-US\" align=\"left\"><span style=\"color: #000000;\"><span style=\"font-family: 'Times New Roman', serif;\"><span style=\"font-size: medium;\"><span lang=\"pt-BR\"><b>Prof.\u00aa DRA PATR\u00cdCIA PRADO<\/b><\/span><\/span><\/span><\/span><\/p>\n<p class=\"western\" lang=\"en-US\" align=\"left\"><span style=\"color: #000000;\"><span style=\"font-family: 'Times New Roman', serif;\"><span style=\"font-size: medium;\"><span lang=\"pt-BR\"><b>Curr\u00edculo Lattes: <\/b><\/span><\/span><\/span><\/span><a href=\"http:\/\/lattes.cnpq.br\/5522107673715476\"><span style=\"color: #000000;\"><span style=\"font-family: 'Times New Roman', serif;\"><span style=\"font-size: medium;\"><span lang=\"pt-BR\"><u><b>http:\/\/lattes.cnpq.br\/5522107673715476<\/b><\/u><\/span><\/span><\/span><\/span><\/a><\/p>\n<p class=\"western\" lang=\"en-US\" align=\"left\"><span style=\"color: #000000;\"><span style=\"font-family: 'Times New Roman', serif;\"><span style=\"font-size: medium;\"><span lang=\"pt-BR\">Professora Doutora da Faculdade de Educa\u00e7\u00e3o da USP\/SP, junto ao Dep.to de Metodologia de Ensino e Educa\u00e7\u00e3o Comparada &#8211; EDM, na \u00e1rea da Inf\u00e2ncia. Possui gradua\u00e7\u00e3o em Psicologia pela UNESP, Bauru\/SP, mestrado e doutorado em Educa\u00e7\u00e3o, junto ao Depto de Ci\u00eancias Sociais e Educa\u00e7\u00e3o da FE-UNICAMP. Atuou como professora de cursos de especializa\u00e7\u00e3o em Educa\u00e7\u00e3o Infantil, como professora bolsista do curso de Pedagogia da FE-UNICAMP e como professora substituta no curso de Pedagogia da UFSC. Envolvida com a forma\u00e7\u00e3o inicial e continuada de professoras(es) da primeira inf\u00e2ncia, desenvolve ensino, extens\u00e3o e pesquisa nas tem\u00e1ticas das linguagens e culturas infantis, nos campos da Pedagogia da Inf\u00e2ncia e das Ci\u00eancias Sociais, como a Antropologia da Crian\u00e7a e a Sociologia da Inf\u00e2ncia, na interface com as Artes, em especial, com a Dan\u00e7a e o Teatro na primeira inf\u00e2ncia, na forma\u00e7\u00e3o profissional e humana. <\/span><\/span><\/span><\/span><\/p>\n<p class=\"western\" lang=\"en-US\" align=\"left\"><span style=\"color: #000000;\"><span style=\"font-family: 'Times New Roman', serif;\"><span style=\"font-size: medium;\"><span lang=\"pt-BR\"><b>Prof\u00ba ME PEDRO LU\u00cdS RODRIGUES<\/b><\/span><\/span><\/span><\/span><\/p>\n<p class=\"western\" lang=\"en-US\" align=\"left\"><span style=\"color: #000000;\"><span style=\"font-family: 'Times New Roman', serif;\"><span style=\"font-size: medium;\"><span lang=\"pt-BR\"><b>Curr\u00edculo Lattes:<\/b><\/span><\/span><\/span><\/span> <a href=\"http:\/\/lattes.cnpq.br\/2256422760329879\"><span style=\"color: #000000;\"><span style=\"font-family: 'Times New Roman', serif;\"><span style=\"font-size: medium;\"><span lang=\"pt-BR\"><b>http:\/\/lattes.cnpq.br\/2256422760329879<\/b><\/span><\/span><\/span><\/span><\/a><\/p>\n<p class=\"western\" lang=\"en-US\" align=\"left\"><span style=\"color: #000000;\"><span style=\"font-family: 'Times New Roman', serif;\"><span style=\"font-size: medium;\"><span lang=\"pt-BR\">Possui gradua\u00e7\u00e3o em Letras pela Universidade de Sorocaba (1986), gradua\u00e7\u00e3o em Pedagogia &#8211; Faculdades Don Domenico (2005) e mestrado em Filologia e L\u00edngua Portuguesa pela Universidade de S\u00e3o Paulo (2004). Tem experi\u00eancia na \u00e1rea de Lingu\u00edstica, com \u00eanfase em Sociolingu\u00edstica, atuando principalmente nos seguintes temas: educa\u00e7\u00e3o, linguagem, an\u00e1lise do discurso, oralidade, uso e norma. Professor coordenador da bebetecas e salas de leitura da rede municipal de ensino.<\/span><\/span><\/span><\/span><\/p>\n<p class=\"western\" lang=\"en-US\" align=\"left\"><span style=\"color: #000000;\"><span style=\"font-family: 'Times New Roman', serif;\"><span style=\"font-size: medium;\"><span lang=\"pt-BR\"><b>Prof.\u00aa DRA ROSANA MONTEIRO (UFSCAR)<\/b><\/span><\/span><\/span><\/span><\/p>\n<p class=\"western\" lang=\"en-US\" align=\"left\"><span style=\"color: #000000;\"><span style=\"font-family: 'Times New Roman', serif;\"><span style=\"font-size: medium;\"><span lang=\"pt-BR\"><b>Curr\u00edculo Lattes:<\/b><\/span><\/span><\/span><\/span><b> <\/b><a href=\"http:\/\/lattes.cnpq.br\/2567706339313166\"><span style=\"color: #000000;\"><span style=\"font-family: 'Times New Roman', serif;\"><span style=\"font-size: medium;\"><span lang=\"pt-BR\"><u><b>http:\/\/lattes.cnpq.br\/2567706339313166<\/b><\/u><\/span><\/span><\/span><\/span><\/a><\/p>\n<p class=\"western\" lang=\"en-US\" align=\"left\"><span style=\"color: #000000;\"><span style=\"font-family: 'Times New Roman', serif;\"><span style=\"font-size: medium;\"><span lang=\"pt-BR\">Professora Adjunto do Departamento de Ci\u00eancias Humanas e Educa\u00e7\u00e3o da UFSCar\/Sorocaba. Graduada em Pedagogia pela UNESP &#8211; Araraquara (1989-92) , Mestre em Educa\u00e7\u00e3o pela UNICAMP (1993-96) e Doutora em Educa\u00e7\u00e3o pela Universidade Federal de S\u00e3o Carlos (2010). \u00c9 l\u00edder do ETNS &#8211; Grupo de Pesquisa em Educa\u00e7\u00e3o, Territ\u00f3rios Negros e Sa\u00fade, integra o GEPEFH &#8211; Grupo de Estudos e Pesquisas sobre Economia Pol\u00edtica da Educa\u00e7\u00e3o e Forma\u00e7\u00e3o Humana\/UFSCar e o LEAFRO &#8211; Laborat\u00f3rio de Estudos Afrobrasileiros da UFRRJ. Trabalha com temas relacionados \u00e0s pol\u00edticas educacionais, forma\u00e7\u00e3o de profissionais da educa\u00e7\u00e3o para as rela\u00e7\u00f5es \u00e9tnico-raciais.<\/span><\/span><\/span><\/span><\/p>\n<p class=\"western\" lang=\"en-US\" align=\"left\"><span style=\"color: #000000;\"><span style=\"font-family: 'Times New Roman', serif;\"><span style=\"font-size: medium;\"><span lang=\"pt-BR\"><b>Prof.\u00aa SOLANGE GONZALES AMADIO<\/b><\/span><\/span><\/span><\/span><\/p>\n<p class=\"western\" lang=\"en-US\" align=\"left\"><span style=\"color: #000000;\"><span style=\"font-family: 'Times New Roman', serif;\"><span style=\"font-size: medium;\"><span lang=\"pt-BR\">Licenciada em Pedagogia com p\u00f3s-gradua\u00e7\u00e3o em Psicopedagogia e Educa\u00e7\u00e3o Especial. Atua na Educa\u00e7\u00e3o Infantil.<\/span><\/span><\/span><\/span><\/p>\n<p class=\"western\" lang=\"en-US\" align=\"left\"><span style=\"color: #000000;\"><span style=\"font-family: 'Times New Roman', serif;\"><span style=\"font-size: medium;\"><span lang=\"pt-BR\"><b>Prof.\u00aa DRA SUELY MELO <\/b><\/span><\/span><\/span><\/span><\/p>\n<p class=\"western\" lang=\"en-US\" align=\"left\"><span style=\"color: #000000;\"><span style=\"font-family: 'Times New Roman', serif;\"><span style=\"font-size: medium;\"><span lang=\"pt-BR\"><b>Curr\u00edculo Lattes: <a href=\"http:\/\/lattes.cnpq.br\/7002435130701201\">http:\/\/lattes.cnpq.br\/7002435130701201<\/a><\/b><\/span><\/span><\/span><\/span><\/p>\n<p class=\"western\" lang=\"en-US\" align=\"left\"><span style=\"color: #000000;\"><span style=\"font-family: 'Times New Roman', serif;\"><span style=\"font-size: medium;\"><span lang=\"pt-BR\">Possui gradua\u00e7\u00e3o em Letras Modernas pela Universidade Estadual Paulista (1975), mestrado em Educa\u00e7\u00e3o pela Universidade Federal de S\u00e3o Carlos (1981) e doutorado em Educa\u00e7\u00e3o pela Universidade Federal de S\u00e3o Carlos (1996). Atualmente \u00e9 professora do Programa de P\u00f3s-Gradua\u00e7\u00e3o em Educa\u00e7\u00e3o da Faculdade de Filosofia e Ci\u00eancias da Universidade Estadual Paulista \/Unesp-c\u00e2mpus de Mar\u00edlia. Tem experi\u00eancia na \u00e1rea de Educa\u00e7\u00e3o, com \u00eanfase em Educa\u00e7\u00e3o Infantil, atuando principalmente nos seguintes temas: teoria hist\u00f3rico-cultural, aquisi\u00e7\u00e3o da escrita, rela\u00e7\u00e3o teoria e pr\u00e1tica, forma\u00e7\u00e3o de professores e pr\u00e1ticas educativas com crian\u00e7as de 0 a 10 anos. \u00c9 vice-l\u00edder do grupo de pesquisa &amp;quot;Implica\u00e7\u00f5es Pedag\u00f3gicas da Teoria Hist\u00f3rico-Cultural&amp;quot; e coordenadora do Grupo de Estudos em Educa\u00e7\u00e3o Infantil da Faculdade de Filosofia e Ci\u00eancias, Unesp, Mar\u00edlia.<\/span><\/span><\/span><\/span><\/p>\n<p class=\"western\" lang=\"en-US\" align=\"left\"><span style=\"color: #000000;\"><span style=\"font-family: 'Times New Roman', serif;\"><span style=\"font-size: medium;\"><span lang=\"pt-BR\"><b>VANESSA LIMA<\/b><\/span><\/span><\/span><\/span><\/p>\n<p class=\"western\" lang=\"en-US\" align=\"left\"><span style=\"color: #000000;\"><span style=\"font-family: 'Times New Roman', serif;\"><span style=\"font-size: medium;\"><span lang=\"pt-BR\"><b>Curr\u00edculo Lattes: <\/b><\/span><\/span><\/span><\/span><a href=\"http:\/\/lattes.cnpq.br\/8513124779043084\"><span style=\"color: #000000;\"><span style=\"font-family: 'Times New Roman', serif;\"><span style=\"font-size: medium;\"><span lang=\"pt-BR\"><u><b>http:\/\/lattes.cnpq.br\/8513124779043084<\/b><\/u><\/span><\/span><\/span><\/span><\/a><\/p>\n<p class=\"western\" lang=\"en-US\" align=\"left\"><span style=\"color: #000000;\"><span style=\"font-family: 'Times New Roman', serif;\"><span style=\"font-size: medium;\"><span lang=\"pt-BR\">Possui gradua\u00e7\u00e3o em Pedagogia pela Universidade Estadual de Campinas(2014) e ensino-m\u00e9dio-segundo-grau pela Escola Estadual Aur\u00e9lio Arr\u00f4bas Martins(2004). Tem experi\u00eancia na \u00e1rea de Educa\u00e7\u00e3o<\/span><\/span><\/span><\/span><\/p>\n<p class=\"western\" lang=\"en-US\" align=\"left\"><span style=\"color: #000000;\"><span style=\"font-family: 'Times New Roman', serif;\"><span style=\"font-size: medium;\"><span lang=\"pt-BR\"><b>VANIA DE F\u00c1TIMA CAVALHEIRO SINGH<\/b><\/span><\/span><\/span><\/span><\/p>\n<p class=\"western\" lang=\"en-US\" align=\"left\"><span style=\"color: #000000;\"><span style=\"font-family: 'Times New Roman', serif;\"><span style=\"font-size: medium;\"><span lang=\"pt-BR\">Psic\u00f3loga, com Especializa\u00e7\u00e3o Cl\u00ednica Educacional, Formada desde 1984 em Terapia Sist\u00eamica de Casal e Fam\u00edlia. Psicodrama. Atua no atendimento cl\u00ednico desde 1984 e na Prefeitura Municipal de Sorocaba desde 1998. \u00c9 membro da Equipe Multidisciplinar do Centro de Refer\u00eancia em Educa\u00e7\u00e3o.<\/span><\/span><\/span><\/span><\/p>\n<p class=\"western\" lang=\"en-US\" align=\"left\"><span style=\"color: #000000;\"><span style=\"font-family: 'Times New Roman', serif;\"><span style=\"font-size: medium;\"><span lang=\"pt-BR\"><b>Prof.\u00aa DR\u00aa VILMA NISTA-PICCOLO (UNISO)<\/b><\/span><\/span><\/span><\/span><\/p>\n<p class=\"western\" lang=\"en-US\" align=\"left\"><span style=\"color: #000000;\"><span style=\"font-family: 'Times New Roman', serif;\"><span style=\"font-size: medium;\"><span lang=\"pt-BR\"><b>Curr\u00edculo Lattes<\/b><\/span><\/span><\/span><\/span><span style=\"color: #000000;\"><span style=\"font-family: 'Times New Roman', serif;\"><span style=\"font-size: medium;\"><span lang=\"pt-BR\">: <\/span><\/span><\/span><\/span><a href=\"http:\/\/lattes.cnpq.br\/7144740286058457\"><span style=\"color: #000000;\"><span style=\"font-family: 'Times New Roman', serif;\"><span style=\"font-size: medium;\"><span lang=\"pt-BR\"><u>http:\/\/lattes.cnpq.br\/7144740286058457<\/u><\/span><\/span><\/span><\/span><\/a><\/p>\n<p class=\"western\" lang=\"en-US\" align=\"left\"><span style=\"color: #000000;\"><span style=\"font-family: 'Times New Roman', serif;\"><span style=\"font-size: medium;\"><span lang=\"pt-BR\">Licenciada em Educa\u00e7\u00e3o F\u00edsica e Bacharel em Fisioterapia, Mestre em Educa\u00e7\u00e3o e Doutora em Psicologia Educacional pela Universidade Estadual de Campinas. Foi professora da Faculdade de Educa\u00e7\u00e3o F\u00edsica da UNICAMP, onde desenvolveu v\u00e1rios projetos de pesquisa e de extens\u00e3o, criou diferentes grupos de estudo e foi chefe do Departamento de Educa\u00e7\u00e3o Motora. Foi professora titular da Universidade Sao Judas Tadeu, onde criou e coordenou o Programa de P\u00f3s-Gradua\u00e7\u00e3o Stricto Sensu em Educa\u00e7\u00e3o F\u00edsica, sendo a respons\u00e1vel pela implanta\u00e7\u00e3o dos Cursos de Mestrado e Doutorado na \u00e1rea. Tamb\u00e9m implantou o curso de gradua\u00e7\u00e3o em Educa\u00e7\u00e3o F\u00edsica e Esporte da Metrocamp (Campinas), onde criou o Instituto do Esporte. Tem experi\u00eancia com pesquisas e publica\u00e7\u00f5es nas seguintes Linhas de Pesquisa: Cotidiano Escolar, Forma\u00e7\u00e3o Docente, Educa\u00e7\u00e3o voltada \u00e0 Sa\u00fade, Educa\u00e7\u00e3o F\u00edsica escolar, Gin\u00e1stica e Intelig\u00eancia Corporal Cinest\u00e9sica. Desde 2000, quando estudou na Universidade de Harvard, tem desenvolvido alguns estudos sobre as Intelig\u00eancias Humanas. Atualmente integra o Programa de P\u00f3s-Gradua\u00e7\u00e3o em Educa\u00e7\u00e3o da Universidade de Sorocaba. Coordena o Grupo de Pesquisa POTENCIAL, que tem como foco de estudo as diferentes quest\u00f5es que permeiam a forma\u00e7\u00e3o e atua\u00e7\u00e3o docente no cotidiano escolar, os conte\u00fados, m\u00e9todos e os processos de avalia\u00e7\u00e3o desenvolvidos em v\u00e1rios n\u00edveis de ensino, al\u00e9m de identificar a percep\u00e7\u00e3o dos integrantes desse ambiente sobre intelig\u00eancia humana. \u00c9 pesquisadora do CNPq.<\/span><\/span><\/span><\/span><\/p>\n<p class=\"western\" lang=\"en-US\" align=\"left\"><span style=\"color: #000000;\"><span style=\"font-family: 'Times New Roman', serif;\"><span style=\"font-size: medium;\"><span lang=\"pt-BR\"><b>Prof\u00ba WALDEMAR MARQUES(UNISO)<\/b><\/span><\/span><\/span><\/span><\/p>\n<p class=\"western\" lang=\"en-US\" align=\"left\"><span style=\"color: #000000;\"><span style=\"font-family: 'Times New Roman', serif;\"><span style=\"font-size: medium;\"><span lang=\"pt-BR\"><b>Curr\u00edculo Lattes:<\/b><\/span><\/span><\/span><\/span> <a href=\"http:\/\/lattes.cnpq.br\/7844741699088058\"><span style=\"color: #000000;\"><span style=\"font-family: 'Times New Roman', serif;\"><span style=\"font-size: medium;\"><span lang=\"pt-BR\"><u><b>http:\/\/lattes.cnpq.br\/7844741699088058<\/b><\/u><\/span><\/span><\/span><\/span><\/a><\/p>\n<p class=\"western\" lang=\"en-US\" align=\"left\"><span style=\"color: #000000;\"><span style=\"font-family: 'Times New Roman', serif;\"><span style=\"font-size: medium;\"><span lang=\"pt-BR\">Possui gradua\u00e7\u00e3o em Ci\u00eancias Sociais pela Universidade de S\u00e3o Paulo (1970), mestrado em Educa\u00e7\u00e3o pela Universidade Estadual de Campinas (1991) e doutorado em Educa\u00e7\u00e3o pela Universidade Estadual de Campinas (1997). Foi professor associado da Universidade Federal de S\u00e3o Carlos, atualmente aposentado. Tem experi\u00eancia na \u00e1rea de Educa\u00e7\u00e3o, com \u00eanfase Pol\u00edticas P\u00fablicas e Administra\u00e7\u00e3o de Unidades Educativas, focando principalmente os seguintes temas: administra\u00e7\u00e3o de unidades educacionais, pol\u00edticas educacionais, movimentos sociais e educa\u00e7\u00e3o, organiza\u00e7\u00e3o e funcionamento dos sistemas de ensino. Atualmente \u00e9 professor do Programa de P\u00f3s-Gradua\u00e7\u00e3o em Educa\u00e7\u00e3o da Universidade de Sorocaba (UNISO), atuando na \u00e1rea de Educa\u00e7\u00e3o Superior<\/span><\/span><\/span><\/span><\/p>\n<p class=\"western\" lang=\"en-US\" align=\"left\"><span style=\"color: #000000;\"><span style=\"font-family: 'Times New Roman', serif;\"><span style=\"font-size: medium;\"><span lang=\"pt-BR\"><b>WLAD MATOS<\/b><\/span><\/span><\/span><\/span><\/p>\n<p class=\"western\" lang=\"en-US\" align=\"left\"><span style=\"color: #000000;\"><span style=\"font-family: 'Times New Roman', serif;\"><span style=\"font-size: medium;\"><span lang=\"pt-BR\"><b>Curr\u00edculo Lattes: <\/b><\/span><\/span><\/span><\/span><a href=\"http:\/\/lattes.cnpq.br\/9026191880934286\"><span style=\"color: #000000;\"><span style=\"font-family: 'Times New Roman', serif;\"><span style=\"font-size: medium;\"><span lang=\"pt-BR\"><u><b>http:\/\/lattes.cnpq.br\/9026191880934286<\/b><\/u><\/span><\/span><\/span><\/span><\/a><\/p>\n<p class=\"western\" lang=\"en-US\" align=\"left\"><span style=\"color: #000000;\"><span style=\"font-family: 'Times New Roman', serif;\"><span style=\"font-size: medium;\"><span lang=\"pt-BR\">Doutor em M\u00fasica pela UNESP &#8211; Universidade Estadual Paulista J\u00falio de Mesquita Filho, mesma institui\u00e7\u00e3o na qual concluiu o Mestrado e M\u00fasica e o Bacharelado em M\u00fasica, com Habilita\u00e7\u00e3o em Canto. Realiza atividades relacionadas \u00e0s \u00e1reas de pesquisa, educa\u00e7\u00e3o, performance e produ\u00e7\u00e3o musical. Atua h\u00e1 mais de dez anos como docente de gradua\u00e7\u00e3o e extens\u00e3o universit\u00e1ria, com experi\u00eancia na produ\u00e7\u00e3o de eventos cient\u00edficos, educativos, art\u00edsticos e atividades administrativas. No Instituto de Artes da UNESP, atua desde 2006 como professor de disciplinas como Pros\u00f3dia, Dic\u00e7\u00e3o, Fisiologia da Voz, Voz e Express\u00e3o, Linguagem Sonora, An\u00e1lise Musical e Interpreta\u00e7\u00e3o da Can\u00e7\u00e3o de C\u00e2mera. \u00c9 fundador e l\u00edder dos seguintes grupos de estudos UNESP\/CNPq: Express\u00e3o Vocal na Performance Musical (EVPM), Grupo de Estudos da Can\u00e7\u00e3o e M\u00fasica e Aprendizagem (MUS:A). Entre os principais temas de seu interesse, destacam-se: as rela\u00e7\u00f5es entre m\u00fasica e linguagem verbal; pros\u00f3dia e pros\u00f3dia musical nos contextos da m\u00fasica verbal e n\u00e3o verbal; o papel da escuta no desenvolvimento da aprendizagem e das pr\u00e1ticas musicais; os ?modelos de canto? como resultados da aprendizagem, desenvolvimento t\u00e9cnico e expressivo da &#8220;vocalidade&#8221; na m\u00fasica; o par\u00e2metro articulat\u00f3rio do canto e a dic\u00e7\u00e3o l\u00edrica como paradigmas da express\u00e3o vocal na aprendizagem e na produ\u00e7\u00e3o musical. <\/span><\/span><\/span><\/span><\/p>\n<p class=\"western\" lang=\"en-US\" align=\"left\"><span style=\"color: #000000;\"><span style=\"font-family: 'Times New Roman', serif;\"><span style=\"font-size: medium;\"><span lang=\"pt-BR\"><b>PROF.\u00aa YARA GUARIGLIA<\/b><\/span><\/span><\/span><\/span><\/p>\n<p class=\"western\" lang=\"en-US\" align=\"left\"><span style=\"color: #000000;\"><span style=\"font-family: 'Times New Roman', serif;\"><span style=\"font-size: medium;\"><span lang=\"pt-BR\">Professora de Educa\u00e7\u00e3o Infantil na rede municipal de Sorocaba, tendo atuado anteriormente nas redes municipais de Itu, Votorantim e Salto de Pirapora. Atuou paralelamente\u00a0na cl\u00ednica Bem Gerar &#8211; Materninadade e Desenvolvimento ministrando oficinas para beb\u00eas e crian\u00e7as pequenas e palestras para fam\u00edlias, al\u00e9m de criar o grupo\u00a0&#8220;BrincaRocks&#8221;, promovendo encontros com propostas sensoriais\u00a0para fam\u00edlias e beb\u00eas e forma\u00e7\u00f5es para profissionais da Educa\u00e7\u00e3o.<\/span><span lang=\"pt-BR\">Forma\u00e7\u00e3o Acad\u00eamica:<\/span><span lang=\"pt-BR\">P\u00f3s- Gradua\u00e7\u00e3o em Psicopedagogia \u2013 FACREI; Gradua\u00e7\u00e3o em Pedagogia com habilita\u00e7\u00e3o para Educa\u00e7\u00e3o Infantil, S\u00e9ries Iniciais do Ensino Fundamental e Gest\u00e3o Escolar \u2013 UNESP\/UNIVESP (Universidade Estadual Paulista \u201cJ\u00falio de Mesquita Filho\u201d\/ Universidade Virtual do Estado de S\u00e3o Paulo). Conclus\u00e3o em julho de 2013; Formada no Curso Normal (antigo Magist\u00e9rio) \u2013 E.E. Prof. J\u00falio Bierrenbach de Lima \u2013 Conclus\u00e3o em 2003.<\/span><\/span><\/span><\/span><\/p>\n","protected":false},"excerpt":{"rendered":"<p>ADRIANA DOS SANTOS P\u00daBLIO Terapeuta Ocupacional formada pela Universidade de Sorocaba. Psicodramatista, formada pela Escola Brasileira de Psicodrama. T\u00e9cnica em Orienta\u00e7\u00e3o e Mobilidade. Forma\u00e7\u00e3o em Sa\u00fade P\u00fablica pela Faculdade de Sa\u00fade P\u00fablica da USP. Forma\u00e7\u00e3o em Acupuntura pela Faculdade Integras de Minas Gerais. Atua na Prefeitura Municipal de Sorocaba desde 2014. PROF\u00aa. ALDA REGINA ROMAGUERA&nbsp; <a href=\"https:\/\/sorocaba.sp.gov.br\/catalogodecursos\/sobre-os-formadores\/\">&hellip; Leia mais<\/a><\/p>\n","protected":false},"author":12,"featured_media":0,"parent":0,"menu_order":0,"comment_status":"closed","ping_status":"closed","template":"","meta":{"footnotes":""},"class_list":["post-215","page","type-page","status-publish","hentry"],"_links":{"self":[{"href":"https:\/\/sorocaba.sp.gov.br\/catalogodecursos\/wp-json\/wp\/v2\/pages\/215","targetHints":{"allow":["GET"]}}],"collection":[{"href":"https:\/\/sorocaba.sp.gov.br\/catalogodecursos\/wp-json\/wp\/v2\/pages"}],"about":[{"href":"https:\/\/sorocaba.sp.gov.br\/catalogodecursos\/wp-json\/wp\/v2\/types\/page"}],"author":[{"embeddable":true,"href":"https:\/\/sorocaba.sp.gov.br\/catalogodecursos\/wp-json\/wp\/v2\/users\/12"}],"replies":[{"embeddable":true,"href":"https:\/\/sorocaba.sp.gov.br\/catalogodecursos\/wp-json\/wp\/v2\/comments?post=215"}],"version-history":[{"count":1,"href":"https:\/\/sorocaba.sp.gov.br\/catalogodecursos\/wp-json\/wp\/v2\/pages\/215\/revisions"}],"predecessor-version":[{"id":217,"href":"https:\/\/sorocaba.sp.gov.br\/catalogodecursos\/wp-json\/wp\/v2\/pages\/215\/revisions\/217"}],"wp:attachment":[{"href":"https:\/\/sorocaba.sp.gov.br\/catalogodecursos\/wp-json\/wp\/v2\/media?parent=215"}],"curies":[{"name":"wp","href":"https:\/\/api.w.org\/{rel}","templated":true}]}}