{"id":83,"date":"2016-02-04T14:01:42","date_gmt":"2016-02-04T14:01:42","guid":{"rendered":"http:\/\/sorocaba.sp.gov.br\/planodeformacao\/?page_id=83"},"modified":"2016-02-04T17:18:15","modified_gmt":"2016-02-04T17:18:15","slug":"catalogo-de-cursos","status":"publish","type":"page","link":"https:\/\/sorocaba.sp.gov.br\/catalogodecursos\/","title":{"rendered":"Cat\u00e1logo de cursos"},"content":{"rendered":"<p class=\"western\" lang=\"en-US\" align=\"left\"><span style=\"color: #000000;\"><span style=\"font-family: Arial, sans-serif;\"><span style=\"font-size: small;\"><span lang=\"pt-BR\">A Secretaria da Educa\u00e7\u00e3o, por meio do Programa Escola da Escola e da Diretoria de \u00c1rea de Gest\u00e3o Pedag\u00f3gica (DAGP), com a colabora\u00e7\u00e3o da Comiss\u00e3o para Elabora\u00e7\u00e3o de Propostas para Pol\u00edtica P\u00fablica de Forma\u00e7\u00e3o Continuada, nomeada pela Portaria SEDU n\u00ba 40\/2015, em atendimento ao Decreto n\u00ba 22.119, de 28\/12\/2015, que disp\u00f5e sobre o Sistema de Capacita\u00e7\u00e3o Profissional \u2013 SICAPRO, divulga o <\/span><span lang=\"pt-BR\"><i><b>Cat\u00e1logo de Cursos de Livre Escolha<\/b><\/i><\/span><span lang=\"pt-BR\"> que ser\u00e3o realizados no primeiro semestre de 2016. As propostas foram articuladas com os demais Programas e Projetos da Secretaria, bem como com a Se\u00e7\u00e3o de Apoio \u00e0 Forma\u00e7\u00e3o e apresentam os desdobramentos evidenciados pelos processos de Avalia\u00e7\u00e3o Institucional e, pela an\u00e1lise qualitativa da pesquisa encaminhada \u00e0s Institui\u00e7\u00f5es Educacionais em conson\u00e2ncia com as Diretrizes da Secretaria da Educa\u00e7\u00e3o e demais indicadores. Os temas priorizados consideram: a) Curr\u00edculo; b) Gest\u00e3o Democr\u00e1tica; c) Concep\u00e7\u00e3o de Inf\u00e2ncia; d) Fun\u00e7\u00e3o social da escola; e) Avalia\u00e7\u00e3o e ser\u00e3o discutidos, por meio de cursos, palestras, rodas de conversa, oficinas e demais estrat\u00e9gias formativas que possibilitem a qualifica\u00e7\u00e3o dos profissionais, a (res)significa\u00e7\u00e3o de saberes e a reflex\u00e3o sobre a pr\u00e1tica educativa. <\/span><\/span><\/span><\/span><\/p>\n<p class=\"western\" lang=\"en-US\" align=\"left\"><span style=\"color: #000000;\"><span style=\"font-family: Arial, sans-serif;\"><span style=\"font-size: small;\"><span lang=\"pt-PT\"><b>Orienta\u00e7\u00f5es gerais <\/b><\/span><\/span><\/span><\/span><\/p>\n<p class=\"western\" lang=\"en-US\" align=\"left\"><span style=\"color: #000000;\"><span style=\"font-family: Arial, sans-serif;\"><span style=\"font-size: small;\"><span lang=\"pt-PT\">A Secretaria Municipal de Educa\u00e7\u00e3o, no uso de suas atribui\u00e7\u00f5es, considerando a necessidade de regulamentar a oferta de cursos de Forma\u00e7\u00e3o Continuada, oferecidos na Modalidade \u201c<\/span><span lang=\"pt-PT\"><i><b>Livre Escolha<\/b><\/i><\/span><span lang=\"pt-PT\"> \u201c e, tamb\u00e9m,considerando o Decreto n\u00ba 22119 de 28 de dezembro de 2015, expede as seguintes orienta\u00e7\u00f5es:<\/span><\/span><\/span><\/span><\/p>\n<p class=\"western\" lang=\"en-US\" align=\"left\"><span style=\"color: #000000;\"><span style=\"font-family: Arial, sans-serif;\"><span style=\"font-size: small;\"><span lang=\"pt-PT\"><b>I &#8211; Da divulga\u00e7\u00e3o <\/b><\/span><\/span><\/span><\/span><\/p>\n<ol>\n<li>\n<p class=\"western\" lang=\"en-US\" align=\"left\"><span style=\"color: #000000;\"><span style=\"font-family: Arial, sans-serif;\"><span style=\"font-size: small;\"><span lang=\"pt-PT\">Os cursos ser\u00e3o divulgados pela secretaria da Educa\u00e7\u00e3o, por meio do <\/span><span lang=\"pt-PT\"><i>Programa Escola da Escola,<\/i><\/span><span lang=\"pt-PT\"> em comunicado pr\u00f3prio, expedido pela Diretoria de \u00c1rea de Gest\u00e3o Pedag\u00f3gica (DAGP);<\/span><\/span><\/span><\/span><\/p>\n<\/li>\n<li>\n<p class=\"western\" lang=\"en-US\" align=\"left\"><span style=\"color: #000000;\"><span style=\"font-family: Arial, sans-serif;\"><span style=\"font-size: small;\"><span lang=\"pt-PT\">As ofertas ficar\u00e3o dispon\u00edveis tamb\u00e9m no site da Secretaria da Educa\u00e7\u00e3o: <\/span><\/span><\/span><\/span><span style=\"color: #000080;\"><span lang=\"zxx\"><a href=\"http:\/\/educacao.sorocaba.sp.gov.br\/\"><span style=\"color: #000000;\"><span style=\"font-family: Arial, sans-serif;\"><span style=\"font-size: small;\"><span lang=\"pt-PT\">educacao.sorocaba.sp.gov.br<\/span><\/span><\/span><\/span><\/a><\/span><\/span><\/p>\n<\/li>\n<li>\n<p class=\"western\" lang=\"en-US\" align=\"left\"><span style=\"color: #000000;\"><span style=\"font-family: Arial, sans-serif;\"><span style=\"font-size: small;\"><span lang=\"pt-PT\">\u00c9 de responsabilidade do diretor ou, na sua aus\u00eancia, de outros integrantes da equipe gestora da Institui\u00e7\u00e3o Educacional divulgar e dar ci\u00eancia aos profissionais de sua Institui\u00e7\u00e3o;<\/span><\/span><\/span><\/span><\/p>\n<\/li>\n<\/ol>\n<p class=\"western\" lang=\"pt-PT\" align=\"left\"><span style=\"color: #000000;\"><span style=\"font-family: Arial, sans-serif;\"><span style=\"font-size: small;\"><span lang=\"pt-PT\"><b>II &#8211; Da inscri\u00e7\u00e3o <\/b><\/span><\/span><\/span><\/span><\/p>\n<ol start=\"4\">\n<li>\n<p class=\"western\" lang=\"en-US\" align=\"left\"><span style=\"color: #000000;\"><span style=\"font-family: Arial, sans-serif;\"><span style=\"font-size: small;\"><span lang=\"pt-PT\">As inscri\u00e7\u00f5es para os cursos dever\u00e3o ser realizadas pelo sistema, em formul\u00e1rio pr\u00f3prio, com endere\u00e7o dispon\u00edvel em cada comunicado expedido pela Diretoria de \u00c1rea de Gest\u00e3o Pedag\u00f3gica (DAGP);<\/span><\/span><\/span><\/span><\/p>\n<\/li>\n<li>\n<p class=\"western\" lang=\"en-US\" align=\"left\"><span style=\"color: #000000;\"><span style=\"font-family: Arial, sans-serif;\"><span style=\"font-size: small;\"><span lang=\"pt-PT\">As vagas ser\u00e3o preenchidas atendendo ao p\u00fablico alvo e a ordem de inscri\u00e7\u00e3o, respeitando o limite de vagas de cada curso .<\/span><\/span><\/span><\/span><\/p>\n<\/li>\n<li>\n<p class=\"western\" lang=\"en-US\" align=\"left\"><span style=\"color: #000000;\"><span style=\"font-family: Arial, sans-serif;\"><span style=\"font-size: small;\"><span lang=\"pt-PT\">O formul\u00e1rio para inscri\u00e7\u00e3o ser\u00e1 bloqueado, ap\u00f3s ter esgotado o n\u00famero de vagas de cada curso. A lista com os inscritos estar\u00e1 dispon\u00edvel no site da Secretaria da Educa\u00e7\u00e3o : <\/span><\/span><\/span><\/span><span style=\"color: #000080;\"><span lang=\"zxx\"><u><a href=\"http:\/\/educacao.sorocaba.sp.gov.br\/\"><span style=\"color: #000000;\"><span style=\"font-family: Arial, sans-serif;\"><span style=\"font-size: small;\"><span lang=\"pt-PT\">educacao.sorocaba.sp.gov.br<\/span><\/span><\/span><\/span><\/a><\/u><\/span><\/span><\/p>\n<\/li>\n<\/ol>\n<p class=\"western\" lang=\"en-US\" align=\"left\"><span style=\"color: #000000;\"><span style=\"font-family: Arial, sans-serif;\"><span style=\"font-size: small;\"><span lang=\"pt-PT\"><b>III- Do cancelamento \/desist\u00eancia <\/b><\/span><\/span><\/span><\/span><\/p>\n<ol start=\"7\">\n<li>\n<p class=\"western\" lang=\"en-US\" align=\"left\"><span style=\"color: #000000;\"><span style=\"font-family: Arial, sans-serif;\"><span style=\"font-size: small;\"><span lang=\"pt-PT\">O servidor que necessitar cancelar sua inscri\u00e7\u00e3o, dever\u00e1 faz\u00ea-lo, com justificativa, encaminhada para o e-mail <\/span><\/span><\/span><\/span><span style=\"color: #000080;\"><span lang=\"zxx\"><a href=\"mailto:escoladaescola@sorocaba.sp.gov.br\"><span style=\"color: #000000;\"><span style=\"font-family: Arial, sans-serif;\"><span style=\"font-size: small;\"><span lang=\"pt-PT\">escoladaescola@sorocaba.sp.gov.br<\/span><\/span><\/span><\/span><\/a><\/span><\/span><span style=\"color: #000000;\"><span style=\"font-family: Arial, sans-serif;\"><span style=\"font-size: small;\"><span lang=\"pt-PT\"> at\u00e9 48 horas antes do in\u00edcio do curso. O n\u00e3o atendimento a essa orienta\u00e7\u00e3o acarretar\u00e1 an\u00e1lise de inscri\u00e7\u00f5es posteriores.<\/span><\/span><\/span><\/span><\/p>\n<\/li>\n<\/ol>\n<p class=\"western\" lang=\"en-US\" align=\"left\"><span style=\"color: #000000;\"><span style=\"font-family: Arial, sans-serif;\"><span style=\"font-size: small;\"><span lang=\"pt-PT\"><b>IV- Da frequ\u00eancia e certifica\u00e7\u00e3o <\/b><\/span><\/span><\/span><\/span><\/p>\n<ol start=\"8\">\n<li>\n<p class=\"western\" lang=\"en-US\" align=\"left\"><span style=\"color: #000000;\"><span style=\"font-family: Arial, sans-serif;\"><span style=\"font-size: small;\"><span lang=\"pt-PT\">O servidor, no primeiro dia do curso, dever\u00e1 conferir seus dados na lista de presen\u00e7a para emiss\u00e3o do certificado.<\/span><\/span><\/span><\/span><\/p>\n<\/li>\n<li>\n<p class=\"western\" lang=\"en-US\" align=\"left\"><span style=\"color: #000000;\"><span style=\"font-family: Arial, sans-serif;\"><span style=\"font-size: small;\"><span lang=\"pt-PT\">Os certificados ser\u00e3o emitidos com a carga hor\u00e1ria especifica de cada curso e mediante a comprova\u00e7\u00e3o de frequ\u00eancia de 80% (oitenta por cento) de presen\u00e7a. <\/span><\/span><\/span><\/span><\/p>\n<\/li>\n<li>\n<p class=\"western\" lang=\"en-US\" align=\"left\"><span style=\"color: #000000;\"><span style=\"font-family: Arial, sans-serif;\"><span style=\"font-size: small;\"><span lang=\"pt-PT\">Os certificados ser\u00e3o emitidos pela Escola de Gest\u00e3o P\u00fablica ( EGP).<\/span><\/span><\/span><\/span><\/p>\n<\/li>\n<li>\n<p class=\"western\" lang=\"en-US\" align=\"left\"><span style=\"color: #000000;\"><span style=\"font-family: Arial, sans-serif;\"><span style=\"font-size: small;\"><span lang=\"pt-PT\">Casos omissos a essas orienta\u00e7\u00f5es ser\u00e3o analisados e avaliados pela Secretaria da Educa\u00e7\u00e3o.<\/span><\/span><\/span><\/span><\/p>\n<\/li>\n<\/ol>\n","protected":false},"excerpt":{"rendered":"<p>A Secretaria da Educa\u00e7\u00e3o, por meio do Programa Escola da Escola e da Diretoria de \u00c1rea de Gest\u00e3o Pedag\u00f3gica (DAGP), com a colabora\u00e7\u00e3o da Comiss\u00e3o para Elabora\u00e7\u00e3o de Propostas para Pol\u00edtica P\u00fablica de Forma\u00e7\u00e3o Continuada, nomeada pela Portaria SEDU n\u00ba 40\/2015, em atendimento ao Decreto n\u00ba 22.119, de 28\/12\/2015, que disp\u00f5e sobre o Sistema de&nbsp; <a href=\"https:\/\/sorocaba.sp.gov.br\/catalogodecursos\/\">&hellip; Leia mais<\/a><\/p>\n","protected":false},"author":12,"featured_media":0,"parent":0,"menu_order":0,"comment_status":"closed","ping_status":"closed","template":"","meta":{"footnotes":""},"class_list":["post-83","page","type-page","status-publish","hentry"],"_links":{"self":[{"href":"https:\/\/sorocaba.sp.gov.br\/catalogodecursos\/wp-json\/wp\/v2\/pages\/83","targetHints":{"allow":["GET"]}}],"collection":[{"href":"https:\/\/sorocaba.sp.gov.br\/catalogodecursos\/wp-json\/wp\/v2\/pages"}],"about":[{"href":"https:\/\/sorocaba.sp.gov.br\/catalogodecursos\/wp-json\/wp\/v2\/types\/page"}],"author":[{"embeddable":true,"href":"https:\/\/sorocaba.sp.gov.br\/catalogodecursos\/wp-json\/wp\/v2\/users\/12"}],"replies":[{"embeddable":true,"href":"https:\/\/sorocaba.sp.gov.br\/catalogodecursos\/wp-json\/wp\/v2\/comments?post=83"}],"version-history":[{"count":4,"href":"https:\/\/sorocaba.sp.gov.br\/catalogodecursos\/wp-json\/wp\/v2\/pages\/83\/revisions"}],"predecessor-version":[{"id":145,"href":"https:\/\/sorocaba.sp.gov.br\/catalogodecursos\/wp-json\/wp\/v2\/pages\/83\/revisions\/145"}],"wp:attachment":[{"href":"https:\/\/sorocaba.sp.gov.br\/catalogodecursos\/wp-json\/wp\/v2\/media?parent=83"}],"curies":[{"name":"wp","href":"https:\/\/api.w.org\/{rel}","templated":true}]}}