{"id":51,"date":"2015-07-29T11:46:20","date_gmt":"2015-07-29T11:46:20","guid":{"rendered":"http:\/\/sorocaba.sp.gov.br\/primeirainfancia\/?page_id=51"},"modified":"2016-09-21T13:16:46","modified_gmt":"2016-09-21T13:16:46","slug":"51-2","status":"publish","type":"page","link":"https:\/\/sorocaba.sp.gov.br\/primeirainfancia\/51-2\/","title":{"rendered":"Documentos"},"content":{"rendered":"<p><a class=\"btn btn-default btn-lg btn-block\" href=\"http:\/\/sorocaba.sp.gov.br\/primeirainfancia\/wp-content\/uploads\/sites\/51\/2015\/07\/Plano-Municipal-da-Primeira-Infancia_A4_.pdf\" target=\"_blank\">Plano Municipal pela Primeira Inf\u00e2ncia \u2013 documento final<\/a><\/p>\n<p><a class=\"btn btn-default btn-lg btn-block\" href=\"http:\/\/sorocaba.sp.gov.br\/primeirainfancia\/wp-content\/uploads\/sites\/51\/2015\/07\/PLANO-MUNICIPAL-PELA-PRIMEIRA-INFANCIA-VERSAO-PRELIMINAR-NAO-OFICIAL.pdf\" target=\"_blank\">Plano Municipal Pela Primeira Inf\u00e2ncia Vers\u00e3o Preliminar N\u00e3o Oficial<\/a><\/p>\n<p><a class=\"btn btn-default btn-lg btn-block\" href=\"http:\/\/sorocaba.sp.gov.br\/primeirainfancia\/wp-content\/uploads\/sites\/51\/2015\/07\/Decreto-21749-2015-criacao-do-comite.pdf\" target=\"_blank\">Decreto 21749 2015 &#8211; Cria\u00e7\u00e3o do Comit\u00ea<\/a><\/p>\n<p><a class=\"btn btn-default btn-lg btn-block\" href=\"http:\/\/sorocaba.sp.gov.br\/primeirainfancia\/wp-content\/uploads\/sites\/51\/2015\/07\/metas-estrategicas-do-plano-municipal-de-educacao.pdf\" target=\"_blank\">Metas estrat\u00e9gicas do Plano Municipal de Educacao<\/a><\/p>\n<p><a class=\"btn btn-default btn-lg btn-block\" href=\"http:\/\/sorocaba.sp.gov.br\/primeirainfancia\/wp-content\/uploads\/sites\/51\/2015\/07\/SUGESTOES-APRESENTADAS-NA-3-OFICINA-DA-PRIMEIRA-INFANCIA.docx\" target=\"_blank\">Sugest\u00f5es apresentadas na 3\u00aa Oficina da Primeira Inf\u00e2ncia<\/a><\/p>\n<p><a class=\"btn btn-default btn-lg btn-block\" href=\"http:\/\/sorocaba.sp.gov.br\/primeirainfancia\/wp-content\/uploads\/sites\/51\/2015\/07\/Contribuicoes-das-Instituicoes-de-Educacao-Infantil.doc\" target=\"_blank\">Contribui\u00e7\u00f5es das institui\u00e7\u00f5es de Educa\u00e7\u00e3o Infantil do Munic\u00edpio de Sorocaba<\/a><\/p>\n<p><a class=\"btn btn-default btn-lg btn-block\" href=\"http:\/\/sorocaba.sp.gov.br\/primeirainfancia\/wp-content\/uploads\/sites\/51\/2015\/07\/CONTRIBUICOES-ENVIADAS-ATE-28-DE-SETEMBRO.doc\" target=\"_blank\">Contribui\u00e7\u00f5es enviadas at\u00e9 28 de Setembro<\/a><\/p>\n<p><a class=\"btn btn-default btn-lg btn-block\" href=\"http:\/\/sorocaba.sp.gov.br\/primeirainfancia\/wp-content\/uploads\/sites\/51\/2015\/07\/contribuicoes-orientadores-pedagogicos.doc\" target=\"_blank\">Contribui\u00e7\u00f5es dos Orientadores Pedag\u00f3gicos<\/a><\/p>\n<p><a class=\"btn btn-default btn-lg btn-block\" href=\"http:\/\/sorocaba.sp.gov.br\/primeirainfancia\/wp-content\/uploads\/sites\/51\/2015\/07\/Contribuicoes-dos-participantes-da-4-oficina.pdf\" target=\"_blank\">Contribui\u00e7\u00f5es dos Participantes da 4\u00aa Oficina<\/a><\/p>\n<p><a class=\"btn btn-default btn-lg btn-block\" href=\"http:\/\/sorocaba.sp.gov.br\/primeirainfancia\/wp-content\/uploads\/sites\/51\/2015\/07\/CONTRIBUICOES-ENVIADAS-ATE-28-DE-SETEMBRO.pdf\" target=\"_blank\">Contribui\u00e7\u00f5es Enviadas at\u00e9 28 de Setembro <\/a><\/p>\n","protected":false},"excerpt":{"rendered":"<p>Plano Municipal pela Primeira Inf\u00e2ncia \u2013 documento final Plano Municipal Pela Primeira Inf\u00e2ncia Vers\u00e3o Preliminar N\u00e3o Oficial Decreto 21749 2015 &#8211; Cria\u00e7\u00e3o do Comit\u00ea Metas estrat\u00e9gicas do Plano Municipal de Educacao Sugest\u00f5es apresentadas na 3\u00aa Oficina da Primeira Inf\u00e2ncia Contribui\u00e7\u00f5es das institui\u00e7\u00f5es de Educa\u00e7\u00e3o Infantil do Munic\u00edpio de Sorocaba Contribui\u00e7\u00f5es enviadas at\u00e9 28 de Setembro&nbsp; <a href=\"https:\/\/sorocaba.sp.gov.br\/primeirainfancia\/51-2\/\">&hellip; Leia mais<\/a><\/p>\n","protected":false},"author":12,"featured_media":0,"parent":0,"menu_order":0,"comment_status":"open","ping_status":"open","template":"page-sidebar-left.php","meta":{"footnotes":""},"class_list":["post-51","page","type-page","status-publish","hentry"],"_links":{"self":[{"href":"https:\/\/sorocaba.sp.gov.br\/primeirainfancia\/wp-json\/wp\/v2\/pages\/51","targetHints":{"allow":["GET"]}}],"collection":[{"href":"https:\/\/sorocaba.sp.gov.br\/primeirainfancia\/wp-json\/wp\/v2\/pages"}],"about":[{"href":"https:\/\/sorocaba.sp.gov.br\/primeirainfancia\/wp-json\/wp\/v2\/types\/page"}],"author":[{"embeddable":true,"href":"https:\/\/sorocaba.sp.gov.br\/primeirainfancia\/wp-json\/wp\/v2\/users\/12"}],"replies":[{"embeddable":true,"href":"https:\/\/sorocaba.sp.gov.br\/primeirainfancia\/wp-json\/wp\/v2\/comments?post=51"}],"version-history":[{"count":15,"href":"https:\/\/sorocaba.sp.gov.br\/primeirainfancia\/wp-json\/wp\/v2\/pages\/51\/revisions"}],"predecessor-version":[{"id":91,"href":"https:\/\/sorocaba.sp.gov.br\/primeirainfancia\/wp-json\/wp\/v2\/pages\/51\/revisions\/91"}],"wp:attachment":[{"href":"https:\/\/sorocaba.sp.gov.br\/primeirainfancia\/wp-json\/wp\/v2\/media?parent=51"}],"curies":[{"name":"wp","href":"https:\/\/api.w.org\/{rel}","templated":true}]}}